{"id":6606,"date":"2023-11-07T09:41:44","date_gmt":"2023-11-07T08:41:44","guid":{"rendered":"https:\/\/edu-staging.millywilly.website\/?page_id=6606"},"modified":"2023-12-09T09:21:55","modified_gmt":"2023-12-09T08:21:55","slug":"histoire","status":"publish","type":"page","link":"https:\/\/educationsuisse.ch\/fr\/schweizerschulen-im-ausland\/geschichte\/","title":{"rendered":"Histoire"},"content":{"rendered":"<p>Vous trouverez ci-dessous une s\u00e9lection de moments forts de l'histoire des \u00e9coles suisses \u00e0 l'\u00e9tranger :<\/p>\n\n\n\n<ul class=\"wp-block-list\">\n<li>En 1839, la premi\u00e8re \u00e9cole suisse \u00e0 l'\u00e9tranger a \u00e9t\u00e9 fond\u00e9e \u00e0 Naples ; elle a \u00e9t\u00e9 ferm\u00e9e en 1984.<\/li>\n\n\n\n<li>Jusqu'au d\u00e9but des ann\u00e9es 1970, il y avait deux \u00e9coles en \u00c9gypte : \u00e0 Alexandrie (1921-1971) et au Caire (1929-1970). Ces \u00e9coles sont r\u00e9v\u00e9latrices de l'\u00e2ge d'or des entreprises suisses de l'\u00e9poque. <\/li>\n\n\n\n<li>A Florence et \u00e0 Rome, o\u00f9 de nombreux enfants suisses fr\u00e9quentaient des \u00e9coles allemandes, les exp\u00e9riences des ann\u00e9es 1930 et 1940 ont fait na\u00eetre le souhait de cr\u00e9er des \u00e9coles propres. <\/li>\n\n\n\n<li>L'\u00e9cole de Barcelone, fond\u00e9e en 1919, a un pass\u00e9 mouvement\u00e9 : elle a m\u00eame d\u00fb fermer temporairement ses portes pendant la guerre civile espagnole. Apr\u00e8s la Seconde Guerre mondiale, elle a toutefois connu un essor r\u00e9jouissant.<\/li>\n\n\n\n<li>En Am\u00e9rique du Sud, les premi\u00e8res \u00e9coles cr\u00e9\u00e9es furent celles de Santiago du Chili, Lima et Bogot\u00e1. L'\u00e9cole suisse de Santiago a \u00e9t\u00e9 fond\u00e9e en 1939 comme alternative antifasciste \u00e0 l'\u00e9cole allemande. <\/li>\n\n\n\n<li>Dans les ann\u00e9es 1960, les \u00e9coles suisses ont \u00e9t\u00e9 fond\u00e9es \u00e0 Rio de Janeiro. <em>(depuis 2007, Swiss International School du groupe de formation Kalaidos)<\/em> et S\u00e3o Paulo, ainsi qu'\u00e0 Mexico. A cette \u00e9poque, d'importantes succursales de l'\u00e9conomie suisse se trouvaient au Br\u00e9sil, ce qui a permis aux colonies suisses de s'agrandir rapidement. En 1980, une autre \u00e9cole a ouvert ses portes au Br\u00e9sil : l'\u00e9cole suisse de Curitiba.<\/li>\n\n\n\n<li>En 1992, l'Ecole suisse de Mexico a fond\u00e9 sa premi\u00e8re \u00e9cole filiale \u00e0 Cuernavaca et, 15 ans plus tard, une deuxi\u00e8me \u00e0 Quer\u00e9taro.<\/li>\n\n\n\n<li>En 2012, la German Swiss International School (GSIS) \u00e0 Accra, la capitale du Ghana, a renonc\u00e9 \u00e0 \u00eatre reconnue comme \u00e9cole suisse. La communaut\u00e9 des Suisses\u00b7ses de l'\u00e9tranger \u00e0 Accra s'\u00e9tait tellement r\u00e9duite ces derni\u00e8res ann\u00e9es qu'il n'y avait plus d'engagement suisse local.<\/li>\n\n\n\n<li>En 2017, la Swiss School Beijing a ouvert ses portes. L'enseignement a alors d\u00e9but\u00e9 avec une classe de 8 enfants ; aujourd'hui, elle compte 30 \u00e9l\u00e8ves.<\/li>\n\n\n\n<li>En 2023, l'\u00e9cole suisse de Cadorago, ouverte en 2011, a \u00e9t\u00e9 reprise par Rahn Education Schweizer Schulen AG. Depuis lors, l'\u00e9cole pr\u00e8s de C\u00f4me ne fait plus partie de l'organisation fa\u00eeti\u00e8re des \u00e9coles suisses \u00e0 l'\u00e9tranger educationsuisse.<\/li>\n<\/ul>\n\n\n\n<div class=\"wp-block-buttons is-layout-flex wp-block-buttons-is-layout-flex\">\n<div class=\"wp-block-button\"><a class=\"wp-block-button__link wp-element-button\" href=\"https:\/\/educationsuisse.ch\/fr\/ecoles\/\">Les \u00e9coles suisses aujourd'hui<\/a><\/div>\n<\/div>","protected":false},"excerpt":{"rendered":"<p>Vous trouverez ci-dessous une s\u00e9lection de moments forts de l'histoire des \u00e9coles suisses \u00e0 l'\u00e9tranger :<\/p>","protected":false},"author":22,"featured_media":0,"parent":369,"menu_order":0,"comment_status":"closed","ping_status":"closed","template":"","meta":{"_acf_changed":false,"footnotes":""},"rubriken":[294],"class_list":["post-6606","page","type-page","status-publish","hentry","rubriken-schweizerschulen"],"acf":[],"_links":{"self":[{"href":"https:\/\/educationsuisse.ch\/fr\/wp-json\/wp\/v2\/pages\/6606","targetHints":{"allow":["GET"]}}],"collection":[{"href":"https:\/\/educationsuisse.ch\/fr\/wp-json\/wp\/v2\/pages"}],"about":[{"href":"https:\/\/educationsuisse.ch\/fr\/wp-json\/wp\/v2\/types\/page"}],"author":[{"embeddable":true,"href":"https:\/\/educationsuisse.ch\/fr\/wp-json\/wp\/v2\/users\/22"}],"replies":[{"embeddable":true,"href":"https:\/\/educationsuisse.ch\/fr\/wp-json\/wp\/v2\/comments?post=6606"}],"version-history":[{"count":11,"href":"https:\/\/educationsuisse.ch\/fr\/wp-json\/wp\/v2\/pages\/6606\/revisions"}],"predecessor-version":[{"id":8860,"href":"https:\/\/educationsuisse.ch\/fr\/wp-json\/wp\/v2\/pages\/6606\/revisions\/8860"}],"up":[{"embeddable":true,"href":"https:\/\/educationsuisse.ch\/fr\/wp-json\/wp\/v2\/pages\/369"}],"wp:attachment":[{"href":"https:\/\/educationsuisse.ch\/fr\/wp-json\/wp\/v2\/media?parent=6606"}],"wp:term":[{"taxonomy":"rubriken","embeddable":true,"href":"https:\/\/educationsuisse.ch\/fr\/wp-json\/wp\/v2\/rubriken?post=6606"}],"curies":[{"name":"wp","href":"https:\/\/api.w.org\/{rel}","templated":true}]}}