{"id":6594,"date":"2023-11-07T09:24:58","date_gmt":"2023-11-07T08:24:58","guid":{"rendered":"https:\/\/edu-staging.millywilly.website\/?page_id=6594"},"modified":"2026-03-30T09:48:21","modified_gmt":"2026-03-30T07:48:21","slug":"organes","status":"publish","type":"page","link":"https:\/\/educationsuisse.ch\/fr\/uber-educationsuisse\/organe\/","title":{"rendered":"Organes"},"content":{"rendered":"<p><strong>Les organes d'educationsuisse, l'association fa\u00eeti\u00e8re des \u00e9coles suisses \u00e0 l'\u00e9tranger, constituent la structure de l'association. Parmi ces organes figurent le comit\u00e9, les membres de l'association et le secr\u00e9tariat, dont le si\u00e8ge est \u00e0 Berne, ainsi que l'organe de r\u00e9vision.<\/strong><\/p>\n\n\n\n<figure class=\"wp-block-image size-large\"><img fetchpriority=\"high\" decoding=\"async\" width=\"1024\" height=\"683\" src=\"https:\/\/educationsuisse.ch\/wp-content\/uploads\/2025\/04\/MOS4748-1024x683.jpg\" alt=\"Comit\u00e9 directeur d&#039;educationsuisse Ecoles suisses \u00e0 l&#039;\u00e9tranger\" class=\"wp-image-10879\" srcset=\"https:\/\/educationsuisse.ch\/wp-content\/uploads\/2025\/04\/MOS4748-1024x683.jpg 1024w, https:\/\/educationsuisse.ch\/wp-content\/uploads\/2025\/04\/MOS4748-300x200.jpg 300w, https:\/\/educationsuisse.ch\/wp-content\/uploads\/2025\/04\/MOS4748-768x512.jpg 768w, https:\/\/educationsuisse.ch\/wp-content\/uploads\/2025\/04\/MOS4748-1536x1024.jpg 1536w, https:\/\/educationsuisse.ch\/wp-content\/uploads\/2025\/04\/MOS4748-2048x1365.jpg 2048w, https:\/\/educationsuisse.ch\/wp-content\/uploads\/2025\/04\/MOS4748-18x12.jpg 18w\" sizes=\"(max-width: 1024px) 100vw, 1024px\" \/><figcaption class=\"wp-element-caption\">Devant, de g. \u00e0 d. : Bettina Diem, Simona Brizzi, Sibylle Nathalie Gisi, Heinz Rhyn (pr\u00e9sident), Serge K\u00fcnzler, Nicole Meier, Elena Legler Donadoni et Barbara St\u00e4uble<br>Derri\u00e8re, de g. \u00e0 d. : Martin Hutzli, David Vitali (OFC), Michele Malizia, Pascal Affolter, J\u00f6rg Wiedenbach et Maurus Sommerer<br>Manque sur la photo : Filippo Lombardi, Matthias Michel et Fiona H\u00e4usler (OFC)<\/figcaption><\/figure>","protected":false},"excerpt":{"rendered":"<p>Les organes d'educationsuisse, l'association fa\u00eeti\u00e8re des \u00e9coles suisses \u00e0 l'\u00e9tranger, constituent la structure de l'association. Parmi ces organes figurent le comit\u00e9, les membres de l'association et le secr\u00e9tariat, dont le si\u00e8ge est \u00e0 Berne, ainsi que l'organe de r\u00e9vision.<\/p>","protected":false},"author":22,"featured_media":0,"parent":379,"menu_order":0,"comment_status":"closed","ping_status":"closed","template":"","meta":{"_acf_changed":false,"footnotes":""},"rubriken":[293],"class_list":["post-6594","page","type-page","status-publish","hentry","rubriken-ueber-uns"],"acf":[],"_links":{"self":[{"href":"https:\/\/educationsuisse.ch\/fr\/wp-json\/wp\/v2\/pages\/6594","targetHints":{"allow":["GET"]}}],"collection":[{"href":"https:\/\/educationsuisse.ch\/fr\/wp-json\/wp\/v2\/pages"}],"about":[{"href":"https:\/\/educationsuisse.ch\/fr\/wp-json\/wp\/v2\/types\/page"}],"author":[{"embeddable":true,"href":"https:\/\/educationsuisse.ch\/fr\/wp-json\/wp\/v2\/users\/22"}],"replies":[{"embeddable":true,"href":"https:\/\/educationsuisse.ch\/fr\/wp-json\/wp\/v2\/comments?post=6594"}],"version-history":[{"count":42,"href":"https:\/\/educationsuisse.ch\/fr\/wp-json\/wp\/v2\/pages\/6594\/revisions"}],"predecessor-version":[{"id":11748,"href":"https:\/\/educationsuisse.ch\/fr\/wp-json\/wp\/v2\/pages\/6594\/revisions\/11748"}],"up":[{"embeddable":true,"href":"https:\/\/educationsuisse.ch\/fr\/wp-json\/wp\/v2\/pages\/379"}],"wp:attachment":[{"href":"https:\/\/educationsuisse.ch\/fr\/wp-json\/wp\/v2\/media?parent=6594"}],"wp:term":[{"taxonomy":"rubriken","embeddable":true,"href":"https:\/\/educationsuisse.ch\/fr\/wp-json\/wp\/v2\/rubriken?post=6594"}],"curies":[{"name":"wp","href":"https:\/\/api.w.org\/{rel}","templated":true}]}}