{"id":10847,"date":"2025-04-14T16:33:40","date_gmt":"2025-04-14T14:33:40","guid":{"rendered":"https:\/\/educationsuisse.ch\/?page_id=10847"},"modified":"2025-06-16T17:03:02","modified_gmt":"2025-06-16T15:03:02","slug":"actuel","status":"publish","type":"page","link":"https:\/\/educationsuisse.ch\/fr\/aktuelles\/","title":{"rendered":"Actualit\u00e9s"},"content":{"rendered":"\t\t<div data-elementor-type=\"wp-page\" data-elementor-id=\"10847\" class=\"elementor elementor-10847\" data-elementor-post-type=\"page\">\n\t\t\t\t<div class=\"elementor-element elementor-element-1d77d32 e-flex e-con-boxed e-con e-parent\" data-id=\"1d77d32\" data-element_type=\"container\" data-e-type=\"container\">\n\t\t\t\t\t<div class=\"e-con-inner\">\n\t\t\t\t<div class=\"elementor-element elementor-element-2c53ea4 elementor-widget__width-initial elementor-widget elementor-widget-jet-listing-dynamic-field\" data-id=\"2c53ea4\" data-element_type=\"widget\" data-e-type=\"widget\" data-widget_type=\"jet-listing-dynamic-field.default\">\n\t\t\t\t<div class=\"elementor-widget-container\">\n\t\t\t\t\t<div class=\"jet-listing jet-listing-dynamic-field display-inline\"><div class=\"jet-listing-dynamic-field__inline-wrap\"><div class=\"jet-listing-dynamic-field__content\" >Wer sind die Lehrpersonen und Schulleiter:innen an Schweizerschulen im Ausland? Welche Ausbildungen absolvieren junge Auslandschweizer:innen in der Schweiz und woher kommen sie? Und wor\u00fcber berichten die Schulen und die Gesch\u00e4ftsstelle? Erfahren Sie es hier!<\/div><\/div><\/div>\t\t\t\t<\/div>\n\t\t\t\t<\/div>\n\t\t\t\t\t<\/div>\n\t\t\t\t<\/div>\n\t\t<div class=\"elementor-element elementor-element-003229d e-flex e-con-boxed e-con e-parent\" data-id=\"003229d\" data-element_type=\"container\" data-e-type=\"container\" data-settings=\"{&quot;background_background&quot;:&quot;classic&quot;}\">\n\t\t\t\t\t<div class=\"e-con-inner\">\n\t\t<div class=\"elementor-element elementor-element-fb17ba2 e-flex e-con-boxed e-con e-child\" data-id=\"fb17ba2\" data-element_type=\"container\" data-e-type=\"container\">\n\t\t\t\t\t<div class=\"e-con-inner\">\n\t\t\t\t<div class=\"elementor-element elementor-element-0a254fe elementor-widget elementor-widget-jet-smart-filters-checkboxes\" data-id=\"0a254fe\" data-element_type=\"widget\" data-e-type=\"widget\" data-widget_type=\"jet-smart-filters-checkboxes.default\">\n\t\t\t\t<div class=\"elementor-widget-container\">\n\t\t\t\t\t<div class=\"jet-smart-filters-checkboxes jet-filter \" data-indexer-rule=\"show\" data-show-counter=\"\" data-change-counter=\"always\"><div class=\"jet-checkboxes-list\" data-query-type=\"tax_query\" data-query-var=\"filter-aktuelles\" data-smart-filter=\"checkboxes\" data-filter-id=\"1229\" data-apply-type=\"mixed\" data-content-provider=\"jet-engine\" data-additional-providers=\"\" data-query-id=\"listing-aktuelles\" data-active-label=\"\" data-layout-options=\"{&quot;show_label&quot;:&quot;&quot;,&quot;display_options&quot;:{&quot;show_items_label&quot;:false,&quot;show_decorator&quot;:false,&quot;filter_image_size&quot;:&quot;full&quot;,&quot;show_counter&quot;:false}}\" data-query-var-suffix=\"\" data-apply-on=\"value\">\n\t<fieldset class=\"jet-checkboxes-list-wrapper\"><legend style=\"display:none;\">Checkboxfilter Aktuelles<\/legend><div class=\"jet-checkboxes-list__row jet-filter-row\">\n\t\t<label\n\t\tclass=\"jet-checkboxes-list__item\"\n\t\t\t>\n\t\t<input\n\t\t\ttype=\"checkbox\"\n\t\t\tclass=\"jet-checkboxes-list__input\"\n\t\t\tname=\"filter-aktuelles\"\n\t\t\tvalue=\"195\"\n\t\t\tdata-label=\"Ausbildung\"\n\t\t\t\t\t\taria-label=\"Ausbildung\"\n\t\t\t\t\t>\n\t\t<div class=\"jet-checkboxes-list__button\">\n\t\t\t\t\t\t<span class=\"jet-checkboxes-list__label\">\n\t\t\t\tAusbildung\t\t\t<\/span>\n\t\t\t\t\t<\/div>\n\t<\/label>\n<\/div><div class=\"jet-checkboxes-list__row jet-filter-row\">\n\t\t<label\n\t\tclass=\"jet-checkboxes-list__item\"\n\t\t\t>\n\t\t<input\n\t\t\ttype=\"checkbox\"\n\t\t\tclass=\"jet-checkboxes-list__input\"\n\t\t\tname=\"filter-aktuelles\"\n\t\t\tvalue=\"197\"\n\t\t\tdata-label=\"educationsuisse\"\n\t\t\t\t\t\taria-label=\"educationsuisse\"\n\t\t\t\t\t>\n\t\t<div class=\"jet-checkboxes-list__button\">\n\t\t\t\t\t\t<span class=\"jet-checkboxes-list__label\">\n\t\t\t\teducationsuisse\t\t\t<\/span>\n\t\t\t\t\t<\/div>\n\t<\/label>\n<\/div><div class=\"jet-checkboxes-list__row jet-filter-row\">\n\t\t<label\n\t\tclass=\"jet-checkboxes-list__item\"\n\t\t\t>\n\t\t<input\n\t\t\ttype=\"checkbox\"\n\t\t\tclass=\"jet-checkboxes-list__input\"\n\t\t\tname=\"filter-aktuelles\"\n\t\t\tvalue=\"381\"\n\t\t\tdata-label=\"Entlastungspaket 27\"\n\t\t\t\t\t\taria-label=\"Entlastungspaket 27\"\n\t\t\t\t\t>\n\t\t<div class=\"jet-checkboxes-list__button\">\n\t\t\t\t\t\t<span class=\"jet-checkboxes-list__label\">\n\t\t\t\tEntlastungspaket 27\t\t\t<\/span>\n\t\t\t\t\t<\/div>\n\t<\/label>\n<\/div><div class=\"jet-checkboxes-list__row jet-filter-row\">\n\t\t<label\n\t\tclass=\"jet-checkboxes-list__item\"\n\t\t\t>\n\t\t<input\n\t\t\ttype=\"checkbox\"\n\t\t\tclass=\"jet-checkboxes-list__input\"\n\t\t\tname=\"filter-aktuelles\"\n\t\t\tvalue=\"196\"\n\t\t\tdata-label=\"Events\"\n\t\t\t\t\t\taria-label=\"Events\"\n\t\t\t\t\t>\n\t\t<div class=\"jet-checkboxes-list__button\">\n\t\t\t\t\t\t<span class=\"jet-checkboxes-list__label\">\n\t\t\t\tEvents\t\t\t<\/span>\n\t\t\t\t\t<\/div>\n\t<\/label>\n<\/div><div class=\"jet-checkboxes-list__row jet-filter-row\">\n\t\t<label\n\t\tclass=\"jet-checkboxes-list__item\"\n\t\t\t>\n\t\t<input\n\t\t\ttype=\"checkbox\"\n\t\t\tclass=\"jet-checkboxes-list__input\"\n\t\t\tname=\"filter-aktuelles\"\n\t\t\tvalue=\"194\"\n\t\t\tdata-label=\"Lehrpersonen\"\n\t\t\t\t\t\taria-label=\"Lehrpersonen\"\n\t\t\t\t\t>\n\t\t<div class=\"jet-checkboxes-list__button\">\n\t\t\t\t\t\t<span class=\"jet-checkboxes-list__label\">\n\t\t\t\tLehrpersonen\t\t\t<\/span>\n\t\t\t\t\t<\/div>\n\t<\/label>\n<\/div><div class=\"jet-checkboxes-list__row jet-filter-row\">\n\t\t<label\n\t\tclass=\"jet-checkboxes-list__item\"\n\t\t\t>\n\t\t<input\n\t\t\ttype=\"checkbox\"\n\t\t\tclass=\"jet-checkboxes-list__input\"\n\t\t\tname=\"filter-aktuelles\"\n\t\t\tvalue=\"193\"\n\t\t\tdata-label=\"Schulen\"\n\t\t\t\t\t\taria-label=\"Schulen\"\n\t\t\t\t\t>\n\t\t<div class=\"jet-checkboxes-list__button\">\n\t\t\t\t\t\t<span class=\"jet-checkboxes-list__label\">\n\t\t\t\tSchulen\t\t\t<\/span>\n\t\t\t\t\t<\/div>\n\t<\/label>\n<\/div><\/fieldset><\/div>\n<\/div>\t\t\t\t<\/div>\n\t\t\t\t<\/div>\n\t\t\t\t<div class=\"elementor-element elementor-element-ba79f29 elementor-widget elementor-widget-jet-smart-filters-remove-filters hide-widget\" data-id=\"ba79f29\" data-element_type=\"widget\" data-e-type=\"widget\" data-widget_type=\"jet-smart-filters-remove-filters.default\">\n\t\t\t\t<div class=\"elementor-widget-container\">\n\t\t\t\t\t<div class=\"jet-smart-filters-remove-filters jet-filter\"><div class=\"jet-remove-all-filters hide\">\n\t<button\n\t\ttype=\"button\"\n\t\tclass=\"jet-remove-all-filters__button\"\n\t\tdata-content-provider=\"jet-engine\"\n\t\tdata-additional-providers=\"\"\n\t\tdata-apply-type=\"ajax\"\n\t\tdata-query-id=\"listing-aktuelles\"\n\t\t\t>\n\t\tFilter l\u00f6schen\t<\/button>\n<\/div><\/div>\t\t\t\t<\/div>\n\t\t\t\t<\/div>\n\t\t\t\t\t<\/div>\n\t\t\t\t<\/div>\n\t\t\t\t<div class=\"elementor-element elementor-element-9599984 elementor-widget elementor-widget-jet-listing-grid\" data-id=\"9599984\" data-element_type=\"widget\" data-e-type=\"widget\" id=\"listing-aktuelles\" data-settings=\"{&quot;columns&quot;:&quot;2&quot;,&quot;columns_mobile&quot;:&quot;1&quot;,&quot;columns_tablet&quot;:&quot;1&quot;,&quot;columns_laptop&quot;:&quot;1&quot;}\" data-widget_type=\"jet-listing-grid.default\">\n\t\t\t\t<div class=\"elementor-widget-container\">\n\t\t\t\t\t<div class=\"jet-listing-grid jet-listing\"><div class=\"jet-listing-grid__items grid-col-desk-2 grid-col-tablet-1 grid-col-mobile-1 jet-listing-grid--1063 jet-equal-columns__wrapper\" data-queried-id=\"10847|WP_Post\" data-nav=\"{&quot;enabled&quot;:false,&quot;type&quot;:null,&quot;more_el&quot;:null,&quot;query&quot;:[],&quot;widget_settings&quot;:{&quot;lisitng_id&quot;:1063,&quot;posts_num&quot;:12,&quot;columns&quot;:2,&quot;columns_tablet&quot;:1,&quot;columns_mobile&quot;:1,&quot;column_min_width&quot;:240,&quot;column_min_width_tablet&quot;:240,&quot;column_min_width_mobile&quot;:240,&quot;inline_columns_css&quot;:false,&quot;is_archive_template&quot;:&quot;&quot;,&quot;post_status&quot;:[&quot;publish&quot;],&quot;use_random_posts_num&quot;:&quot;&quot;,&quot;max_posts_num&quot;:9,&quot;not_found_message&quot;:&quot;No data was found&quot;,&quot;is_masonry&quot;:false,&quot;equal_columns_height&quot;:&quot;yes&quot;,&quot;use_load_more&quot;:&quot;&quot;,&quot;load_more_id&quot;:&quot;&quot;,&quot;load_more_type&quot;:&quot;click&quot;,&quot;load_more_offset&quot;:null,&quot;use_custom_post_types&quot;:&quot;&quot;,&quot;custom_post_types&quot;:[],&quot;hide_widget_if&quot;:&quot;&quot;,&quot;carousel_enabled&quot;:&quot;&quot;,&quot;slides_to_scroll&quot;:&quot;1&quot;,&quot;arrows&quot;:&quot;true&quot;,&quot;arrow_icon&quot;:&quot;fa fa-angle-left&quot;,&quot;dots&quot;:&quot;&quot;,&quot;autoplay&quot;:&quot;true&quot;,&quot;pause_on_hover&quot;:&quot;true&quot;,&quot;autoplay_speed&quot;:5000,&quot;infinite&quot;:&quot;true&quot;,&quot;center_mode&quot;:&quot;&quot;,&quot;effect&quot;:&quot;slide&quot;,&quot;speed&quot;:500,&quot;inject_alternative_items&quot;:&quot;&quot;,&quot;injection_items&quot;:[],&quot;scroll_slider_enabled&quot;:&quot;&quot;,&quot;scroll_slider_on&quot;:[&quot;desktop&quot;,&quot;tablet&quot;,&quot;mobile&quot;],&quot;custom_query&quot;:false,&quot;custom_query_id&quot;:&quot;&quot;,&quot;_element_id&quot;:&quot;listing-aktuelles&quot;,&quot;collapse_first_last_gap&quot;:false,&quot;list_tag_selection&quot;:&quot;&quot;,&quot;list_items_wrapper_tag&quot;:&quot;div&quot;,&quot;list_item_tag&quot;:&quot;div&quot;,&quot;empty_items_wrapper_tag&quot;:&quot;div&quot;}}\" data-page=\"1\" data-pages=\"6\" data-listing-source=\"posts\" data-listing-id=\"1063\" data-query-id=\"\"><div class=\"jet-listing-grid__item jet-listing-dynamic-post-11857 jet-equal-columns\" data-post-id=\"11857\"  ><div class=\"jet-engine-listing-overlay-wrap\" data-url=\"https:\/\/educationsuisse.ch\/fr\/aktuelles\/weiterbildung-jahreskonferenz-2026\/\">\t\t<div data-elementor-type=\"jet-listing-items\" data-elementor-id=\"1063\" class=\"elementor elementor-1063\" data-elementor-post-type=\"jet-engine\">\n\t\t\t\t<div class=\"elementor-element elementor-element-2e857d4 e-con-full e-flex e-con e-parent\" data-id=\"2e857d4\" data-element_type=\"container\" data-e-type=\"container\" data-settings=\"{&quot;background_background&quot;:&quot;classic&quot;}\">\n\t\t<div class=\"elementor-element elementor-element-85cde76 e-con-full e-flex e-con e-child\" data-id=\"85cde76\" data-element_type=\"container\" data-e-type=\"container\" data-settings=\"{&quot;background_background&quot;:&quot;classic&quot;}\">\n\t\t\t\t<div class=\"elementor-element elementor-element-be25a6c elementor-widget__width-initial elementor-widget elementor-widget-theme-post-featured-image elementor-widget-image\" data-id=\"be25a6c\" data-element_type=\"widget\" data-e-type=\"widget\" data-widget_type=\"theme-post-featured-image.default\">\n\t\t\t\t<div class=\"elementor-widget-container\">\n\t\t\t\t\t\t\t\t\t\t\t\t\t\t\t<img fetchpriority=\"high\" decoding=\"async\" width=\"768\" height=\"768\" src=\"https:\/\/educationsuisse.ch\/wp-content\/uploads\/2026\/04\/DEF_Hero_1080x1080-768x768.png\" class=\"attachment-page-thumb size-page-thumb wp-image-11862\" alt=\"Weiterbildungsangebot Jahreskonferenz 2026\" srcset=\"https:\/\/educationsuisse.ch\/wp-content\/uploads\/2026\/04\/DEF_Hero_1080x1080-768x768.png 768w, https:\/\/educationsuisse.ch\/wp-content\/uploads\/2026\/04\/DEF_Hero_1080x1080-300x300.png 300w, https:\/\/educationsuisse.ch\/wp-content\/uploads\/2026\/04\/DEF_Hero_1080x1080-1024x1024.png 1024w, https:\/\/educationsuisse.ch\/wp-content\/uploads\/2026\/04\/DEF_Hero_1080x1080-150x150.png 150w, https:\/\/educationsuisse.ch\/wp-content\/uploads\/2026\/04\/DEF_Hero_1080x1080-12x12.png 12w, https:\/\/educationsuisse.ch\/wp-content\/uploads\/2026\/04\/DEF_Hero_1080x1080-500x500.png 500w, https:\/\/educationsuisse.ch\/wp-content\/uploads\/2026\/04\/DEF_Hero_1080x1080.png 1080w\" sizes=\"(max-width: 768px) 100vw, 768px\" \/>\t\t\t\t\t\t\t\t\t\t\t\t\t\t\t<\/div>\n\t\t\t\t<\/div>\n\t\t\t\t<\/div>\n\t\t<div class=\"elementor-element elementor-element-267e91b e-con-full e-flex e-con e-child\" data-id=\"267e91b\" data-element_type=\"container\" data-e-type=\"container\" data-settings=\"{&quot;background_background&quot;:&quot;classic&quot;}\">\n\t\t\t\t<div class=\"elementor-element elementor-element-6ca28fd elementor-widget elementor-widget-heading\" data-id=\"6ca28fd\" data-element_type=\"widget\" data-e-type=\"widget\" data-widget_type=\"heading.default\">\n\t\t\t\t<div class=\"elementor-widget-container\">\n\t\t\t\t\t<h2 class=\"elementor-heading-title elementor-size-default\">Exklusive Weiterbildung f\u00fcr F\u00fchrungspersonen an Jahreskonferenz 2026<\/h2>\t\t\t\t<\/div>\n\t\t\t\t<\/div>\n\t\t\t\t<div class=\"elementor-element elementor-element-f736bdc elementor-widget elementor-widget-theme-post-excerpt\" data-id=\"f736bdc\" data-element_type=\"widget\" data-e-type=\"widget\" data-widget_type=\"theme-post-excerpt.default\">\n\t\t\t\t<div class=\"elementor-widget-container\">\n\t\t\t\t\tRessourcen st\u00e4rken, Sprachintegration mit KI erleichtern und politische Bildung in polarisierter Welt souver\u00e4n vermitteln....\t\t\t\t<\/div>\n\t\t\t\t<\/div>\n\t\t\t\t<div class=\"elementor-element elementor-element-1adb9a4 elementor-align-left elementor-absolute elementor-widget elementor-widget-post-info\" data-id=\"1adb9a4\" data-element_type=\"widget\" data-e-type=\"widget\" data-settings=\"{&quot;_position&quot;:&quot;absolute&quot;}\" data-widget_type=\"post-info.default\">\n\t\t\t\t<div class=\"elementor-widget-container\">\n\t\t\t\t\t\t\t<ul class=\"elementor-inline-items elementor-icon-list-items elementor-post-info\">\n\t\t\t\t\t\t\t\t<li class=\"elementor-icon-list-item elementor-repeater-item-ccc6763 elementor-inline-item\" itemprop=\"datePublished\">\n\t\t\t\t\t\t\t\t\t\t\t\t\t<span class=\"elementor-icon-list-text elementor-post-info__item elementor-post-info__item--type-date\">\n\t\t\t\t\t\t\t\t\t\t<time>16.04.26<\/time>\t\t\t\t\t<\/span>\n\t\t\t\t\t\t\t\t<\/li>\n\t\t\t\t<\/ul>\n\t\t\t\t\t\t<\/div>\n\t\t\t\t<\/div>\n\t\t\t\t<div class=\"elementor-element elementor-element-b1f70e1 elementor-absolute elementor-view-default elementor-widget elementor-widget-icon\" data-id=\"b1f70e1\" data-element_type=\"widget\" data-e-type=\"widget\" data-settings=\"{&quot;_position&quot;:&quot;absolute&quot;}\" data-widget_type=\"icon.default\">\n\t\t\t\t<div class=\"elementor-widget-container\">\n\t\t\t\t\t\t\t<div class=\"elementor-icon-wrapper\">\n\t\t\t<div class=\"elementor-icon\">\n\t\t\t<svg xmlns=\"http:\/\/www.w3.org\/2000\/svg\" width=\"24.52\" height=\"21.027\" viewBox=\"0 0 24.52 21.027\"><path id=\"arrow-right-solid\" d=\"M24.007,75.675a1.754,1.754,0,0,0,0-2.48l-8.758-8.758a1.753,1.753,0,1,0-2.48,2.48l5.775,5.769H1.752a1.752,1.752,0,1,0,0,3.5H18.539l-5.764,5.769a1.753,1.753,0,0,0,2.48,2.48l8.758-8.758Z\" transform=\"translate(0 -63.925)\"><\/path><\/svg>\t\t\t<\/div>\n\t\t<\/div>\n\t\t\t\t\t\t<\/div>\n\t\t\t\t<\/div>\n\t\t\t\t<\/div>\n\t\t\t\t<\/div>\n\t\t\t\t<\/div>\n\t\t<a href=\"https:\/\/educationsuisse.ch\/fr\/aktuelles\/weiterbildung-jahreskonferenz-2026\/\" class=\"jet-engine-listing-overlay-link\"><\/a><\/div><\/div><div class=\"jet-listing-grid__item jet-listing-dynamic-post-11761 jet-equal-columns\" data-post-id=\"11761\"  ><div class=\"jet-engine-listing-overlay-wrap\" data-url=\"https:\/\/educationsuisse.ch\/fr\/aktuelles\/auslandschweizer-frankreich-schweiz\/\">\t\t<div data-elementor-type=\"jet-listing-items\" data-elementor-id=\"1063\" class=\"elementor elementor-1063\" data-elementor-post-type=\"jet-engine\">\n\t\t\t\t<div class=\"elementor-element elementor-element-2e857d4 e-con-full e-flex e-con e-parent\" data-id=\"2e857d4\" data-element_type=\"container\" data-e-type=\"container\" data-settings=\"{&quot;background_background&quot;:&quot;classic&quot;}\">\n\t\t<div class=\"elementor-element elementor-element-85cde76 e-con-full e-flex e-con e-child\" data-id=\"85cde76\" data-element_type=\"container\" data-e-type=\"container\" data-settings=\"{&quot;background_background&quot;:&quot;classic&quot;}\">\n\t\t\t\t<div class=\"elementor-element elementor-element-be25a6c elementor-widget__width-initial elementor-widget elementor-widget-theme-post-featured-image elementor-widget-image\" data-id=\"be25a6c\" data-element_type=\"widget\" data-e-type=\"widget\" data-widget_type=\"theme-post-featured-image.default\">\n\t\t\t\t<div class=\"elementor-widget-container\">\n\t\t\t\t\t\t\t\t\t\t\t\t\t\t\t<img decoding=\"async\" width=\"768\" height=\"768\" src=\"https:\/\/educationsuisse.ch\/wp-content\/uploads\/2026\/03\/Foto-Lukas_2-768x768.jpg\" class=\"attachment-page-thumb size-page-thumb wp-image-11763\" alt=\"Auslandschweizer Lukas Gretener aus Frankreich macht Lehre und Studium in der Schweiz\" srcset=\"https:\/\/educationsuisse.ch\/wp-content\/uploads\/2026\/03\/Foto-Lukas_2-768x768.jpg 768w, https:\/\/educationsuisse.ch\/wp-content\/uploads\/2026\/03\/Foto-Lukas_2-150x150.jpg 150w, https:\/\/educationsuisse.ch\/wp-content\/uploads\/2026\/03\/Foto-Lukas_2-300x300.jpg 300w, https:\/\/educationsuisse.ch\/wp-content\/uploads\/2026\/03\/Foto-Lukas_2-500x500.jpg 500w, https:\/\/educationsuisse.ch\/wp-content\/uploads\/2026\/03\/Foto-Lukas_2-1080x1080.jpg 1080w\" sizes=\"(max-width: 768px) 100vw, 768px\" \/>\t\t\t\t\t\t\t\t\t\t\t\t\t\t\t<\/div>\n\t\t\t\t<\/div>\n\t\t\t\t<\/div>\n\t\t<div class=\"elementor-element elementor-element-267e91b e-con-full e-flex e-con e-child\" data-id=\"267e91b\" data-element_type=\"container\" data-e-type=\"container\" data-settings=\"{&quot;background_background&quot;:&quot;classic&quot;}\">\n\t\t\t\t<div class=\"elementor-element elementor-element-6ca28fd elementor-widget elementor-widget-heading\" data-id=\"6ca28fd\" data-element_type=\"widget\" data-e-type=\"widget\" data-widget_type=\"heading.default\">\n\t\t\t\t<div class=\"elementor-widget-container\">\n\t\t\t\t\t<h2 class=\"elementor-heading-title elementor-size-default\">Auslandschweizer zwischen Frankreich und Schweiz<\/h2>\t\t\t\t<\/div>\n\t\t\t\t<\/div>\n\t\t\t\t<div class=\"elementor-element elementor-element-f736bdc elementor-widget elementor-widget-theme-post-excerpt\" data-id=\"f736bdc\" data-element_type=\"widget\" data-e-type=\"widget\" data-widget_type=\"theme-post-excerpt.default\">\n\t\t\t\t<div class=\"elementor-widget-container\">\n\t\t\t\t\tLukas Gretener fand \u00fcber das Holztechnikstudium in Biel zur\u00fcck zu seinen Wurzeln....\t\t\t\t<\/div>\n\t\t\t\t<\/div>\n\t\t\t\t<div class=\"elementor-element elementor-element-1adb9a4 elementor-align-left elementor-absolute elementor-widget elementor-widget-post-info\" data-id=\"1adb9a4\" data-element_type=\"widget\" data-e-type=\"widget\" data-settings=\"{&quot;_position&quot;:&quot;absolute&quot;}\" data-widget_type=\"post-info.default\">\n\t\t\t\t<div class=\"elementor-widget-container\">\n\t\t\t\t\t\t\t<ul class=\"elementor-inline-items elementor-icon-list-items elementor-post-info\">\n\t\t\t\t\t\t\t\t<li class=\"elementor-icon-list-item elementor-repeater-item-ccc6763 elementor-inline-item\" itemprop=\"datePublished\">\n\t\t\t\t\t\t\t\t\t\t\t\t\t<span class=\"elementor-icon-list-text elementor-post-info__item elementor-post-info__item--type-date\">\n\t\t\t\t\t\t\t\t\t\t<time>31.03.26<\/time>\t\t\t\t\t<\/span>\n\t\t\t\t\t\t\t\t<\/li>\n\t\t\t\t<\/ul>\n\t\t\t\t\t\t<\/div>\n\t\t\t\t<\/div>\n\t\t\t\t<div class=\"elementor-element elementor-element-b1f70e1 elementor-absolute elementor-view-default elementor-widget elementor-widget-icon\" data-id=\"b1f70e1\" data-element_type=\"widget\" data-e-type=\"widget\" data-settings=\"{&quot;_position&quot;:&quot;absolute&quot;}\" data-widget_type=\"icon.default\">\n\t\t\t\t<div class=\"elementor-widget-container\">\n\t\t\t\t\t\t\t<div class=\"elementor-icon-wrapper\">\n\t\t\t<div class=\"elementor-icon\">\n\t\t\t<svg xmlns=\"http:\/\/www.w3.org\/2000\/svg\" width=\"24.52\" height=\"21.027\" viewBox=\"0 0 24.52 21.027\"><path id=\"arrow-right-solid\" d=\"M24.007,75.675a1.754,1.754,0,0,0,0-2.48l-8.758-8.758a1.753,1.753,0,1,0-2.48,2.48l5.775,5.769H1.752a1.752,1.752,0,1,0,0,3.5H18.539l-5.764,5.769a1.753,1.753,0,0,0,2.48,2.48l8.758-8.758Z\" transform=\"translate(0 -63.925)\"><\/path><\/svg>\t\t\t<\/div>\n\t\t<\/div>\n\t\t\t\t\t\t<\/div>\n\t\t\t\t<\/div>\n\t\t\t\t<\/div>\n\t\t\t\t<\/div>\n\t\t\t\t<\/div>\n\t\t<a href=\"https:\/\/educationsuisse.ch\/fr\/aktuelles\/auslandschweizer-frankreich-schweiz\/\" class=\"jet-engine-listing-overlay-link\"><\/a><\/div><\/div><div class=\"jet-listing-grid__item jet-listing-dynamic-post-11750 jet-equal-columns\" data-post-id=\"11750\"  ><div class=\"jet-engine-listing-overlay-wrap\" data-url=\"https:\/\/educationsuisse.ch\/fr\/aktuelles\/europakonferenz-schweizerschule-mailand\/\">\t\t<div data-elementor-type=\"jet-listing-items\" data-elementor-id=\"1063\" class=\"elementor elementor-1063\" data-elementor-post-type=\"jet-engine\">\n\t\t\t\t<div class=\"elementor-element elementor-element-2e857d4 e-con-full e-flex e-con e-parent\" data-id=\"2e857d4\" data-element_type=\"container\" data-e-type=\"container\" data-settings=\"{&quot;background_background&quot;:&quot;classic&quot;}\">\n\t\t<div class=\"elementor-element elementor-element-85cde76 e-con-full e-flex e-con e-child\" data-id=\"85cde76\" data-element_type=\"container\" data-e-type=\"container\" data-settings=\"{&quot;background_background&quot;:&quot;classic&quot;}\">\n\t\t\t\t<div class=\"elementor-element elementor-element-be25a6c elementor-widget__width-initial elementor-widget elementor-widget-theme-post-featured-image elementor-widget-image\" data-id=\"be25a6c\" data-element_type=\"widget\" data-e-type=\"widget\" data-widget_type=\"theme-post-featured-image.default\">\n\t\t\t\t<div class=\"elementor-widget-container\">\n\t\t\t\t\t\t\t\t\t\t\t\t\t\t\t<img decoding=\"async\" width=\"768\" height=\"768\" src=\"https:\/\/educationsuisse.ch\/wp-content\/uploads\/2026\/03\/333ee13d-4ded-4f02-b293-6e407e94a4a2-768x768.jpg\" class=\"attachment-page-thumb size-page-thumb wp-image-11752\" alt=\"Europakonferenz der Schulleitenden 2026\" srcset=\"https:\/\/educationsuisse.ch\/wp-content\/uploads\/2026\/03\/333ee13d-4ded-4f02-b293-6e407e94a4a2-768x768.jpg 768w, https:\/\/educationsuisse.ch\/wp-content\/uploads\/2026\/03\/333ee13d-4ded-4f02-b293-6e407e94a4a2-150x150.jpg 150w, https:\/\/educationsuisse.ch\/wp-content\/uploads\/2026\/03\/333ee13d-4ded-4f02-b293-6e407e94a4a2-300x300.jpg 300w, https:\/\/educationsuisse.ch\/wp-content\/uploads\/2026\/03\/333ee13d-4ded-4f02-b293-6e407e94a4a2-500x500.jpg 500w, https:\/\/educationsuisse.ch\/wp-content\/uploads\/2026\/03\/333ee13d-4ded-4f02-b293-6e407e94a4a2-1080x1080.jpg 1080w\" sizes=\"(max-width: 768px) 100vw, 768px\" \/>\t\t\t\t\t\t\t\t\t\t\t\t\t\t\t<\/div>\n\t\t\t\t<\/div>\n\t\t\t\t<\/div>\n\t\t<div class=\"elementor-element elementor-element-267e91b e-con-full e-flex e-con e-child\" data-id=\"267e91b\" data-element_type=\"container\" data-e-type=\"container\" data-settings=\"{&quot;background_background&quot;:&quot;classic&quot;}\">\n\t\t\t\t<div class=\"elementor-element elementor-element-6ca28fd elementor-widget elementor-widget-heading\" data-id=\"6ca28fd\" data-element_type=\"widget\" data-e-type=\"widget\" data-widget_type=\"heading.default\">\n\t\t\t\t<div class=\"elementor-widget-container\">\n\t\t\t\t\t<h2 class=\"elementor-heading-title elementor-size-default\">Europakonferenz der Schulleitenden 2026 an Schweizerschule in Mailand<\/h2>\t\t\t\t<\/div>\n\t\t\t\t<\/div>\n\t\t\t\t<div class=\"elementor-element elementor-element-f736bdc elementor-widget elementor-widget-theme-post-excerpt\" data-id=\"f736bdc\" data-element_type=\"widget\" data-e-type=\"widget\" data-widget_type=\"theme-post-excerpt.default\">\n\t\t\t\t<div class=\"elementor-widget-container\">\n\t\t\t\t\tAm dreit\u00e4gigen Treffen standen Fragen rund um Schulf\u00fchrung und Unterrichtsentwicklung im Zentrum....\t\t\t\t<\/div>\n\t\t\t\t<\/div>\n\t\t\t\t<div class=\"elementor-element elementor-element-1adb9a4 elementor-align-left elementor-absolute elementor-widget elementor-widget-post-info\" data-id=\"1adb9a4\" data-element_type=\"widget\" data-e-type=\"widget\" data-settings=\"{&quot;_position&quot;:&quot;absolute&quot;}\" data-widget_type=\"post-info.default\">\n\t\t\t\t<div class=\"elementor-widget-container\">\n\t\t\t\t\t\t\t<ul class=\"elementor-inline-items elementor-icon-list-items elementor-post-info\">\n\t\t\t\t\t\t\t\t<li class=\"elementor-icon-list-item elementor-repeater-item-ccc6763 elementor-inline-item\" itemprop=\"datePublished\">\n\t\t\t\t\t\t\t\t\t\t\t\t\t<span class=\"elementor-icon-list-text elementor-post-info__item elementor-post-info__item--type-date\">\n\t\t\t\t\t\t\t\t\t\t<time>30.03.26<\/time>\t\t\t\t\t<\/span>\n\t\t\t\t\t\t\t\t<\/li>\n\t\t\t\t<\/ul>\n\t\t\t\t\t\t<\/div>\n\t\t\t\t<\/div>\n\t\t\t\t<div class=\"elementor-element elementor-element-b1f70e1 elementor-absolute elementor-view-default elementor-widget elementor-widget-icon\" data-id=\"b1f70e1\" data-element_type=\"widget\" data-e-type=\"widget\" data-settings=\"{&quot;_position&quot;:&quot;absolute&quot;}\" data-widget_type=\"icon.default\">\n\t\t\t\t<div class=\"elementor-widget-container\">\n\t\t\t\t\t\t\t<div class=\"elementor-icon-wrapper\">\n\t\t\t<div class=\"elementor-icon\">\n\t\t\t<svg xmlns=\"http:\/\/www.w3.org\/2000\/svg\" width=\"24.52\" height=\"21.027\" viewBox=\"0 0 24.52 21.027\"><path id=\"arrow-right-solid\" d=\"M24.007,75.675a1.754,1.754,0,0,0,0-2.48l-8.758-8.758a1.753,1.753,0,1,0-2.48,2.48l5.775,5.769H1.752a1.752,1.752,0,1,0,0,3.5H18.539l-5.764,5.769a1.753,1.753,0,0,0,2.48,2.48l8.758-8.758Z\" transform=\"translate(0 -63.925)\"><\/path><\/svg>\t\t\t<\/div>\n\t\t<\/div>\n\t\t\t\t\t\t<\/div>\n\t\t\t\t<\/div>\n\t\t\t\t<\/div>\n\t\t\t\t<\/div>\n\t\t\t\t<\/div>\n\t\t<a href=\"https:\/\/educationsuisse.ch\/fr\/aktuelles\/europakonferenz-schweizerschule-mailand\/\" class=\"jet-engine-listing-overlay-link\"><\/a><\/div><\/div><div class=\"jet-listing-grid__item jet-listing-dynamic-post-11755 jet-equal-columns\" data-post-id=\"11755\"  ><div class=\"jet-engine-listing-overlay-wrap\" data-url=\"https:\/\/educationsuisse.ch\/fr\/aktuelles\/schweizerschule-rom-sun\/\">\t\t<div data-elementor-type=\"jet-listing-items\" data-elementor-id=\"1063\" class=\"elementor elementor-1063\" data-elementor-post-type=\"jet-engine\">\n\t\t\t\t<div class=\"elementor-element elementor-element-2e857d4 e-con-full e-flex e-con e-parent\" data-id=\"2e857d4\" data-element_type=\"container\" data-e-type=\"container\" data-settings=\"{&quot;background_background&quot;:&quot;classic&quot;}\">\n\t\t<div class=\"elementor-element elementor-element-85cde76 e-con-full e-flex e-con e-child\" data-id=\"85cde76\" data-element_type=\"container\" data-e-type=\"container\" data-settings=\"{&quot;background_background&quot;:&quot;classic&quot;}\">\n\t\t\t\t<div class=\"elementor-element elementor-element-be25a6c elementor-widget__width-initial elementor-widget elementor-widget-theme-post-featured-image elementor-widget-image\" data-id=\"be25a6c\" data-element_type=\"widget\" data-e-type=\"widget\" data-widget_type=\"theme-post-featured-image.default\">\n\t\t\t\t<div class=\"elementor-widget-container\">\n\t\t\t\t\t\t\t\t\t\t\t\t\t\t\t<img loading=\"lazy\" decoding=\"async\" width=\"768\" height=\"768\" src=\"https:\/\/educationsuisse.ch\/wp-content\/uploads\/2026\/03\/tuerkischer_aufstand-768x768.jpg\" class=\"attachment-page-thumb size-page-thumb wp-image-11759\" alt=\"Schweizerschule in Rom bei den Students&#039; United Nations in Genf\" srcset=\"https:\/\/educationsuisse.ch\/wp-content\/uploads\/2026\/03\/tuerkischer_aufstand-768x768.jpg 768w, https:\/\/educationsuisse.ch\/wp-content\/uploads\/2026\/03\/tuerkischer_aufstand-150x150.jpg 150w, https:\/\/educationsuisse.ch\/wp-content\/uploads\/2026\/03\/tuerkischer_aufstand-300x300.jpg 300w, https:\/\/educationsuisse.ch\/wp-content\/uploads\/2026\/03\/tuerkischer_aufstand-500x500.jpg 500w, https:\/\/educationsuisse.ch\/wp-content\/uploads\/2026\/03\/tuerkischer_aufstand-1080x1080.jpg 1080w\" sizes=\"(max-width: 768px) 100vw, 768px\" \/>\t\t\t\t\t\t\t\t\t\t\t\t\t\t\t<\/div>\n\t\t\t\t<\/div>\n\t\t\t\t<\/div>\n\t\t<div class=\"elementor-element elementor-element-267e91b e-con-full e-flex e-con e-child\" data-id=\"267e91b\" data-element_type=\"container\" data-e-type=\"container\" data-settings=\"{&quot;background_background&quot;:&quot;classic&quot;}\">\n\t\t\t\t<div class=\"elementor-element elementor-element-6ca28fd elementor-widget elementor-widget-heading\" data-id=\"6ca28fd\" data-element_type=\"widget\" data-e-type=\"widget\" data-widget_type=\"heading.default\">\n\t\t\t\t<div class=\"elementor-widget-container\">\n\t\t\t\t\t<h2 class=\"elementor-heading-title elementor-size-default\">Die Schweizerschule in Rom bei den Students\u2019 United Nations (SUN)<\/h2>\t\t\t\t<\/div>\n\t\t\t\t<\/div>\n\t\t\t\t<div class=\"elementor-element elementor-element-f736bdc elementor-widget elementor-widget-theme-post-excerpt\" data-id=\"f736bdc\" data-element_type=\"widget\" data-e-type=\"widget\" data-widget_type=\"theme-post-excerpt.default\">\n\t\t\t\t<div class=\"elementor-widget-container\">\n\t\t\t\t\tSch\u00fcler:innen der Schweizerschule in Rom schl\u00fcpften in Genf in die Rolle \"echter\" Diplomat:innen....\t\t\t\t<\/div>\n\t\t\t\t<\/div>\n\t\t\t\t<div class=\"elementor-element elementor-element-1adb9a4 elementor-align-left elementor-absolute elementor-widget elementor-widget-post-info\" data-id=\"1adb9a4\" data-element_type=\"widget\" data-e-type=\"widget\" data-settings=\"{&quot;_position&quot;:&quot;absolute&quot;}\" data-widget_type=\"post-info.default\">\n\t\t\t\t<div class=\"elementor-widget-container\">\n\t\t\t\t\t\t\t<ul class=\"elementor-inline-items elementor-icon-list-items elementor-post-info\">\n\t\t\t\t\t\t\t\t<li class=\"elementor-icon-list-item elementor-repeater-item-ccc6763 elementor-inline-item\" itemprop=\"datePublished\">\n\t\t\t\t\t\t\t\t\t\t\t\t\t<span class=\"elementor-icon-list-text elementor-post-info__item elementor-post-info__item--type-date\">\n\t\t\t\t\t\t\t\t\t\t<time>20.03.26<\/time>\t\t\t\t\t<\/span>\n\t\t\t\t\t\t\t\t<\/li>\n\t\t\t\t<\/ul>\n\t\t\t\t\t\t<\/div>\n\t\t\t\t<\/div>\n\t\t\t\t<div class=\"elementor-element elementor-element-b1f70e1 elementor-absolute elementor-view-default elementor-widget elementor-widget-icon\" data-id=\"b1f70e1\" data-element_type=\"widget\" data-e-type=\"widget\" data-settings=\"{&quot;_position&quot;:&quot;absolute&quot;}\" data-widget_type=\"icon.default\">\n\t\t\t\t<div class=\"elementor-widget-container\">\n\t\t\t\t\t\t\t<div class=\"elementor-icon-wrapper\">\n\t\t\t<div class=\"elementor-icon\">\n\t\t\t<svg xmlns=\"http:\/\/www.w3.org\/2000\/svg\" width=\"24.52\" height=\"21.027\" viewBox=\"0 0 24.52 21.027\"><path id=\"arrow-right-solid\" d=\"M24.007,75.675a1.754,1.754,0,0,0,0-2.48l-8.758-8.758a1.753,1.753,0,1,0-2.48,2.48l5.775,5.769H1.752a1.752,1.752,0,1,0,0,3.5H18.539l-5.764,5.769a1.753,1.753,0,0,0,2.48,2.48l8.758-8.758Z\" transform=\"translate(0 -63.925)\"><\/path><\/svg>\t\t\t<\/div>\n\t\t<\/div>\n\t\t\t\t\t\t<\/div>\n\t\t\t\t<\/div>\n\t\t\t\t<\/div>\n\t\t\t\t<\/div>\n\t\t\t\t<\/div>\n\t\t<a href=\"https:\/\/educationsuisse.ch\/fr\/aktuelles\/schweizerschule-rom-sun\/\" class=\"jet-engine-listing-overlay-link\"><\/a><\/div><\/div><div class=\"jet-listing-grid__item jet-listing-dynamic-post-11765 jet-equal-columns\" data-post-id=\"11765\"  ><div class=\"jet-engine-listing-overlay-wrap\" data-url=\"https:\/\/educationsuisse.ch\/fr\/aktuelles\/kolumbien-studium-schweiz\/\">\t\t<div data-elementor-type=\"jet-listing-items\" data-elementor-id=\"1063\" class=\"elementor elementor-1063\" data-elementor-post-type=\"jet-engine\">\n\t\t\t\t<div class=\"elementor-element elementor-element-2e857d4 e-con-full e-flex e-con e-parent\" data-id=\"2e857d4\" data-element_type=\"container\" data-e-type=\"container\" data-settings=\"{&quot;background_background&quot;:&quot;classic&quot;}\">\n\t\t<div class=\"elementor-element elementor-element-85cde76 e-con-full e-flex e-con e-child\" data-id=\"85cde76\" data-element_type=\"container\" data-e-type=\"container\" data-settings=\"{&quot;background_background&quot;:&quot;classic&quot;}\">\n\t\t\t\t<div class=\"elementor-element elementor-element-be25a6c elementor-widget__width-initial elementor-widget elementor-widget-theme-post-featured-image elementor-widget-image\" data-id=\"be25a6c\" data-element_type=\"widget\" data-e-type=\"widget\" data-widget_type=\"theme-post-featured-image.default\">\n\t\t\t\t<div class=\"elementor-widget-container\">\n\t\t\t\t\t\t\t\t\t\t\t\t\t\t\t<img loading=\"lazy\" decoding=\"async\" width=\"768\" height=\"768\" src=\"https:\/\/educationsuisse.ch\/wp-content\/uploads\/2026\/04\/Foto-Rickenmann_3_zugeschnitten-768x768.jpeg\" class=\"attachment-page-thumb size-page-thumb wp-image-11767\" alt=\"Emiliana Rickenmann kam f\u00fcrs Studium von Kolumbien in die Schweiz.\" srcset=\"https:\/\/educationsuisse.ch\/wp-content\/uploads\/2026\/04\/Foto-Rickenmann_3_zugeschnitten-768x768.jpeg 768w, https:\/\/educationsuisse.ch\/wp-content\/uploads\/2026\/04\/Foto-Rickenmann_3_zugeschnitten-150x150.jpeg 150w, https:\/\/educationsuisse.ch\/wp-content\/uploads\/2026\/04\/Foto-Rickenmann_3_zugeschnitten-11x12.jpeg 11w, https:\/\/educationsuisse.ch\/wp-content\/uploads\/2026\/04\/Foto-Rickenmann_3_zugeschnitten-300x300.jpeg 300w, https:\/\/educationsuisse.ch\/wp-content\/uploads\/2026\/04\/Foto-Rickenmann_3_zugeschnitten-500x500.jpeg 500w, https:\/\/educationsuisse.ch\/wp-content\/uploads\/2026\/04\/Foto-Rickenmann_3_zugeschnitten-1080x1080.jpeg 1080w\" sizes=\"(max-width: 768px) 100vw, 768px\" \/>\t\t\t\t\t\t\t\t\t\t\t\t\t\t\t<\/div>\n\t\t\t\t<\/div>\n\t\t\t\t<\/div>\n\t\t<div class=\"elementor-element elementor-element-267e91b e-con-full e-flex e-con e-child\" data-id=\"267e91b\" data-element_type=\"container\" data-e-type=\"container\" data-settings=\"{&quot;background_background&quot;:&quot;classic&quot;}\">\n\t\t\t\t<div class=\"elementor-element elementor-element-6ca28fd elementor-widget elementor-widget-heading\" data-id=\"6ca28fd\" data-element_type=\"widget\" data-e-type=\"widget\" data-widget_type=\"heading.default\">\n\t\t\t\t<div class=\"elementor-widget-container\">\n\t\t\t\t\t<h2 class=\"elementor-heading-title elementor-size-default\">F\u00fcrs Studium von Kolumbien in die Schweiz<\/h2>\t\t\t\t<\/div>\n\t\t\t\t<\/div>\n\t\t\t\t<div class=\"elementor-element elementor-element-f736bdc elementor-widget elementor-widget-theme-post-excerpt\" data-id=\"f736bdc\" data-element_type=\"widget\" data-e-type=\"widget\" data-widget_type=\"theme-post-excerpt.default\">\n\t\t\t\t<div class=\"elementor-widget-container\">\n\t\t\t\t\tDas Studium in Genf ist f\u00fcr Auslandschweizerin Emiliana Rickenmann ein grosses Privileg....\t\t\t\t<\/div>\n\t\t\t\t<\/div>\n\t\t\t\t<div class=\"elementor-element elementor-element-1adb9a4 elementor-align-left elementor-absolute elementor-widget elementor-widget-post-info\" data-id=\"1adb9a4\" data-element_type=\"widget\" data-e-type=\"widget\" data-settings=\"{&quot;_position&quot;:&quot;absolute&quot;}\" data-widget_type=\"post-info.default\">\n\t\t\t\t<div class=\"elementor-widget-container\">\n\t\t\t\t\t\t\t<ul class=\"elementor-inline-items elementor-icon-list-items elementor-post-info\">\n\t\t\t\t\t\t\t\t<li class=\"elementor-icon-list-item elementor-repeater-item-ccc6763 elementor-inline-item\" itemprop=\"datePublished\">\n\t\t\t\t\t\t\t\t\t\t\t\t\t<span class=\"elementor-icon-list-text elementor-post-info__item elementor-post-info__item--type-date\">\n\t\t\t\t\t\t\t\t\t\t<time>27.02.26<\/time>\t\t\t\t\t<\/span>\n\t\t\t\t\t\t\t\t<\/li>\n\t\t\t\t<\/ul>\n\t\t\t\t\t\t<\/div>\n\t\t\t\t<\/div>\n\t\t\t\t<div class=\"elementor-element elementor-element-b1f70e1 elementor-absolute elementor-view-default elementor-widget elementor-widget-icon\" data-id=\"b1f70e1\" data-element_type=\"widget\" data-e-type=\"widget\" data-settings=\"{&quot;_position&quot;:&quot;absolute&quot;}\" data-widget_type=\"icon.default\">\n\t\t\t\t<div class=\"elementor-widget-container\">\n\t\t\t\t\t\t\t<div class=\"elementor-icon-wrapper\">\n\t\t\t<div class=\"elementor-icon\">\n\t\t\t<svg xmlns=\"http:\/\/www.w3.org\/2000\/svg\" width=\"24.52\" height=\"21.027\" viewBox=\"0 0 24.52 21.027\"><path id=\"arrow-right-solid\" d=\"M24.007,75.675a1.754,1.754,0,0,0,0-2.48l-8.758-8.758a1.753,1.753,0,1,0-2.48,2.48l5.775,5.769H1.752a1.752,1.752,0,1,0,0,3.5H18.539l-5.764,5.769a1.753,1.753,0,0,0,2.48,2.48l8.758-8.758Z\" transform=\"translate(0 -63.925)\"><\/path><\/svg>\t\t\t<\/div>\n\t\t<\/div>\n\t\t\t\t\t\t<\/div>\n\t\t\t\t<\/div>\n\t\t\t\t<\/div>\n\t\t\t\t<\/div>\n\t\t\t\t<\/div>\n\t\t<a href=\"https:\/\/educationsuisse.ch\/fr\/aktuelles\/kolumbien-studium-schweiz\/\" class=\"jet-engine-listing-overlay-link\"><\/a><\/div><\/div><div class=\"jet-listing-grid__item jet-listing-dynamic-post-11618 jet-equal-columns\" data-post-id=\"11618\"  ><div class=\"jet-engine-listing-overlay-wrap\" data-url=\"https:\/\/educationsuisse.ch\/fr\/aktuelles\/agriviva-auslandschweizerin-bauernhof\/\">\t\t<div data-elementor-type=\"jet-listing-items\" data-elementor-id=\"1063\" class=\"elementor elementor-1063\" data-elementor-post-type=\"jet-engine\">\n\t\t\t\t<div class=\"elementor-element elementor-element-2e857d4 e-con-full e-flex e-con e-parent\" data-id=\"2e857d4\" data-element_type=\"container\" data-e-type=\"container\" data-settings=\"{&quot;background_background&quot;:&quot;classic&quot;}\">\n\t\t<div class=\"elementor-element elementor-element-85cde76 e-con-full e-flex e-con e-child\" data-id=\"85cde76\" data-element_type=\"container\" data-e-type=\"container\" data-settings=\"{&quot;background_background&quot;:&quot;classic&quot;}\">\n\t\t\t\t<div class=\"elementor-element elementor-element-be25a6c elementor-widget__width-initial elementor-widget elementor-widget-theme-post-featured-image elementor-widget-image\" data-id=\"be25a6c\" data-element_type=\"widget\" data-e-type=\"widget\" data-widget_type=\"theme-post-featured-image.default\">\n\t\t\t\t<div class=\"elementor-widget-container\">\n\t\t\t\t\t\t\t\t\t\t\t\t\t\t\t<img loading=\"lazy\" decoding=\"async\" width=\"768\" height=\"768\" src=\"https:\/\/educationsuisse.ch\/wp-content\/uploads\/2026\/02\/Alina_hinten-768x768.jpg\" class=\"attachment-page-thumb size-page-thumb wp-image-11627\" alt=\"Elisabeth Wittwer ist Auslandschweizerin und machte dank Agiviva ein Kurzpraktikum in der Schweiz.\" srcset=\"https:\/\/educationsuisse.ch\/wp-content\/uploads\/2026\/02\/Alina_hinten-768x768.jpg 768w, https:\/\/educationsuisse.ch\/wp-content\/uploads\/2026\/02\/Alina_hinten-e1770306625340-300x300.jpg 300w, https:\/\/educationsuisse.ch\/wp-content\/uploads\/2026\/02\/Alina_hinten-e1770306625340-150x150.jpg 150w, https:\/\/educationsuisse.ch\/wp-content\/uploads\/2026\/02\/Alina_hinten-e1770306625340-12x12.jpg 12w, https:\/\/educationsuisse.ch\/wp-content\/uploads\/2026\/02\/Alina_hinten-e1770306625340-500x500.jpg 500w, https:\/\/educationsuisse.ch\/wp-content\/uploads\/2026\/02\/Alina_hinten-e1770306625340.jpg 587w\" sizes=\"(max-width: 768px) 100vw, 768px\" \/>\t\t\t\t\t\t\t\t\t\t\t\t\t\t\t<\/div>\n\t\t\t\t<\/div>\n\t\t\t\t<\/div>\n\t\t<div class=\"elementor-element elementor-element-267e91b e-con-full e-flex e-con e-child\" data-id=\"267e91b\" data-element_type=\"container\" data-e-type=\"container\" data-settings=\"{&quot;background_background&quot;:&quot;classic&quot;}\">\n\t\t\t\t<div class=\"elementor-element elementor-element-6ca28fd elementor-widget elementor-widget-heading\" data-id=\"6ca28fd\" data-element_type=\"widget\" data-e-type=\"widget\" data-widget_type=\"heading.default\">\n\t\t\t\t<div class=\"elementor-widget-container\">\n\t\t\t\t\t<h2 class=\"elementor-heading-title elementor-size-default\">AgriViva: Auslandschweizerin melkt w\u00e4hrend Semesterferien Geissen im Engadin<\/h2>\t\t\t\t<\/div>\n\t\t\t\t<\/div>\n\t\t\t\t<div class=\"elementor-element elementor-element-f736bdc elementor-widget elementor-widget-theme-post-excerpt\" data-id=\"f736bdc\" data-element_type=\"widget\" data-e-type=\"widget\" data-widget_type=\"theme-post-excerpt.default\">\n\t\t\t\t<div class=\"elementor-widget-container\">\n\t\t\t\t\tElisabeth Wittwer ist Auslandschweizerin und teilt Erfahrungen ihres Kurzpraktikums auf einem Schweizer Bauernhof....\t\t\t\t<\/div>\n\t\t\t\t<\/div>\n\t\t\t\t<div class=\"elementor-element elementor-element-1adb9a4 elementor-align-left elementor-absolute elementor-widget elementor-widget-post-info\" data-id=\"1adb9a4\" data-element_type=\"widget\" data-e-type=\"widget\" data-settings=\"{&quot;_position&quot;:&quot;absolute&quot;}\" data-widget_type=\"post-info.default\">\n\t\t\t\t<div class=\"elementor-widget-container\">\n\t\t\t\t\t\t\t<ul class=\"elementor-inline-items elementor-icon-list-items elementor-post-info\">\n\t\t\t\t\t\t\t\t<li class=\"elementor-icon-list-item elementor-repeater-item-ccc6763 elementor-inline-item\" itemprop=\"datePublished\">\n\t\t\t\t\t\t\t\t\t\t\t\t\t<span class=\"elementor-icon-list-text elementor-post-info__item elementor-post-info__item--type-date\">\n\t\t\t\t\t\t\t\t\t\t<time>05.02.26<\/time>\t\t\t\t\t<\/span>\n\t\t\t\t\t\t\t\t<\/li>\n\t\t\t\t<\/ul>\n\t\t\t\t\t\t<\/div>\n\t\t\t\t<\/div>\n\t\t\t\t<div class=\"elementor-element elementor-element-b1f70e1 elementor-absolute elementor-view-default elementor-widget elementor-widget-icon\" data-id=\"b1f70e1\" data-element_type=\"widget\" data-e-type=\"widget\" data-settings=\"{&quot;_position&quot;:&quot;absolute&quot;}\" data-widget_type=\"icon.default\">\n\t\t\t\t<div class=\"elementor-widget-container\">\n\t\t\t\t\t\t\t<div class=\"elementor-icon-wrapper\">\n\t\t\t<div class=\"elementor-icon\">\n\t\t\t<svg xmlns=\"http:\/\/www.w3.org\/2000\/svg\" width=\"24.52\" height=\"21.027\" viewBox=\"0 0 24.52 21.027\"><path id=\"arrow-right-solid\" d=\"M24.007,75.675a1.754,1.754,0,0,0,0-2.48l-8.758-8.758a1.753,1.753,0,1,0-2.48,2.48l5.775,5.769H1.752a1.752,1.752,0,1,0,0,3.5H18.539l-5.764,5.769a1.753,1.753,0,0,0,2.48,2.48l8.758-8.758Z\" transform=\"translate(0 -63.925)\"><\/path><\/svg>\t\t\t<\/div>\n\t\t<\/div>\n\t\t\t\t\t\t<\/div>\n\t\t\t\t<\/div>\n\t\t\t\t<\/div>\n\t\t\t\t<\/div>\n\t\t\t\t<\/div>\n\t\t<a href=\"https:\/\/educationsuisse.ch\/fr\/aktuelles\/agriviva-auslandschweizerin-bauernhof\/\" class=\"jet-engine-listing-overlay-link\"><\/a><\/div><\/div><div class=\"jet-listing-grid__item jet-listing-dynamic-post-11586 jet-equal-columns\" data-post-id=\"11586\"  ><div class=\"jet-engine-listing-overlay-wrap\" data-url=\"https:\/\/educationsuisse.ch\/fr\/aktuelles\/lehrerin-schweizerschule-in-mailand\/\">\t\t<div data-elementor-type=\"jet-listing-items\" data-elementor-id=\"1063\" class=\"elementor elementor-1063\" data-elementor-post-type=\"jet-engine\">\n\t\t\t\t<div class=\"elementor-element elementor-element-2e857d4 e-con-full e-flex e-con e-parent\" data-id=\"2e857d4\" data-element_type=\"container\" data-e-type=\"container\" data-settings=\"{&quot;background_background&quot;:&quot;classic&quot;}\">\n\t\t<div class=\"elementor-element elementor-element-85cde76 e-con-full e-flex e-con e-child\" data-id=\"85cde76\" data-element_type=\"container\" data-e-type=\"container\" data-settings=\"{&quot;background_background&quot;:&quot;classic&quot;}\">\n\t\t\t\t<div class=\"elementor-element elementor-element-be25a6c elementor-widget__width-initial elementor-widget elementor-widget-theme-post-featured-image elementor-widget-image\" data-id=\"be25a6c\" data-element_type=\"widget\" data-e-type=\"widget\" data-widget_type=\"theme-post-featured-image.default\">\n\t\t\t\t<div class=\"elementor-widget-container\">\n\t\t\t\t\t\t\t\t\t\t\t\t\t\t\t<img loading=\"lazy\" decoding=\"async\" width=\"768\" height=\"768\" src=\"https:\/\/educationsuisse.ch\/wp-content\/uploads\/2026\/01\/Romana_Kollegen-scaled-e1769510825308-768x768.jpg\" class=\"attachment-page-thumb size-page-thumb wp-image-11588\" alt=\"Lehrerin Romana Steck an Schweizerschule in Mailand\" srcset=\"https:\/\/educationsuisse.ch\/wp-content\/uploads\/2026\/01\/Romana_Kollegen-scaled-e1769510825308-768x768.jpg 768w, https:\/\/educationsuisse.ch\/wp-content\/uploads\/2026\/01\/Romana_Kollegen-scaled-e1769510825308-300x300.jpg 300w, https:\/\/educationsuisse.ch\/wp-content\/uploads\/2026\/01\/Romana_Kollegen-scaled-e1769510825308-1024x1024.jpg 1024w, https:\/\/educationsuisse.ch\/wp-content\/uploads\/2026\/01\/Romana_Kollegen-scaled-e1769510825308-150x150.jpg 150w, https:\/\/educationsuisse.ch\/wp-content\/uploads\/2026\/01\/Romana_Kollegen-scaled-e1769510825308-1536x1536.jpg 1536w, https:\/\/educationsuisse.ch\/wp-content\/uploads\/2026\/01\/Romana_Kollegen-scaled-e1769510825308-12x12.jpg 12w, https:\/\/educationsuisse.ch\/wp-content\/uploads\/2026\/01\/Romana_Kollegen-scaled-e1769510825308-500x500.jpg 500w, https:\/\/educationsuisse.ch\/wp-content\/uploads\/2026\/01\/Romana_Kollegen-scaled-e1769510825308-1080x1080.jpg 1080w, https:\/\/educationsuisse.ch\/wp-content\/uploads\/2026\/01\/Romana_Kollegen-scaled-e1769510825308.jpg 1590w\" sizes=\"(max-width: 768px) 100vw, 768px\" \/>\t\t\t\t\t\t\t\t\t\t\t\t\t\t\t<\/div>\n\t\t\t\t<\/div>\n\t\t\t\t<\/div>\n\t\t<div class=\"elementor-element elementor-element-267e91b e-con-full e-flex e-con e-child\" data-id=\"267e91b\" data-element_type=\"container\" data-e-type=\"container\" data-settings=\"{&quot;background_background&quot;:&quot;classic&quot;}\">\n\t\t\t\t<div class=\"elementor-element elementor-element-6ca28fd elementor-widget elementor-widget-heading\" data-id=\"6ca28fd\" data-element_type=\"widget\" data-e-type=\"widget\" data-widget_type=\"heading.default\">\n\t\t\t\t<div class=\"elementor-widget-container\">\n\t\t\t\t\t<h2 class=\"elementor-heading-title elementor-size-default\">Das Abenteuer einer Lehrerin an der Schweizerschule in Mailand<\/h2>\t\t\t\t<\/div>\n\t\t\t\t<\/div>\n\t\t\t\t<div class=\"elementor-element elementor-element-f736bdc elementor-widget elementor-widget-theme-post-excerpt\" data-id=\"f736bdc\" data-element_type=\"widget\" data-e-type=\"widget\" data-widget_type=\"theme-post-excerpt.default\">\n\t\t\t\t<div class=\"elementor-widget-container\">\n\t\t\t\t\tRomana Steck arbeitet als Klassenlehrperson der 3. Klasse und erz\u00e4hlt begeistert \u00fcber ihren neuen Alltag...\t\t\t\t<\/div>\n\t\t\t\t<\/div>\n\t\t\t\t<div class=\"elementor-element elementor-element-1adb9a4 elementor-align-left elementor-absolute elementor-widget elementor-widget-post-info\" data-id=\"1adb9a4\" data-element_type=\"widget\" data-e-type=\"widget\" data-settings=\"{&quot;_position&quot;:&quot;absolute&quot;}\" data-widget_type=\"post-info.default\">\n\t\t\t\t<div class=\"elementor-widget-container\">\n\t\t\t\t\t\t\t<ul class=\"elementor-inline-items elementor-icon-list-items elementor-post-info\">\n\t\t\t\t\t\t\t\t<li class=\"elementor-icon-list-item elementor-repeater-item-ccc6763 elementor-inline-item\" itemprop=\"datePublished\">\n\t\t\t\t\t\t\t\t\t\t\t\t\t<span class=\"elementor-icon-list-text elementor-post-info__item elementor-post-info__item--type-date\">\n\t\t\t\t\t\t\t\t\t\t<time>27.01.26<\/time>\t\t\t\t\t<\/span>\n\t\t\t\t\t\t\t\t<\/li>\n\t\t\t\t<\/ul>\n\t\t\t\t\t\t<\/div>\n\t\t\t\t<\/div>\n\t\t\t\t<div class=\"elementor-element elementor-element-b1f70e1 elementor-absolute elementor-view-default elementor-widget elementor-widget-icon\" data-id=\"b1f70e1\" data-element_type=\"widget\" data-e-type=\"widget\" data-settings=\"{&quot;_position&quot;:&quot;absolute&quot;}\" data-widget_type=\"icon.default\">\n\t\t\t\t<div class=\"elementor-widget-container\">\n\t\t\t\t\t\t\t<div class=\"elementor-icon-wrapper\">\n\t\t\t<div class=\"elementor-icon\">\n\t\t\t<svg xmlns=\"http:\/\/www.w3.org\/2000\/svg\" width=\"24.52\" height=\"21.027\" viewBox=\"0 0 24.52 21.027\"><path id=\"arrow-right-solid\" d=\"M24.007,75.675a1.754,1.754,0,0,0,0-2.48l-8.758-8.758a1.753,1.753,0,1,0-2.48,2.48l5.775,5.769H1.752a1.752,1.752,0,1,0,0,3.5H18.539l-5.764,5.769a1.753,1.753,0,0,0,2.48,2.48l8.758-8.758Z\" transform=\"translate(0 -63.925)\"><\/path><\/svg>\t\t\t<\/div>\n\t\t<\/div>\n\t\t\t\t\t\t<\/div>\n\t\t\t\t<\/div>\n\t\t\t\t<\/div>\n\t\t\t\t<\/div>\n\t\t\t\t<\/div>\n\t\t<a href=\"https:\/\/educationsuisse.ch\/fr\/aktuelles\/lehrerin-schweizerschule-in-mailand\/\" class=\"jet-engine-listing-overlay-link\"><\/a><\/div><\/div><div class=\"jet-listing-grid__item jet-listing-dynamic-post-11540 jet-equal-columns\" data-post-id=\"11540\"  ><div class=\"jet-engine-listing-overlay-wrap\" data-url=\"https:\/\/educationsuisse.ch\/fr\/aktuelles\/job-speeddating-2025-schweizerschulen\/\">\t\t<div data-elementor-type=\"jet-listing-items\" data-elementor-id=\"1063\" class=\"elementor elementor-1063\" data-elementor-post-type=\"jet-engine\">\n\t\t\t\t<div class=\"elementor-element elementor-element-2e857d4 e-con-full e-flex e-con e-parent\" data-id=\"2e857d4\" data-element_type=\"container\" data-e-type=\"container\" data-settings=\"{&quot;background_background&quot;:&quot;classic&quot;}\">\n\t\t<div class=\"elementor-element elementor-element-85cde76 e-con-full e-flex e-con e-child\" data-id=\"85cde76\" data-element_type=\"container\" data-e-type=\"container\" data-settings=\"{&quot;background_background&quot;:&quot;classic&quot;}\">\n\t\t\t\t<div class=\"elementor-element elementor-element-be25a6c elementor-widget__width-initial elementor-widget elementor-widget-theme-post-featured-image elementor-widget-image\" data-id=\"be25a6c\" data-element_type=\"widget\" data-e-type=\"widget\" data-widget_type=\"theme-post-featured-image.default\">\n\t\t\t\t<div class=\"elementor-widget-container\">\n\t\t\t\t\t\t\t\t\t\t\t\t\t\t\t<img loading=\"lazy\" decoding=\"async\" width=\"768\" height=\"768\" src=\"https:\/\/educationsuisse.ch\/wp-content\/uploads\/2026\/01\/Screenshot_TN-e1767717973267-768x768.png\" class=\"attachment-page-thumb size-page-thumb wp-image-11541\" alt=\"Die Teilnehmer des Job-Speeddating 2025\" srcset=\"https:\/\/educationsuisse.ch\/wp-content\/uploads\/2026\/01\/Screenshot_TN-e1767717973267-768x768.png 768w, https:\/\/educationsuisse.ch\/wp-content\/uploads\/2026\/01\/Screenshot_TN-e1767717973267-300x300.png 300w, https:\/\/educationsuisse.ch\/wp-content\/uploads\/2026\/01\/Screenshot_TN-e1767717973267-1024x1024.png 1024w, https:\/\/educationsuisse.ch\/wp-content\/uploads\/2026\/01\/Screenshot_TN-e1767717973267-150x150.png 150w, https:\/\/educationsuisse.ch\/wp-content\/uploads\/2026\/01\/Screenshot_TN-e1767717973267-12x12.png 12w, https:\/\/educationsuisse.ch\/wp-content\/uploads\/2026\/01\/Screenshot_TN-e1767717973267-500x500.png 500w, https:\/\/educationsuisse.ch\/wp-content\/uploads\/2026\/01\/Screenshot_TN-e1767717973267.png 1050w\" sizes=\"(max-width: 768px) 100vw, 768px\" \/>\t\t\t\t\t\t\t\t\t\t\t\t\t\t\t<\/div>\n\t\t\t\t<\/div>\n\t\t\t\t<\/div>\n\t\t<div class=\"elementor-element elementor-element-267e91b e-con-full e-flex e-con e-child\" data-id=\"267e91b\" data-element_type=\"container\" data-e-type=\"container\" data-settings=\"{&quot;background_background&quot;:&quot;classic&quot;}\">\n\t\t\t\t<div class=\"elementor-element elementor-element-6ca28fd elementor-widget elementor-widget-heading\" data-id=\"6ca28fd\" data-element_type=\"widget\" data-e-type=\"widget\" data-widget_type=\"heading.default\">\n\t\t\t\t<div class=\"elementor-widget-container\">\n\t\t\t\t\t<h2 class=\"elementor-heading-title elementor-size-default\">Job-Speeddating 2025: Erwartungen und Perspektiven im Ausland<\/h2>\t\t\t\t<\/div>\n\t\t\t\t<\/div>\n\t\t\t\t<div class=\"elementor-element elementor-element-f736bdc elementor-widget elementor-widget-theme-post-excerpt\" data-id=\"f736bdc\" data-element_type=\"widget\" data-e-type=\"widget\" data-widget_type=\"theme-post-excerpt.default\">\n\t\t\t\t<div class=\"elementor-widget-container\">\n\t\t\t\t\tVertreter:innen von Schweizerschulen f\u00fchrten mit knapp 40 Lehrpersonen und Schulleitenden Bewerbungsgespr\u00e4che im 7-Minuten-Takt....\t\t\t\t<\/div>\n\t\t\t\t<\/div>\n\t\t\t\t<div class=\"elementor-element elementor-element-1adb9a4 elementor-align-left elementor-absolute elementor-widget elementor-widget-post-info\" data-id=\"1adb9a4\" data-element_type=\"widget\" data-e-type=\"widget\" data-settings=\"{&quot;_position&quot;:&quot;absolute&quot;}\" data-widget_type=\"post-info.default\">\n\t\t\t\t<div class=\"elementor-widget-container\">\n\t\t\t\t\t\t\t<ul class=\"elementor-inline-items elementor-icon-list-items elementor-post-info\">\n\t\t\t\t\t\t\t\t<li class=\"elementor-icon-list-item elementor-repeater-item-ccc6763 elementor-inline-item\" itemprop=\"datePublished\">\n\t\t\t\t\t\t\t\t\t\t\t\t\t<span class=\"elementor-icon-list-text elementor-post-info__item elementor-post-info__item--type-date\">\n\t\t\t\t\t\t\t\t\t\t<time>06.01.26<\/time>\t\t\t\t\t<\/span>\n\t\t\t\t\t\t\t\t<\/li>\n\t\t\t\t<\/ul>\n\t\t\t\t\t\t<\/div>\n\t\t\t\t<\/div>\n\t\t\t\t<div class=\"elementor-element elementor-element-b1f70e1 elementor-absolute elementor-view-default elementor-widget elementor-widget-icon\" data-id=\"b1f70e1\" data-element_type=\"widget\" data-e-type=\"widget\" data-settings=\"{&quot;_position&quot;:&quot;absolute&quot;}\" data-widget_type=\"icon.default\">\n\t\t\t\t<div class=\"elementor-widget-container\">\n\t\t\t\t\t\t\t<div class=\"elementor-icon-wrapper\">\n\t\t\t<div class=\"elementor-icon\">\n\t\t\t<svg xmlns=\"http:\/\/www.w3.org\/2000\/svg\" width=\"24.52\" height=\"21.027\" viewBox=\"0 0 24.52 21.027\"><path id=\"arrow-right-solid\" d=\"M24.007,75.675a1.754,1.754,0,0,0,0-2.48l-8.758-8.758a1.753,1.753,0,1,0-2.48,2.48l5.775,5.769H1.752a1.752,1.752,0,1,0,0,3.5H18.539l-5.764,5.769a1.753,1.753,0,0,0,2.48,2.48l8.758-8.758Z\" transform=\"translate(0 -63.925)\"><\/path><\/svg>\t\t\t<\/div>\n\t\t<\/div>\n\t\t\t\t\t\t<\/div>\n\t\t\t\t<\/div>\n\t\t\t\t<\/div>\n\t\t\t\t<\/div>\n\t\t\t\t<\/div>\n\t\t<a href=\"https:\/\/educationsuisse.ch\/fr\/aktuelles\/job-speeddating-2025-schweizerschulen\/\" class=\"jet-engine-listing-overlay-link\"><\/a><\/div><\/div><div class=\"jet-listing-grid__item jet-listing-dynamic-post-11453 jet-equal-columns\" data-post-id=\"11453\"  ><div class=\"jet-engine-listing-overlay-wrap\" data-url=\"https:\/\/educationsuisse.ch\/fr\/aktuelles\/laternenumzug-schweizerschule-in-barcelona\/\">\t\t<div data-elementor-type=\"jet-listing-items\" data-elementor-id=\"1063\" class=\"elementor elementor-1063\" data-elementor-post-type=\"jet-engine\">\n\t\t\t\t<div class=\"elementor-element elementor-element-2e857d4 e-con-full e-flex e-con e-parent\" data-id=\"2e857d4\" data-element_type=\"container\" data-e-type=\"container\" data-settings=\"{&quot;background_background&quot;:&quot;classic&quot;}\">\n\t\t<div class=\"elementor-element elementor-element-85cde76 e-con-full e-flex e-con e-child\" data-id=\"85cde76\" data-element_type=\"container\" data-e-type=\"container\" data-settings=\"{&quot;background_background&quot;:&quot;classic&quot;}\">\n\t\t\t\t<div class=\"elementor-element elementor-element-be25a6c elementor-widget__width-initial elementor-widget elementor-widget-theme-post-featured-image elementor-widget-image\" data-id=\"be25a6c\" data-element_type=\"widget\" data-e-type=\"widget\" data-widget_type=\"theme-post-featured-image.default\">\n\t\t\t\t<div class=\"elementor-widget-container\">\n\t\t\t\t\t\t\t\t\t\t\t\t\t\t\t<img loading=\"lazy\" decoding=\"async\" width=\"768\" height=\"768\" src=\"https:\/\/educationsuisse.ch\/wp-content\/uploads\/2025\/12\/Laternenfest-ESB_18.11.2025-1-e1764677603452-768x768.jpg\" class=\"attachment-page-thumb size-page-thumb wp-image-11454\" alt=\"Laternenumzug Schweizerschule in Barcelona\" srcset=\"https:\/\/educationsuisse.ch\/wp-content\/uploads\/2025\/12\/Laternenfest-ESB_18.11.2025-1-e1764677603452-768x768.jpg 768w, https:\/\/educationsuisse.ch\/wp-content\/uploads\/2025\/12\/Laternenfest-ESB_18.11.2025-1-e1764677603452-300x300.jpg 300w, https:\/\/educationsuisse.ch\/wp-content\/uploads\/2025\/12\/Laternenfest-ESB_18.11.2025-1-e1764677603452-150x150.jpg 150w, https:\/\/educationsuisse.ch\/wp-content\/uploads\/2025\/12\/Laternenfest-ESB_18.11.2025-1-e1764677603452-12x12.jpg 12w, https:\/\/educationsuisse.ch\/wp-content\/uploads\/2025\/12\/Laternenfest-ESB_18.11.2025-1-e1764677603452-500x500.jpg 500w, https:\/\/educationsuisse.ch\/wp-content\/uploads\/2025\/12\/Laternenfest-ESB_18.11.2025-1-e1764677603452.jpg 893w\" sizes=\"(max-width: 768px) 100vw, 768px\" \/>\t\t\t\t\t\t\t\t\t\t\t\t\t\t\t<\/div>\n\t\t\t\t<\/div>\n\t\t\t\t<\/div>\n\t\t<div class=\"elementor-element elementor-element-267e91b e-con-full e-flex e-con e-child\" data-id=\"267e91b\" data-element_type=\"container\" data-e-type=\"container\" data-settings=\"{&quot;background_background&quot;:&quot;classic&quot;}\">\n\t\t\t\t<div class=\"elementor-element elementor-element-6ca28fd elementor-widget elementor-widget-heading\" data-id=\"6ca28fd\" data-element_type=\"widget\" data-e-type=\"widget\" data-widget_type=\"heading.default\">\n\t\t\t\t<div class=\"elementor-widget-container\">\n\t\t\t\t\t<h2 class=\"elementor-heading-title elementor-size-default\">Laternenumzug an der Schweizerschule in Barcelona<\/h2>\t\t\t\t<\/div>\n\t\t\t\t<\/div>\n\t\t\t\t<div class=\"elementor-element elementor-element-f736bdc elementor-widget elementor-widget-theme-post-excerpt\" data-id=\"f736bdc\" data-element_type=\"widget\" data-e-type=\"widget\" data-widget_type=\"theme-post-excerpt.default\">\n\t\t\t\t<div class=\"elementor-widget-container\">\n\t\t\t\t\tMit Gesang und dem Licht ihrer Laternen erhellten die J\u00fcngsten die Strassen von Barcelona....\t\t\t\t<\/div>\n\t\t\t\t<\/div>\n\t\t\t\t<div class=\"elementor-element elementor-element-1adb9a4 elementor-align-left elementor-absolute elementor-widget elementor-widget-post-info\" data-id=\"1adb9a4\" data-element_type=\"widget\" data-e-type=\"widget\" data-settings=\"{&quot;_position&quot;:&quot;absolute&quot;}\" data-widget_type=\"post-info.default\">\n\t\t\t\t<div class=\"elementor-widget-container\">\n\t\t\t\t\t\t\t<ul class=\"elementor-inline-items elementor-icon-list-items elementor-post-info\">\n\t\t\t\t\t\t\t\t<li class=\"elementor-icon-list-item elementor-repeater-item-ccc6763 elementor-inline-item\" itemprop=\"datePublished\">\n\t\t\t\t\t\t\t\t\t\t\t\t\t<span class=\"elementor-icon-list-text elementor-post-info__item elementor-post-info__item--type-date\">\n\t\t\t\t\t\t\t\t\t\t<time>02.12.25<\/time>\t\t\t\t\t<\/span>\n\t\t\t\t\t\t\t\t<\/li>\n\t\t\t\t<\/ul>\n\t\t\t\t\t\t<\/div>\n\t\t\t\t<\/div>\n\t\t\t\t<div class=\"elementor-element elementor-element-b1f70e1 elementor-absolute elementor-view-default elementor-widget elementor-widget-icon\" data-id=\"b1f70e1\" data-element_type=\"widget\" data-e-type=\"widget\" data-settings=\"{&quot;_position&quot;:&quot;absolute&quot;}\" data-widget_type=\"icon.default\">\n\t\t\t\t<div class=\"elementor-widget-container\">\n\t\t\t\t\t\t\t<div class=\"elementor-icon-wrapper\">\n\t\t\t<div class=\"elementor-icon\">\n\t\t\t<svg xmlns=\"http:\/\/www.w3.org\/2000\/svg\" width=\"24.52\" height=\"21.027\" viewBox=\"0 0 24.52 21.027\"><path id=\"arrow-right-solid\" d=\"M24.007,75.675a1.754,1.754,0,0,0,0-2.48l-8.758-8.758a1.753,1.753,0,1,0-2.48,2.48l5.775,5.769H1.752a1.752,1.752,0,1,0,0,3.5H18.539l-5.764,5.769a1.753,1.753,0,0,0,2.48,2.48l8.758-8.758Z\" transform=\"translate(0 -63.925)\"><\/path><\/svg>\t\t\t<\/div>\n\t\t<\/div>\n\t\t\t\t\t\t<\/div>\n\t\t\t\t<\/div>\n\t\t\t\t<\/div>\n\t\t\t\t<\/div>\n\t\t\t\t<\/div>\n\t\t<a href=\"https:\/\/educationsuisse.ch\/fr\/aktuelles\/laternenumzug-schweizerschule-in-barcelona\/\" class=\"jet-engine-listing-overlay-link\"><\/a><\/div><\/div><div class=\"jet-listing-grid__item jet-listing-dynamic-post-11507 jet-equal-columns\" data-post-id=\"11507\"  ><div class=\"jet-engine-listing-overlay-wrap\" data-url=\"https:\/\/educationsuisse.ch\/fr\/aktuelles\/junge-auslandschweizer-im-bundeshaus\/\">\t\t<div data-elementor-type=\"jet-listing-items\" data-elementor-id=\"1063\" class=\"elementor elementor-1063\" data-elementor-post-type=\"jet-engine\">\n\t\t\t\t<div class=\"elementor-element elementor-element-2e857d4 e-con-full e-flex e-con e-parent\" data-id=\"2e857d4\" data-element_type=\"container\" data-e-type=\"container\" data-settings=\"{&quot;background_background&quot;:&quot;classic&quot;}\">\n\t\t<div class=\"elementor-element elementor-element-85cde76 e-con-full e-flex e-con e-child\" data-id=\"85cde76\" data-element_type=\"container\" data-e-type=\"container\" data-settings=\"{&quot;background_background&quot;:&quot;classic&quot;}\">\n\t\t\t\t<div class=\"elementor-element elementor-element-be25a6c elementor-widget__width-initial elementor-widget elementor-widget-theme-post-featured-image elementor-widget-image\" data-id=\"be25a6c\" data-element_type=\"widget\" data-e-type=\"widget\" data-widget_type=\"theme-post-featured-image.default\">\n\t\t\t\t<div class=\"elementor-widget-container\">\n\t\t\t\t\t\t\t\t\t\t\t\t\t\t\t<img loading=\"lazy\" decoding=\"async\" width=\"768\" height=\"768\" src=\"https:\/\/educationsuisse.ch\/wp-content\/uploads\/2025\/12\/image00006-768x768.jpeg\" class=\"attachment-page-thumb size-page-thumb wp-image-11513\" alt=\"Junge Auslandschweizer:innen besuchen das Bundeshaus in Bern\" srcset=\"https:\/\/educationsuisse.ch\/wp-content\/uploads\/2025\/12\/image00006-768x768.jpeg 768w, https:\/\/educationsuisse.ch\/wp-content\/uploads\/2025\/12\/image00006-150x150.jpeg 150w, https:\/\/educationsuisse.ch\/wp-content\/uploads\/2025\/12\/image00006-300x300.jpeg 300w, https:\/\/educationsuisse.ch\/wp-content\/uploads\/2025\/12\/image00006-500x500.jpeg 500w, https:\/\/educationsuisse.ch\/wp-content\/uploads\/2025\/12\/image00006-1080x1080.jpeg 1080w\" sizes=\"(max-width: 768px) 100vw, 768px\" \/>\t\t\t\t\t\t\t\t\t\t\t\t\t\t\t<\/div>\n\t\t\t\t<\/div>\n\t\t\t\t<\/div>\n\t\t<div class=\"elementor-element elementor-element-267e91b e-con-full e-flex e-con e-child\" data-id=\"267e91b\" data-element_type=\"container\" data-e-type=\"container\" data-settings=\"{&quot;background_background&quot;:&quot;classic&quot;}\">\n\t\t\t\t<div class=\"elementor-element elementor-element-6ca28fd elementor-widget elementor-widget-heading\" data-id=\"6ca28fd\" data-element_type=\"widget\" data-e-type=\"widget\" data-widget_type=\"heading.default\">\n\t\t\t\t<div class=\"elementor-widget-container\">\n\t\t\t\t\t<h2 class=\"elementor-heading-title elementor-size-default\">Junge Auslandschweizer:innen im Bundeshaus<\/h2>\t\t\t\t<\/div>\n\t\t\t\t<\/div>\n\t\t\t\t<div class=\"elementor-element elementor-element-f736bdc elementor-widget elementor-widget-theme-post-excerpt\" data-id=\"f736bdc\" data-element_type=\"widget\" data-e-type=\"widget\" data-widget_type=\"theme-post-excerpt.default\">\n\t\t\t\t<div class=\"elementor-widget-container\">\n\t\t\t\t\teducationsuisse lud junge Auslandschweizer:innen und Absolvent:innen einer Schweizerschule ins Bundeshaus....\t\t\t\t<\/div>\n\t\t\t\t<\/div>\n\t\t\t\t<div class=\"elementor-element elementor-element-1adb9a4 elementor-align-left elementor-absolute elementor-widget elementor-widget-post-info\" data-id=\"1adb9a4\" data-element_type=\"widget\" data-e-type=\"widget\" data-settings=\"{&quot;_position&quot;:&quot;absolute&quot;}\" data-widget_type=\"post-info.default\">\n\t\t\t\t<div class=\"elementor-widget-container\">\n\t\t\t\t\t\t\t<ul class=\"elementor-inline-items elementor-icon-list-items elementor-post-info\">\n\t\t\t\t\t\t\t\t<li class=\"elementor-icon-list-item elementor-repeater-item-ccc6763 elementor-inline-item\" itemprop=\"datePublished\">\n\t\t\t\t\t\t\t\t\t\t\t\t\t<span class=\"elementor-icon-list-text elementor-post-info__item elementor-post-info__item--type-date\">\n\t\t\t\t\t\t\t\t\t\t<time>28.11.25<\/time>\t\t\t\t\t<\/span>\n\t\t\t\t\t\t\t\t<\/li>\n\t\t\t\t<\/ul>\n\t\t\t\t\t\t<\/div>\n\t\t\t\t<\/div>\n\t\t\t\t<div class=\"elementor-element elementor-element-b1f70e1 elementor-absolute elementor-view-default elementor-widget elementor-widget-icon\" data-id=\"b1f70e1\" data-element_type=\"widget\" data-e-type=\"widget\" data-settings=\"{&quot;_position&quot;:&quot;absolute&quot;}\" data-widget_type=\"icon.default\">\n\t\t\t\t<div class=\"elementor-widget-container\">\n\t\t\t\t\t\t\t<div class=\"elementor-icon-wrapper\">\n\t\t\t<div class=\"elementor-icon\">\n\t\t\t<svg xmlns=\"http:\/\/www.w3.org\/2000\/svg\" width=\"24.52\" height=\"21.027\" viewBox=\"0 0 24.52 21.027\"><path id=\"arrow-right-solid\" d=\"M24.007,75.675a1.754,1.754,0,0,0,0-2.48l-8.758-8.758a1.753,1.753,0,1,0-2.48,2.48l5.775,5.769H1.752a1.752,1.752,0,1,0,0,3.5H18.539l-5.764,5.769a1.753,1.753,0,0,0,2.48,2.48l8.758-8.758Z\" transform=\"translate(0 -63.925)\"><\/path><\/svg>\t\t\t<\/div>\n\t\t<\/div>\n\t\t\t\t\t\t<\/div>\n\t\t\t\t<\/div>\n\t\t\t\t<\/div>\n\t\t\t\t<\/div>\n\t\t\t\t<\/div>\n\t\t<a href=\"https:\/\/educationsuisse.ch\/fr\/aktuelles\/junge-auslandschweizer-im-bundeshaus\/\" class=\"jet-engine-listing-overlay-link\"><\/a><\/div><\/div><div class=\"jet-listing-grid__item jet-listing-dynamic-post-11421 jet-equal-columns\" data-post-id=\"11421\"  ><div class=\"jet-engine-listing-overlay-wrap\" data-url=\"https:\/\/educationsuisse.ch\/fr\/aktuelles\/schweizerschulen-in-italien-carine-bachmann\/\">\t\t<div data-elementor-type=\"jet-listing-items\" data-elementor-id=\"1063\" class=\"elementor elementor-1063\" data-elementor-post-type=\"jet-engine\">\n\t\t\t\t<div class=\"elementor-element elementor-element-2e857d4 e-con-full e-flex e-con e-parent\" data-id=\"2e857d4\" data-element_type=\"container\" data-e-type=\"container\" data-settings=\"{&quot;background_background&quot;:&quot;classic&quot;}\">\n\t\t<div class=\"elementor-element elementor-element-85cde76 e-con-full e-flex e-con e-child\" data-id=\"85cde76\" data-element_type=\"container\" data-e-type=\"container\" data-settings=\"{&quot;background_background&quot;:&quot;classic&quot;}\">\n\t\t\t\t<div class=\"elementor-element elementor-element-be25a6c elementor-widget__width-initial elementor-widget elementor-widget-theme-post-featured-image elementor-widget-image\" data-id=\"be25a6c\" data-element_type=\"widget\" data-e-type=\"widget\" data-widget_type=\"theme-post-featured-image.default\">\n\t\t\t\t<div class=\"elementor-widget-container\">\n\t\t\t\t\t\t\t\t\t\t\t\t\t\t\t<img loading=\"lazy\" decoding=\"async\" width=\"768\" height=\"768\" src=\"https:\/\/educationsuisse.ch\/wp-content\/uploads\/2025\/11\/Rom-3-768x768.jpg\" class=\"attachment-page-thumb size-page-thumb wp-image-11447\" alt=\"Carine Bachmann auf Italienreise\" srcset=\"https:\/\/educationsuisse.ch\/wp-content\/uploads\/2025\/11\/Rom-3-768x768.jpg 768w, https:\/\/educationsuisse.ch\/wp-content\/uploads\/2025\/11\/Rom-3-150x150.jpg 150w, https:\/\/educationsuisse.ch\/wp-content\/uploads\/2025\/11\/Rom-3-300x300.jpg 300w, https:\/\/educationsuisse.ch\/wp-content\/uploads\/2025\/11\/Rom-3-500x500.jpg 500w, https:\/\/educationsuisse.ch\/wp-content\/uploads\/2025\/11\/Rom-3-1080x1080.jpg 1080w\" sizes=\"(max-width: 768px) 100vw, 768px\" \/>\t\t\t\t\t\t\t\t\t\t\t\t\t\t\t<\/div>\n\t\t\t\t<\/div>\n\t\t\t\t<\/div>\n\t\t<div class=\"elementor-element elementor-element-267e91b e-con-full e-flex e-con e-child\" data-id=\"267e91b\" data-element_type=\"container\" data-e-type=\"container\" data-settings=\"{&quot;background_background&quot;:&quot;classic&quot;}\">\n\t\t\t\t<div class=\"elementor-element elementor-element-6ca28fd elementor-widget elementor-widget-heading\" data-id=\"6ca28fd\" data-element_type=\"widget\" data-e-type=\"widget\" data-widget_type=\"heading.default\">\n\t\t\t\t<div class=\"elementor-widget-container\">\n\t\t\t\t\t<h2 class=\"elementor-heading-title elementor-size-default\">Schweizerschulen in Italien empfangen BAK-Direktorin Carine Bachmann<\/h2>\t\t\t\t<\/div>\n\t\t\t\t<\/div>\n\t\t\t\t<div class=\"elementor-element elementor-element-f736bdc elementor-widget elementor-widget-theme-post-excerpt\" data-id=\"f736bdc\" data-element_type=\"widget\" data-e-type=\"widget\" data-widget_type=\"theme-post-excerpt.default\">\n\t\t\t\t<div class=\"elementor-widget-container\">\n\t\t\t\t\tWie der Besuch des Bundesamtes f\u00fcr Kultur (BAK) die Schweizerschulen bekr\u00e4ftigt, erfahren Sie hier....\t\t\t\t<\/div>\n\t\t\t\t<\/div>\n\t\t\t\t<div class=\"elementor-element elementor-element-1adb9a4 elementor-align-left elementor-absolute elementor-widget elementor-widget-post-info\" data-id=\"1adb9a4\" data-element_type=\"widget\" data-e-type=\"widget\" data-settings=\"{&quot;_position&quot;:&quot;absolute&quot;}\" data-widget_type=\"post-info.default\">\n\t\t\t\t<div class=\"elementor-widget-container\">\n\t\t\t\t\t\t\t<ul class=\"elementor-inline-items elementor-icon-list-items elementor-post-info\">\n\t\t\t\t\t\t\t\t<li class=\"elementor-icon-list-item elementor-repeater-item-ccc6763 elementor-inline-item\" itemprop=\"datePublished\">\n\t\t\t\t\t\t\t\t\t\t\t\t\t<span class=\"elementor-icon-list-text elementor-post-info__item elementor-post-info__item--type-date\">\n\t\t\t\t\t\t\t\t\t\t<time>27.11.25<\/time>\t\t\t\t\t<\/span>\n\t\t\t\t\t\t\t\t<\/li>\n\t\t\t\t<\/ul>\n\t\t\t\t\t\t<\/div>\n\t\t\t\t<\/div>\n\t\t\t\t<div class=\"elementor-element elementor-element-b1f70e1 elementor-absolute elementor-view-default elementor-widget elementor-widget-icon\" data-id=\"b1f70e1\" data-element_type=\"widget\" data-e-type=\"widget\" data-settings=\"{&quot;_position&quot;:&quot;absolute&quot;}\" data-widget_type=\"icon.default\">\n\t\t\t\t<div class=\"elementor-widget-container\">\n\t\t\t\t\t\t\t<div class=\"elementor-icon-wrapper\">\n\t\t\t<div class=\"elementor-icon\">\n\t\t\t<svg xmlns=\"http:\/\/www.w3.org\/2000\/svg\" width=\"24.52\" height=\"21.027\" viewBox=\"0 0 24.52 21.027\"><path id=\"arrow-right-solid\" d=\"M24.007,75.675a1.754,1.754,0,0,0,0-2.48l-8.758-8.758a1.753,1.753,0,1,0-2.48,2.48l5.775,5.769H1.752a1.752,1.752,0,1,0,0,3.5H18.539l-5.764,5.769a1.753,1.753,0,0,0,2.48,2.48l8.758-8.758Z\" transform=\"translate(0 -63.925)\"><\/path><\/svg>\t\t\t<\/div>\n\t\t<\/div>\n\t\t\t\t\t\t<\/div>\n\t\t\t\t<\/div>\n\t\t\t\t<\/div>\n\t\t\t\t<\/div>\n\t\t\t\t<\/div>\n\t\t<a href=\"https:\/\/educationsuisse.ch\/fr\/aktuelles\/schweizerschulen-in-italien-carine-bachmann\/\" class=\"jet-engine-listing-overlay-link\"><\/a><\/div><\/div><div class=\"jet-listing-grid__item jet-listing-dynamic-post-11379 jet-equal-columns\" data-post-id=\"11379\"  ><div class=\"jet-engine-listing-overlay-wrap\" data-url=\"https:\/\/educationsuisse.ch\/fr\/aktuelles\/jubilaeumsfest-60-jahre-schweizerschule-mexiko-stadt\/\">\t\t<div data-elementor-type=\"jet-listing-items\" data-elementor-id=\"1063\" class=\"elementor elementor-1063\" data-elementor-post-type=\"jet-engine\">\n\t\t\t\t<div class=\"elementor-element elementor-element-2e857d4 e-con-full e-flex e-con e-parent\" data-id=\"2e857d4\" data-element_type=\"container\" data-e-type=\"container\" data-settings=\"{&quot;background_background&quot;:&quot;classic&quot;}\">\n\t\t<div class=\"elementor-element elementor-element-85cde76 e-con-full e-flex e-con e-child\" data-id=\"85cde76\" data-element_type=\"container\" data-e-type=\"container\" data-settings=\"{&quot;background_background&quot;:&quot;classic&quot;}\">\n\t\t\t\t<div class=\"elementor-element elementor-element-be25a6c elementor-widget__width-initial elementor-widget elementor-widget-theme-post-featured-image elementor-widget-image\" data-id=\"be25a6c\" data-element_type=\"widget\" data-e-type=\"widget\" data-widget_type=\"theme-post-featured-image.default\">\n\t\t\t\t<div class=\"elementor-widget-container\">\n\t\t\t\t\t\t\t\t\t\t\t\t\t\t\t<img loading=\"lazy\" decoding=\"async\" width=\"768\" height=\"768\" src=\"https:\/\/educationsuisse.ch\/wp-content\/uploads\/2025\/11\/Ceremonia-oficial_110-768x768.jpg\" class=\"attachment-page-thumb size-page-thumb wp-image-11389\" alt=\"Jubil\u00e4umsfest 60 Jahre Schweizerschule in Mexiko-Stadt\" srcset=\"https:\/\/educationsuisse.ch\/wp-content\/uploads\/2025\/11\/Ceremonia-oficial_110-768x768.jpg 768w, https:\/\/educationsuisse.ch\/wp-content\/uploads\/2025\/11\/Ceremonia-oficial_110-150x150.jpg 150w, https:\/\/educationsuisse.ch\/wp-content\/uploads\/2025\/11\/Ceremonia-oficial_110-300x300.jpg 300w, https:\/\/educationsuisse.ch\/wp-content\/uploads\/2025\/11\/Ceremonia-oficial_110-500x500.jpg 500w, https:\/\/educationsuisse.ch\/wp-content\/uploads\/2025\/11\/Ceremonia-oficial_110-1080x1080.jpg 1080w\" sizes=\"(max-width: 768px) 100vw, 768px\" \/>\t\t\t\t\t\t\t\t\t\t\t\t\t\t\t<\/div>\n\t\t\t\t<\/div>\n\t\t\t\t<\/div>\n\t\t<div class=\"elementor-element elementor-element-267e91b e-con-full e-flex e-con e-child\" data-id=\"267e91b\" data-element_type=\"container\" data-e-type=\"container\" data-settings=\"{&quot;background_background&quot;:&quot;classic&quot;}\">\n\t\t\t\t<div class=\"elementor-element elementor-element-6ca28fd elementor-widget elementor-widget-heading\" data-id=\"6ca28fd\" data-element_type=\"widget\" data-e-type=\"widget\" data-widget_type=\"heading.default\">\n\t\t\t\t<div class=\"elementor-widget-container\">\n\t\t\t\t\t<h2 class=\"elementor-heading-title elementor-size-default\">Jubil\u00e4umsfest 60 Jahre Schweizerschule in Mexiko-Stadt<\/h2>\t\t\t\t<\/div>\n\t\t\t\t<\/div>\n\t\t\t\t<div class=\"elementor-element elementor-element-f736bdc elementor-widget elementor-widget-theme-post-excerpt\" data-id=\"f736bdc\" data-element_type=\"widget\" data-e-type=\"widget\" data-widget_type=\"theme-post-excerpt.default\">\n\t\t\t\t<div class=\"elementor-widget-container\">\n\t\t\t\t\tRund 2600 Personen besuchten das rauschende Jubil\u00e4umsfest, darunter die Z\u00fcrcher Bildungsdirektorin Silvia Steiner....\t\t\t\t<\/div>\n\t\t\t\t<\/div>\n\t\t\t\t<div class=\"elementor-element elementor-element-1adb9a4 elementor-align-left elementor-absolute elementor-widget elementor-widget-post-info\" data-id=\"1adb9a4\" data-element_type=\"widget\" data-e-type=\"widget\" data-settings=\"{&quot;_position&quot;:&quot;absolute&quot;}\" data-widget_type=\"post-info.default\">\n\t\t\t\t<div class=\"elementor-widget-container\">\n\t\t\t\t\t\t\t<ul class=\"elementor-inline-items elementor-icon-list-items elementor-post-info\">\n\t\t\t\t\t\t\t\t<li class=\"elementor-icon-list-item elementor-repeater-item-ccc6763 elementor-inline-item\" itemprop=\"datePublished\">\n\t\t\t\t\t\t\t\t\t\t\t\t\t<span class=\"elementor-icon-list-text elementor-post-info__item elementor-post-info__item--type-date\">\n\t\t\t\t\t\t\t\t\t\t<time>24.11.25<\/time>\t\t\t\t\t<\/span>\n\t\t\t\t\t\t\t\t<\/li>\n\t\t\t\t<\/ul>\n\t\t\t\t\t\t<\/div>\n\t\t\t\t<\/div>\n\t\t\t\t<div class=\"elementor-element elementor-element-b1f70e1 elementor-absolute elementor-view-default elementor-widget elementor-widget-icon\" data-id=\"b1f70e1\" data-element_type=\"widget\" data-e-type=\"widget\" data-settings=\"{&quot;_position&quot;:&quot;absolute&quot;}\" data-widget_type=\"icon.default\">\n\t\t\t\t<div class=\"elementor-widget-container\">\n\t\t\t\t\t\t\t<div class=\"elementor-icon-wrapper\">\n\t\t\t<div class=\"elementor-icon\">\n\t\t\t<svg xmlns=\"http:\/\/www.w3.org\/2000\/svg\" width=\"24.52\" height=\"21.027\" viewBox=\"0 0 24.52 21.027\"><path id=\"arrow-right-solid\" d=\"M24.007,75.675a1.754,1.754,0,0,0,0-2.48l-8.758-8.758a1.753,1.753,0,1,0-2.48,2.48l5.775,5.769H1.752a1.752,1.752,0,1,0,0,3.5H18.539l-5.764,5.769a1.753,1.753,0,0,0,2.48,2.48l8.758-8.758Z\" transform=\"translate(0 -63.925)\"><\/path><\/svg>\t\t\t<\/div>\n\t\t<\/div>\n\t\t\t\t\t\t<\/div>\n\t\t\t\t<\/div>\n\t\t\t\t<\/div>\n\t\t\t\t<\/div>\n\t\t\t\t<\/div>\n\t\t<a href=\"https:\/\/educationsuisse.ch\/fr\/aktuelles\/jubilaeumsfest-60-jahre-schweizerschule-mexiko-stadt\/\" class=\"jet-engine-listing-overlay-link\"><\/a><\/div><\/div><\/div><\/div>\t\t\t\t<\/div>\n\t\t\t\t<\/div>\n\t\t\t\t<div class=\"elementor-element elementor-element-58324ee elementor-widget elementor-widget-jet-smart-filters-pagination\" data-id=\"58324ee\" data-element_type=\"widget\" data-e-type=\"widget\" data-widget_type=\"jet-smart-filters-pagination.default\">\n\t\t\t\t<div class=\"elementor-widget-container\">\n\t\t\t\t\t<div\n\t\t\t\tclass=\"jet-smart-filters-pagination jet-filter\"\n\t\t\t\tdata-apply-provider=\"jet-engine\"\n\t\t\t\tdata-content-provider=\"jet-engine\"\n\t\t\t\tdata-query-id=\"listing-aktuelles\"\n\t\t\t\tdata-controls=\"{&quot;items_enabled&quot;:true,&quot;pages_mid_size&quot;:1,&quot;pages_end_size&quot;:0,&quot;nav_enabled&quot;:true,&quot;prev&quot;:&quot;Zur\\u00fcck&quot;,&quot;next&quot;:&quot;Weiter&quot;,&quot;hide_inactive_nav&quot;:true,&quot;load_more_enabled&quot;:false,&quot;provider_top_offset&quot;:0}\"\n\t\t\t\tdata-apply-type=\"ajax\"\n\t\t\t><\/div>\t\t\t\t<\/div>\n\t\t\t\t<\/div>\n\t\t\t\t\t<\/div>\n\t\t\t\t<\/div>\n\t\t<div class=\"elementor-element elementor-element-049733b e-con-full e-flex e-con e-parent\" data-id=\"049733b\" data-element_type=\"container\" data-e-type=\"container\">\n\t\t\t\t<div class=\"elementor-element elementor-element-a1b97e4 elementor-widget elementor-widget-shortcode\" data-id=\"a1b97e4\" data-element_type=\"widget\" data-e-type=\"widget\" data-widget_type=\"shortcode.default\">\n\t\t\t\t<div class=\"elementor-widget-container\">\n\t\t\t\t\t\t\t<div class=\"elementor-shortcode\">\t\t<div data-elementor-type=\"section\" data-elementor-id=\"9657\" class=\"elementor elementor-9657\" data-elementor-post-type=\"elementor_library\">\n\t\t\t<!-- dce invisible element 81baaa2 --><div class=\"elementor-element elementor-element-220482e e-flex e-con-boxed e-con e-parent\" data-id=\"220482e\" data-element_type=\"container\" data-e-type=\"container\" data-settings=\"{&quot;enabled_visibility&quot;:&quot;yes&quot;,&quot;dce_visibility_selected&quot;:&quot;yes&quot;}\">\n\t\t\t\t\t<div class=\"e-con-inner\">\n\t\t\t\t<div class=\"elementor-element elementor-element-2007357 elementor-widget elementor-widget-heading\" data-id=\"2007357\" data-element_type=\"widget\" data-e-type=\"widget\" data-widget_type=\"heading.default\">\n\t\t\t\t<div class=\"elementor-widget-container\">\n\t\t\t\t\t<h2 class=\"elementor-heading-title elementor-size-default\">Le meilleur de deux mondes<\/h2>\t\t\t\t<\/div>\n\t\t\t\t<\/div>\n\t\t\t\t<div class=\"elementor-element elementor-element-5709d2a elementor-widget elementor-widget-text-editor\" data-id=\"5709d2a\" data-element_type=\"widget\" data-e-type=\"widget\" data-widget_type=\"text-editor.default\">\n\t\t\t\t<div class=\"elementor-widget-container\">\n\t\t\t\t\t\t\t\t\t<div><span class=\" author-d-1gg9uz65z1iz85zgdz68zmqkz84zo2qowz80ziz83ziz69zl2z79zz89zz83zhxez75zz67z4xz79zuz89zc6z76zz73zwz77z1pwz122zw\">Restez au courant des nouveaut\u00e9s dans le monde des \u00e9coles suisses \u00e0 l&#8217;\u00e9tranger en vous abonnant \u00e0 notre newsletter !<\/span><\/div><div><span class=\" author-d-1gg9uz65z1iz85zgdz68zmqkz84zo2qowz80ziz83ziz69zl2z79zz89zz83zhxez75zz67z4xz79zuz89zc6z76zz73zwz77z1pwz122zw\"><i data-stringify-type=\"italic\">La newsletter continue d&#8217;\u00eatre en allemand mais affiche des liens vers des contenus en fran\u00e7ais.<\/i><\/span><\/div>\t\t\t\t\t\t\t\t<\/div>\n\t\t\t\t<\/div>\n\t\t\t\t<div class=\"elementor-element elementor-element-441b326 elementor-button-align-end elementor-widget elementor-widget-form\" data-id=\"441b326\" data-element_type=\"widget\" data-e-type=\"widget\" data-settings=\"{&quot;step_next_label&quot;:&quot;Next&quot;,&quot;step_previous_label&quot;:&quot;Previous&quot;,&quot;button_width&quot;:&quot;100&quot;,&quot;step_type&quot;:&quot;number_text&quot;,&quot;step_icon_shape&quot;:&quot;circle&quot;}\" data-widget_type=\"form.default\">\n\t\t\t\t<div class=\"elementor-widget-container\">\n\t\t\t\t\t\t\t<form class=\"elementor-form\" method=\"post\" name=\"New Form\" aria-label=\"New Form\">\n\t\t\t<input type=\"hidden\" name=\"post_id\" value=\"9657\"\/>\n\t\t\t<input type=\"hidden\" name=\"form_id\" value=\"441b326\"\/>\n\t\t\t<input type=\"hidden\" name=\"referer_title\" value=\"\" \/>\n\n\t\t\t\n\t\t\t<div class=\"elementor-form-fields-wrapper elementor-labels-above\">\n\t\t\t\t\t\t\t\t<div class=\"elementor-field-type-text elementor-field-group elementor-column elementor-field-group-name elementor-col-50\">\n\t\t\t\t\t\t\t\t\t\t\t\t<label for=\"form-field-name\" class=\"elementor-field-label\">\n\t\t\t\t\t\t\t\tPr\u00e9nom\t\t\t\t\t\t\t<\/label>\n\t\t\t\t\t\t\t\t\t\t\t\t\t\t<input size=\"1\" type=\"text\" name=\"form_fields[name]\" id=\"form-field-name\" class=\"elementor-field elementor-size-sm  elementor-field-textual\">\n\t\t\t\t\t\t\t\t\t\t\t<\/div>\n\t\t\t\t\t\t\t\t<div class=\"elementor-field-type-text elementor-field-group elementor-column elementor-field-group-message elementor-col-50\">\n\t\t\t\t\t\t\t\t\t\t\t\t<label for=\"form-field-message\" class=\"elementor-field-label\">\n\t\t\t\t\t\t\t\tNom\t\t\t\t\t\t\t<\/label>\n\t\t\t\t\t\t\t\t\t\t\t\t\t\t<input size=\"1\" type=\"text\" name=\"form_fields[message]\" id=\"form-field-message\" class=\"elementor-field elementor-size-sm  elementor-field-textual\">\n\t\t\t\t\t\t\t\t\t\t\t<\/div>\n\t\t\t\t\t\t\t\t<div class=\"elementor-field-type-email elementor-field-group elementor-column elementor-field-group-email elementor-col-100 elementor-field-required\">\n\t\t\t\t\t\t\t\t\t\t\t\t<label for=\"form-field-email\" class=\"elementor-field-label\">\n\t\t\t\t\t\t\t\tCourriel\t\t\t\t\t\t\t<\/label>\n\t\t\t\t\t\t\t\t\t\t\t\t\t\t<input size=\"1\" type=\"email\" name=\"form_fields[email]\" id=\"form-field-email\" class=\"elementor-field elementor-size-sm  elementor-field-textual\" required=\"required\">\n\t\t\t\t\t\t\t\t\t\t\t<\/div>\n\t\t\t\t\t\t\t\t<div class=\"elementor-field-type-acceptance elementor-field-group elementor-column elementor-field-group-field_98aff1b elementor-col-100 elementor-field-required\">\n\t\t\t\t\t\t\t<div class=\"elementor-field-subgroup\">\n\t\t\t<span class=\"elementor-field-option\">\n\t\t\t\t<input type=\"checkbox\" name=\"form_fields[field_98aff1b]\" id=\"form-field-field_98aff1b\" class=\"elementor-field elementor-size-sm  elementor-acceptance-field\" required=\"required\">\n\t\t\t\t<label for=\"form-field-field_98aff1b\">J'ai lu la <a href=\"https:\/\/educationsuisse.ch\/fr\/declaration-de-protection-des-donnees\/\">d\u00e9claration de confidentialit\u00e9<\/a> et je l'accepte.<\/label>\t\t\t<\/span>\n\t\t<\/div>\n\t\t\t\t\t\t<\/div>\n\t\t\t\t\t\t\t\t<div class=\"elementor-field-type-recaptcha_v3 elementor-field-group elementor-column elementor-field-group-field_c4ecc1c elementor-col-100 recaptcha_v3-inline\">\n\t\t\t\t\t<div class=\"elementor-field\" id=\"form-field-field_c4ecc1c\"><div class=\"elementor-g-recaptcha\" data-sitekey=\"6LcauRAsAAAAAIIIp7lr9-WviW8IdGbDMicB_iLM\" data-type=\"v3\" data-action=\"Form\" data-badge=\"inline\" data-size=\"invisible\"><\/div><\/div>\t\t\t\t<\/div>\n\t\t\t\t\t\t\t\t<div class=\"elementor-field-type-hidden elementor-field-group elementor-column elementor-field-group-field_382e7f3 elementor-col-100\">\n\t\t\t\t\t\t\t\t\t\t\t\t\t<input size=\"1\" type=\"hidden\" name=\"form_fields[field_382e7f3]\" id=\"form-field-field_382e7f3\" class=\"elementor-field elementor-size-sm  elementor-field-textual\" value=\"FR\">\n\t\t\t\t\t\t\t\t\t\t\t<\/div>\n\t\t\t\t\t\t\t\t<div class=\"elementor-field-group elementor-column elementor-field-type-submit elementor-col-100 e-form__buttons\">\n\t\t\t\t\t<button class=\"elementor-button elementor-size-sm\" type=\"submit\">\n\t\t\t\t\t\t<span class=\"elementor-button-content-wrapper\">\n\t\t\t\t\t\t\t\t\t\t\t\t\t\t\t\t\t\t\t\t\t\t<span class=\"elementor-button-text\">Anmelden<\/span>\n\t\t\t\t\t\t\t\t\t\t\t\t\t<\/span>\n\t\t\t\t\t<\/button>\n\t\t\t\t<\/div>\n\t\t\t<\/div>\n\t\t<\/form>\n\t\t\t\t\t\t<\/div>\n\t\t\t\t<\/div>\n\t\t\t\t\t<\/div>\n\t\t\t\t<\/div>\n\t\t\t\t<\/div>\n\t\t<\/div>\n\t\t\t\t\t\t<\/div>\n\t\t\t\t<\/div>\n\t\t\t\t<\/div>\n\t\t\t\t<\/div>\n\t\t","protected":false},"excerpt":{"rendered":"<p>Qui sont les enseignants et les directeurs des \u00e9coles suisses \u00e0 l'\u00e9tranger ? Quelles sont les formations suivies par les jeunes Suisses de l'\u00e9tranger en Suisse et d'o\u00f9 viennent-ils ? Et quels sont les rapports des \u00e9coles et du secr\u00e9tariat ? D\u00e9couvrez-le ici ! Filtre checkbox Actualit\u00e9s Formation educationsuisse Ev\u00e9nements Ecoles Supprimer le filtre 02.06.25 26.05.25 26.05.25 20.05.25 28.04.25 16.04.25 13.04.25 11.04.25 08.04.25 25.03.25 24.03.25 04.03.25<\/p>","protected":false},"author":4,"featured_media":0,"parent":0,"menu_order":0,"comment_status":"closed","ping_status":"closed","template":"elementor_header_footer","meta":{"_acf_changed":false,"footnotes":""},"rubriken":[],"class_list":["post-10847","page","type-page","status-publish","hentry"],"acf":[],"_links":{"self":[{"href":"https:\/\/educationsuisse.ch\/fr\/wp-json\/wp\/v2\/pages\/10847","targetHints":{"allow":["GET"]}}],"collection":[{"href":"https:\/\/educationsuisse.ch\/fr\/wp-json\/wp\/v2\/pages"}],"about":[{"href":"https:\/\/educationsuisse.ch\/fr\/wp-json\/wp\/v2\/types\/page"}],"author":[{"embeddable":true,"href":"https:\/\/educationsuisse.ch\/fr\/wp-json\/wp\/v2\/users\/4"}],"replies":[{"embeddable":true,"href":"https:\/\/educationsuisse.ch\/fr\/wp-json\/wp\/v2\/comments?post=10847"}],"version-history":[{"count":10,"href":"https:\/\/educationsuisse.ch\/fr\/wp-json\/wp\/v2\/pages\/10847\/revisions"}],"predecessor-version":[{"id":11079,"href":"https:\/\/educationsuisse.ch\/fr\/wp-json\/wp\/v2\/pages\/10847\/revisions\/11079"}],"wp:attachment":[{"href":"https:\/\/educationsuisse.ch\/fr\/wp-json\/wp\/v2\/media?parent=10847"}],"wp:term":[{"taxonomy":"rubriken","embeddable":true,"href":"https:\/\/educationsuisse.ch\/fr\/wp-json\/wp\/v2\/rubriken?post=10847"}],"curies":[{"name":"wp","href":"https:\/\/api.w.org\/{rel}","templated":true}]}}