{"id":9754,"date":"2024-03-08T23:56:10","date_gmt":"2024-03-08T22:56:10","guid":{"rendered":"https:\/\/educationsuisse.ch\/?post_type=aktuelles&#038;p=9754"},"modified":"2025-03-20T16:41:47","modified_gmt":"2025-03-20T15:41:47","slug":"formation-en-suisse-grace-au-conseil","status":"publish","type":"aktuelles","link":"https:\/\/educationsuisse.ch\/fr\/aktuelles\/ausbildung-in-der-schweiz-dank-beratung\/","title":{"rendered":"Du Canada \u00e0 la formation en Suisse"},"content":{"rendered":"<p><strong>Lors d'un semestre d'\u00e9change en Suisse, Cyril Dittli, double national suisse et canadien, a go\u00fbt\u00e9 \u00e0 la vie dans un magasin sp\u00e9cialis\u00e9 dans les v\u00e9los et les VTTs. Gr\u00e2ce au soutien d'educationsuisse lors de sa demande de bourse, ce Suisse de l'\u00e9tranger effectue aujourd'hui un apprentissage de m\u00e9canicien de bicyclettes. <\/strong><\/p>\n\n\n\n<p>\"Je m'appelle Cyril Dittli et je viens de St-Isidore, un petit village pr\u00e8s d'Ottawa, au Canada. J'y ai grandi dans une ferme et j'ai termin\u00e9 mes \u00e9tudes secondaires avec succ\u00e8s. <\/p>\n\n\n\n<p>Mes parents ont \u00e9migr\u00e9 de Lucerne au Canada il y a 35 ans pour commencer une nouvelle aventure. A cette \u00e9poque, il y avait un grand nombre d'\u00e9migrants suisses qui s'installaient dans cette r\u00e9gion du Canada. J'ai donc toujours \u00e9t\u00e9 en contact avec d'autres familles suisses et mes parents ne me parlaient qu'en allemand. <\/p>\n\n\n\n<h2 class=\"wp-block-heading\">L'\u00e9t\u00e9 en Suisse<\/h2>\n\n\n\n<p>A l'\u00e9cole, je parlais anglais et fran\u00e7ais. Tous les samedis, j'allais \u00e0 l'\u00e9cole de langue allemande. Quand j'\u00e9tais jeune, je n'aimais pas trop devoir en plus aller \u00e0 l'\u00e9cole tous les samedis, mais maintenant je suis reconnaissant.<\/p>\n\n\n\n<p>Comme je pouvais passer chaque \u00e9t\u00e9 des vacances chez mes grands-parents en Suisse, j'ai \u00e9galement fait la connaissance de nouveaux coll\u00e8gues en Suisse. En 10e ann\u00e9e, j'ai pass\u00e9 six mois \u00e0 la Kanti Sursee en tant qu'\u00e9l\u00e8ve d'\u00e9change. Pendant ce semestre d'\u00e9change, j'ai eu l'occasion de faire une semaine d'essai dans un magasin sp\u00e9cialis\u00e9 dans les v\u00e9los et les VTTs. <\/p>\n\n\n\n<h2 class=\"wp-block-heading\">Apprentissage par appel t\u00e9l\u00e9phonique depuis le Canada<\/h2>\n\n\n\n<p>Lorsque j'ai postul\u00e9 par t\u00e9l\u00e9phone depuis le Canada aupr\u00e8s de cette entreprise pour une place d'apprentissage de m\u00e9canicien de bicyclettes, l'entreprise m'a embauch\u00e9 \u00e0 bras ouverts comme apprenti. Le mois suivant, j'ai fait mes valises et j'ai d\u00e9m\u00e9nag\u00e9 \u00e0 Meggen, Lucerne. C'est l'endroit id\u00e9al pour se rendre \u00e0 v\u00e9lo au magasin en 10 minutes ou \u00e0 l'\u00e9cole en 20 minutes. Cela serait inimaginable au Canada !<\/p>\n\n\n\n<p>Je n'ai pas eu trop de mal \u00e0 m'habituer \u00e0 l'\u00e9cole ici en Suisse. La vie en Suisse est certainement diff\u00e9rente de celle au Canada, mais je trouve int\u00e9ressant de mieux conna\u00eetre la culture suisse. En Suisse, tout est tr\u00e8s proche, ce qui a ses avantages, mais aussi ses inconv\u00e9nients. <\/p>\n\n\n\n<p>Je trouve \u00e7a tellement g\u00e9nial de pouvoir aller sur les pistes de ski le matin et de pouvoir d\u00e9valer en v\u00e9lo et t-shirt les sentiers l'apr\u00e8s-midi, presque comme en \u00e9t\u00e9. Ce que j'ai trouv\u00e9 le plus difficile, c'est de ne plus voir mes coll\u00e8gues de l'\u00e9cole secondaire aussi souvent. Mais nous avons r\u00e9ussi \u00e0 garder le contact et certains de mes coll\u00e8gues sont m\u00eame venu\u00b7e\u00b7s me rendre visite en Suisse pendant les vacances.<\/p>\n\n\n\n<figure class=\"wp-block-image size-large\"><img fetchpriority=\"high\" decoding=\"async\" width=\"683\" height=\"1024\" src=\"https:\/\/educationsuisse.ch\/wp-content\/uploads\/2024\/05\/Cyril_2-1-683x1024.jpg\" alt=\"educationsuisse - formation en Suisse - cyril dittli - rapport d&#039;exp\u00e9rience\" class=\"wp-image-9751\" srcset=\"https:\/\/educationsuisse.ch\/wp-content\/uploads\/2024\/05\/Cyril_2-1-683x1024.jpg 683w, https:\/\/educationsuisse.ch\/wp-content\/uploads\/2024\/05\/Cyril_2-1-200x300.jpg 200w, https:\/\/educationsuisse.ch\/wp-content\/uploads\/2024\/05\/Cyril_2-1-768x1152.jpg 768w, https:\/\/educationsuisse.ch\/wp-content\/uploads\/2024\/05\/Cyril_2-1-1024x1536.jpg 1024w, https:\/\/educationsuisse.ch\/wp-content\/uploads\/2024\/05\/Cyril_2-1-1365x2048.jpg 1365w, https:\/\/educationsuisse.ch\/wp-content\/uploads\/2024\/05\/Cyril_2-1-8x12.jpg 8w, https:\/\/educationsuisse.ch\/wp-content\/uploads\/2024\/05\/Cyril_2-1-scaled.jpg 1707w\" sizes=\"(max-width: 683px) 100vw, 683px\" \/><figcaption class=\"wp-element-caption\">Fan de ski et de v\u00e9lo, Cyril Dittli, originaire du Canada, effectue un apprentissage en Suisse.<\/figcaption><\/figure>\n\n\n\n<p>Ce qui me pla\u00eet le plus, c'est l'autonomie que j'ai acquise. Apr\u00e8s avoir termin\u00e9 mon apprentissage, je continuerai \u00e0 travailler ici, car j'appr\u00e9cie la discipline et le plaisir du travail bien fait. Je suis fier d'\u00eatre suisse, mais je suis surtout fier d'\u00eatre double national.<\/p>\n\n\n\n<h2 class=\"wp-block-heading\">Merci \u00e0 educationsuisse pour son soutien<\/h2>\n\n\n\n<p>Les co\u00fbts \u00e9lev\u00e9s de la vie en Suisse n'\u00e9taient pas un mythe, je n'aurais jamais pu commencer un apprentissage en Suisse sans le soutien financier de mon canton d'origine, Uri. Je profite de ces quelques lignes pour exprimer ma profonde gratitude \u00e0 tous et toutes qui m'ont soutenu. <\/p>\n\n\n\n<p>Un grand merci \u00e9galement \u00e0 l'association educationsuisse et \u00e0 sa collaboratrice Anja L\u00f6tscher qui m'a soutenu lors de ma demande de bourse et m'a toujours aid\u00e9 lorsque quelque chose n'\u00e9tait pas claire. <\/p>\n\n\n\n<p>Mes grands-parents ont jou\u00e9 un r\u00f4le tr\u00e8s important pendant ma formation ici en Suisse, car je pouvais d\u00e9jeuner chez eux tous les midis. Mes parents m'ont aid\u00e9 dans les t\u00e2ches administratives et m'ont souvent soutenu \u00e9motionnellement par t\u00e9l\u00e9phone, car ce n'\u00e9tait pas si facile de vivre seul pour la premi\u00e8re fois et, en plus, d'\u00eatre si loin de chez soi. <\/p>\n\n\n\n<p>Un grand merci \u00e9galement \u00e0 mon entreprise formatrice qui m'a donn\u00e9 la chance de faire un apprentissage en Suisse ; et ce, m\u00eame si je n'\u00e9tais pas encore en Suisse au moment de ma candidature. Je n'oublierai jamais cette formidable exp\u00e9rience et surtout, les magnifiques paysages de la Suisse resteront \u00e0 jamais grav\u00e9s dans ma m\u00e9moire !\"<\/p>\n\n\n\n<div class=\"wp-block-buttons is-layout-flex wp-block-buttons-is-layout-flex\">\n<div class=\"wp-block-button\"><a class=\"wp-block-button__link wp-element-button\" href=\"https:\/\/educationsuisse.ch\/wp-content\/uploads\/2023\/11\/NEU_Broschuere_Erfahrungsberichte_2022.pdf\" target=\"_blank\" rel=\"noreferrer noopener\">Plus de t\u00e9moignages<\/a><\/div>\n<\/div>","protected":false},"excerpt":{"rendered":"<p>Cyril Dittli, Suisse de l'\u00e9tranger n\u00e9 au Canada, fait un apprentissage de m\u00e9canicien sur bicyclette gr\u00e2ce au soutien d'educationsuisse.<\/p>","protected":false},"featured_media":9753,"template":"","filter-aktuelles":[195],"class_list":["post-9754","aktuelles","type-aktuelles","status-publish","has-post-thumbnail","hentry","filter-aktuelles-ausbildung"],"acf":[],"_links":{"self":[{"href":"https:\/\/educationsuisse.ch\/fr\/wp-json\/wp\/v2\/aktuelles\/9754","targetHints":{"allow":["GET"]}}],"collection":[{"href":"https:\/\/educationsuisse.ch\/fr\/wp-json\/wp\/v2\/aktuelles"}],"about":[{"href":"https:\/\/educationsuisse.ch\/fr\/wp-json\/wp\/v2\/types\/aktuelles"}],"wp:featuredmedia":[{"embeddable":true,"href":"https:\/\/educationsuisse.ch\/fr\/wp-json\/wp\/v2\/media\/9753"}],"wp:attachment":[{"href":"https:\/\/educationsuisse.ch\/fr\/wp-json\/wp\/v2\/media?parent=9754"}],"wp:term":[{"taxonomy":"filter-aktuelles","embeddable":true,"href":"https:\/\/educationsuisse.ch\/fr\/wp-json\/wp\/v2\/filter-aktuelles?post=9754"}],"curies":[{"name":"wp","href":"https:\/\/api.w.org\/{rel}","templated":true}]}}