{"id":7619,"date":"2023-10-31T16:29:46","date_gmt":"2023-10-31T15:29:46","guid":{"rendered":"https:\/\/edu-staging.millywilly.website\/?post_type=aktuelles&#038;p=7619"},"modified":"2025-03-20T16:42:27","modified_gmt":"2025-03-20T15:42:27","slug":"un-suisse-de-letranger-etudie-en-suisse-grace-a-des-bourses-detudes","status":"publish","type":"aktuelles","link":"https:\/\/educationsuisse.ch\/fr\/aktuelles\/auslandschweizer-studiert-dank-stipendien-in-schweiz\/","title":{"rendered":"Un Suisse de l'\u00e9tranger \u00e9tudie en Suisse gr\u00e2ce \u00e0 des bourses d'\u00e9tudes"},"content":{"rendered":"<p><strong>Le Suisse de l'\u00e9tranger W\u00eandabo Andr\u00e9 Kientega est revenu d'Afrique en Suisse pour y faire ses \u00e9tudes secondaires. Il raconte ici comment il s'est d\u00e9brouill\u00e9 pendant cette p\u00e9riode et plus tard au service militaire et \u00e0 la haute \u00e9cole sp\u00e9cialis\u00e9e.<\/strong><\/p>\n\n\n\n<p>\"Je suis n\u00e9e en 1998 dans le canton de Zoug, mais je n'y ai v\u00e9cu que quelques ann\u00e9es avant que ma famille ne d\u00e9m\u00e9nage \u00e0 Neuch\u00e2tel, o\u00f9 j'ai appris le fran\u00e7ais et fr\u00e9quent\u00e9 l'\u00e9cole maternelle et primaire.<\/p>\n\n\n\n<p>\u00c9tant donn\u00e9 que mes parents ont fond\u00e9 <a href=\"https:\/\/wendbenedo.org\/\" target=\"_blank\" rel=\"noopener\">ONG W\u00eandbenedo FEED<\/a> pour aider les femmes et les enfants dans le besoin, nous avons d\u00e9m\u00e9nag\u00e9 au Burkina Faso en 2009. Nous habitions \u00e0 la p\u00e9riph\u00e9rie de la ville de Bobo Dioulasso. Les coupures d'eau et d'\u00e9lectricit\u00e9 \u00e9taient monnaie courante. Ce fut un v\u00e9ritable choc culturel, mais aussi une exp\u00e9rience enrichissante.<\/p>\n\n\n\n<p>J'ai fr\u00e9quent\u00e9 une \u00e9cole fran\u00e7aise o\u00f9 la majorit\u00e9 des \u00e9l\u00e8ves \u00e9taient burkinab\u00e9\u00b7e\u00b7s, mais il y avait aussi des jeunes de nombreuses autres nationalit\u00e9s. Comme l'\u00e9cole ne proposait pas de gymnase, j'ai d\u00e9cid\u00e9, en raison de la qualit\u00e9 de l'enseignement, de retourner en Suisse pour poursuivre mes \u00e9tudes et retrouver mes amis d'enfance. <\/p>\n\n\n\n<h2 class=\"wp-block-heading\">A 15 ans, seul en Suisse<\/h2>\n\n\n\n<p>C'est ainsi qu'\u00e0 l'\u00e2ge de 15 ans, je suis retourn\u00e9 seul dans le canton de Neuch\u00e2tel, o\u00f9 j'ai suivi le gymnase. Pendant ces trois ann\u00e9es, j'ai habit\u00e9 chez des amis de la famille. Comme je revenais toujours en Suisse une fois par an pendant mon s\u00e9jour au Burkina Faso, je me suis vite r\u00e9adapt\u00e9. N\u00e9anmoins, au d\u00e9but, c'\u00e9tait difficile d'\u00eatre s\u00e9par\u00e9 de ma famille.<\/p>\n\n\n\n<p>Apr\u00e8s avoir termin\u00e9 le gymnase, je ne savais pas exactement comment continuer. J'ai donc d\u00e9cid\u00e9 de faire une ann\u00e9e interm\u00e9diaire, pendant laquelle j'ai effectu\u00e9 mon \u00e9cole de recrues au Tessin et fait diff\u00e9rents stages pour trouver ma voie. Finalement, j'ai trouv\u00e9 ce qui m'int\u00e9ressait vraiment : la formation d'agronome dans une haute \u00e9cole sp\u00e9cialis\u00e9e.<\/p>\n\n\n\n<figure class=\"wp-block-pullquote has-text-align-left\"><blockquote><p>\"Finalement, j'ai trouv\u00e9 ce qui m'int\u00e9ressait vraiment : la formation d'agronome dans une haute \u00e9cole sp\u00e9cialis\u00e9e\".<\/p><cite>W\u00eandabo Andr\u00e9 Kientega<\/cite><\/blockquote><\/figure>\n\n\n\n<p>Pour ce faire, j'ai d\u00fb effectuer des stages de dix mois chez des agriculteur\u00b7rice\u00b7s des cantons de Fribourg, Vaud et Gen\u00e8ve, avant d'\u00eatre admis \u00e0 l'Universit\u00e9 de Fribourg. <a href=\"https:\/\/www.hesge.ch\/hepia\/\" target=\"_blank\" rel=\"noopener\">Haute \u00e9cole du paysage, d'ing\u00e9nierie et d'architecture<\/a> (HEPIA) \u00e0 Gen\u00e8ve. Les \u00e9tudes me plaisent beaucoup avec leurs th\u00e8mes vari\u00e9s et actuels comme la souverainet\u00e9 alimentaire de la Suisse, l'utilisation des pesticides, l'agriculture biologique.<\/p>\n\n\n\n<p>Malheureusement, j'ai d\u00fb prolonger mes \u00e9tudes d'un an, car j'ai \u00e9t\u00e9 convoqu\u00e9 par l'arm\u00e9e en tant que soldat sanitaire pendant la pand\u00e9mie de coronavirus. J'ai \u00e9t\u00e9 attribu\u00e9 \u00e0 un EMS \u00e0 Lausanne pour m'occuper de patient\u00b7e\u00b7s \u00e2g\u00e9\u00b7e\u00b7s dans la zone de quarantaine. <\/p>\n\n\n\n<p>Je suis heureux d'avoir pu me rendre utile, mais il \u00e9tait douloureux de voir ces personnes isol\u00e9es de leur famille et de leurs ami\u00b7e\u00b7s. C'\u00e9tait une p\u00e9riode avec beaucoup d'incertitudes. Malgr\u00e9 tout, j'ai essay\u00e9 de suivre quelques cours en ligne pendant mes jours de cong\u00e9. C'\u00e9tait une p\u00e9riode difficile, comme pour beaucoup d'autres personnes.<\/p>\n\n\n\n<h2 class=\"wp-block-heading\">Obtenir un master gr\u00e2ce \u00e0 des bourses<\/h2>\n\n\n\n<p>Je suis en train de terminer mes \u00e9tudes de bachelor. Mon travail de bachelor porte sur l'utilisation des rayons ultraviolets pour lutter contre les agents pathog\u00e8nes dans les cultures, afin de pouvoir se passer de fongicides. <\/p>\n\n\n\n<p>J'h\u00e9sitais entre encha\u00eener directement avec le master ou travailler un peu d'abord. Maintenant, je commence un master en agronomie avec une sp\u00e9cialisation en syst\u00e8mes de production durables.<\/p>\n\n\n\n<p>C'est surtout gr\u00e2ce aux bourses de mon canton d'origine, Appenzell Rhodes-Ext\u00e9rieures, que j'ai pu suivre ma formation. Je suis tr\u00e8s reconnaissant pour toute l'aide que j'ai re\u00e7ue tout au long de mon parcours, qui n'a pas \u00e9t\u00e9 facile, mais je suis maintenant sur la derni\u00e8re ligne droite.<\/p>\n\n\n\n<p>Si je peux donner un conseil aux jeunes Suisses\u00b7ses de l'\u00e9tranger qui viennent en Suisse pour une formation, c'est de trouver sur place des personnes sur lesquelles il\u00b7elle\u00b7s peuvent compter. Il n'est pas facile, surtout quand on est jeune, de vivre sans sa propre famille. Il est bon de savoir \u00e0 qui demander de l'aide ou des informations\".<\/p>\n\n\n\n<div class=\"wp-block-buttons is-layout-flex wp-block-buttons-is-layout-flex\">\n<div class=\"wp-block-button\"><a class=\"wp-block-button__link wp-element-button\" href=\"https:\/\/educationsuisse.ch\/wp-content\/uploads\/2023\/11\/NEU_Broschuere_Erfahrungsberichte_2022.pdf\" target=\"_blank\" rel=\"noreferrer noopener\">Plus de t\u00e9moignages<\/a><\/div>\n<\/div>","protected":false},"excerpt":{"rendered":"<p>Der Auslandschweizer W\u00eandabo Andr\u00e9 Kientega kam von Afrika zur\u00fcck in die Schweiz, um das Gymnasium zu absolvieren. Wie es ihm dabei und sp\u00e4ter im Milit\u00e4rdienst und an der Fachhochschule ergangen ist, erz\u00e4hlt er hier. \u00abIch bin 1998 im Kanton Zug geboren, habe aber nur einige Jahre dort gelebt, bevor meine Familie nach Neuenburg gezogen ist, [&hellip;]<\/p>\n","protected":false},"featured_media":7604,"template":"","filter-aktuelles":[195],"class_list":["post-7619","aktuelles","type-aktuelles","status-publish","has-post-thumbnail","hentry","filter-aktuelles-ausbildung"],"acf":[],"_links":{"self":[{"href":"https:\/\/educationsuisse.ch\/fr\/wp-json\/wp\/v2\/aktuelles\/7619","targetHints":{"allow":["GET"]}}],"collection":[{"href":"https:\/\/educationsuisse.ch\/fr\/wp-json\/wp\/v2\/aktuelles"}],"about":[{"href":"https:\/\/educationsuisse.ch\/fr\/wp-json\/wp\/v2\/types\/aktuelles"}],"wp:featuredmedia":[{"embeddable":true,"href":"https:\/\/educationsuisse.ch\/fr\/wp-json\/wp\/v2\/media\/7604"}],"wp:attachment":[{"href":"https:\/\/educationsuisse.ch\/fr\/wp-json\/wp\/v2\/media?parent=7619"}],"wp:term":[{"taxonomy":"filter-aktuelles","embeddable":true,"href":"https:\/\/educationsuisse.ch\/fr\/wp-json\/wp\/v2\/filter-aktuelles?post=7619"}],"curies":[{"name":"wp","href":"https:\/\/api.w.org\/{rel}","templated":true}]}}