{"id":4068,"date":"2023-04-03T12:39:34","date_gmt":"2023-04-03T10:39:34","guid":{"rendered":"https:\/\/edu-staging.millywilly.website\/?post_type=aktuelles&#038;p=4068"},"modified":"2023-11-29T21:05:00","modified_gmt":"2023-11-29T20:05:00","slug":"atelier-de-la-charte-de-lecole-suisse-de-catania","status":"publish","type":"aktuelles","link":"https:\/\/educationsuisse.ch\/fr\/aktuelles\/schweizerschule-catania-charta-workshop\/","title":{"rendered":"Ecole suisse de Catane : atelier sur la Charte"},"content":{"rendered":"<p><strong>Comment les \u00e9l\u00e8ves du primaire interpr\u00e8tent-il\u00b7elle\u00b7s le terme \"vivre ensemble\" ? Qu'entendent les \u00e9l\u00e8ves du secondaire par des valeurs telles que la tol\u00e9rance, le respect et l'ouverture ? Et comment r\u00e9ussir un \u00e9change entre les diff\u00e9rents niveaux sur ces \u00e9l\u00e9ments centraux de la Charte des \u00e9coles suisses \u00e0 l'\u00e9tranger ?<\/strong> <\/p>\n\n\n\n<p>En cr\u00e9ant une \u0153uvre d'art commune. Comme par exemple celle de l'\u00e9cole suisse de Catane. Environ 80 \u00e9l\u00e8ves, enseignant\u00b7e\u00b7s et membres du comit\u00e9 de l'\u00e9cole y ont particip\u00e9. <\/p>\n\n\n\n<figure class=\"wp-block-image size-large\"><img fetchpriority=\"high\" decoding=\"async\" width=\"1024\" height=\"768\" src=\"https:\/\/educationsuisse.ch\/wp-content\/uploads\/2023\/10\/Charta-WS-Catania1-1024x768.jpg\" alt=\"Ecole suisse de Catane - Scuola Svizzera Catania - Atelier sur la Charte\" class=\"wp-image-4066\" style=\"aspect-ratio:16\/9;object-fit:cover\" srcset=\"https:\/\/educationsuisse.ch\/wp-content\/uploads\/2023\/10\/Charta-WS-Catania1-1024x768.jpg 1024w, https:\/\/educationsuisse.ch\/wp-content\/uploads\/2023\/10\/Charta-WS-Catania1-300x225.jpg 300w, https:\/\/educationsuisse.ch\/wp-content\/uploads\/2023\/10\/Charta-WS-Catania1-768x576.jpg 768w, https:\/\/educationsuisse.ch\/wp-content\/uploads\/2023\/10\/Charta-WS-Catania1-1536x1152.jpg 1536w, https:\/\/educationsuisse.ch\/wp-content\/uploads\/2023\/10\/Charta-WS-Catania1-2048x1536.jpg 2048w, https:\/\/educationsuisse.ch\/wp-content\/uploads\/2023\/10\/Charta-WS-Catania1-16x12.jpg 16w\" sizes=\"(max-width: 1024px) 100vw, 1024px\" \/><figcaption class=\"wp-element-caption\">Ecole suisse de Catane - Scuola Svizzera Catania - Atelier sur la Charte<\/figcaption><\/figure>\n\n\n\n<p>Dans le cadre de six ateliers cr\u00e9atifs r\u00e9partis sur deux jours, il\u00b7elle\u00b7s se sont pench\u00e9\u00b7e\u00b7s sur les symboles et leur signification ainsi que sur le contenu de la Charte.<\/p>\n\n\n\n<h2 class=\"wp-block-heading\">Charte des \u00e9coles suisses \u00e0 l'\u00e9tranger<\/h2>\n\n\n\n<p>Encourag\u00e9s par Bruno Boll, graphiste et concepteur cr\u00e9atif, et Barbara Sulzer Smith, directrice de educationsuisse, les participant\u00b7e\u00b7s ont peint, dessin\u00e9 et coll\u00e9 leur compr\u00e9hension sur des fiches. <\/p>\n\n\n\n<p>C'est ainsi qu'est n\u00e9e, par \u00e9tapes, une \u0153uvre d'art multi-th\u00e9matique qui illustre la Charte des \u00e9coles suisses \u00e0 l'\u00e9tranger pour toutes les personnes de la <a href=\"https:\/\/educationsuisse.ch\/fr\/ecoles\/ecole-suisse-a-catania\/\">Communaut\u00e9 scolaire \u00e0 Catane<\/a> de mani\u00e8re tangible.<\/p>\n\n\n\n<p><\/p>\n\n\n\n<div class=\"wp-block-buttons is-layout-flex wp-block-buttons-is-layout-flex\">\n<div class=\"wp-block-button\"><a class=\"wp-block-button__link wp-element-button\" href=\"https:\/\/educationsuisse.ch\/fr\/charta\/\">\u00c0 propos de la charte<\/a><\/div>\n<\/div>","protected":false},"excerpt":{"rendered":"<p>Comment les \u00e9l\u00e8ves du primaire interpr\u00e8tent-ils le terme \"vivre ensemble\" ? Et qu'est-ce qu'une charte ?<\/p>","protected":false},"featured_media":4065,"template":"","filter-aktuelles":[197,193],"class_list":["post-4068","aktuelles","type-aktuelles","status-publish","has-post-thumbnail","hentry","filter-aktuelles-educationsuisse","filter-aktuelles-schulen"],"acf":[],"_links":{"self":[{"href":"https:\/\/educationsuisse.ch\/fr\/wp-json\/wp\/v2\/aktuelles\/4068","targetHints":{"allow":["GET"]}}],"collection":[{"href":"https:\/\/educationsuisse.ch\/fr\/wp-json\/wp\/v2\/aktuelles"}],"about":[{"href":"https:\/\/educationsuisse.ch\/fr\/wp-json\/wp\/v2\/types\/aktuelles"}],"wp:featuredmedia":[{"embeddable":true,"href":"https:\/\/educationsuisse.ch\/fr\/wp-json\/wp\/v2\/media\/4065"}],"wp:attachment":[{"href":"https:\/\/educationsuisse.ch\/fr\/wp-json\/wp\/v2\/media?parent=4068"}],"wp:term":[{"taxonomy":"filter-aktuelles","embeddable":true,"href":"https:\/\/educationsuisse.ch\/fr\/wp-json\/wp\/v2\/filter-aktuelles?post=4068"}],"curies":[{"name":"wp","href":"https:\/\/api.w.org\/{rel}","templated":true}]}}