{"id":11453,"date":"2025-12-02T18:30:13","date_gmt":"2025-12-02T17:30:13","guid":{"rendered":"https:\/\/educationsuisse.ch\/?post_type=aktuelles&#038;p=11453"},"modified":"2025-12-02T18:36:54","modified_gmt":"2025-12-02T17:36:54","slug":"defile-aux-lanternes-a-lecole-suisse-de-barcelone","status":"publish","type":"aktuelles","link":"https:\/\/educationsuisse.ch\/fr\/aktuelles\/laternenumzug-schweizerschule-in-barcelona\/","title":{"rendered":"D\u00e9fil\u00e9 aux lanternes \u00e0 l'\u00c9cole suisse de Barcelone"},"content":{"rendered":"<p><strong>L'un des \u00e9v\u00e9nements les plus importants \u00e0 l'\u00c9cole suisse de Barcelone est la procession aux lanternes organis\u00e9e le jour de la Saint-Martin. Des pr\u00e9paratifs \u00e0 la r\u00e9alisation, cette manifestation traditionnelle reste un excellent souvenir tant pour les enfants que pour les adultes.<\/strong><\/p>\n\n\n\n<figure class=\"wp-block-image size-large\"><a href=\"https:\/\/educationsuisse.ch\/wp-content\/uploads\/2025\/12\/Laternenfest-ESB_18.11.2025-2.jpg\"><img fetchpriority=\"high\" decoding=\"async\" width=\"1024\" height=\"683\" src=\"https:\/\/educationsuisse.ch\/wp-content\/uploads\/2025\/12\/Laternenfest-ESB_18.11.2025-2-1024x683.jpg\" alt=\"F\u00eate des lanternes \u00c9cole suisse \u00e0 Barcelone\" class=\"wp-image-11455\" srcset=\"https:\/\/educationsuisse.ch\/wp-content\/uploads\/2025\/12\/Laternenfest-ESB_18.11.2025-2-1024x683.jpg 1024w, https:\/\/educationsuisse.ch\/wp-content\/uploads\/2025\/12\/Laternenfest-ESB_18.11.2025-2-300x200.jpg 300w, https:\/\/educationsuisse.ch\/wp-content\/uploads\/2025\/12\/Laternenfest-ESB_18.11.2025-2-768x512.jpg 768w, https:\/\/educationsuisse.ch\/wp-content\/uploads\/2025\/12\/Laternenfest-ESB_18.11.2025-2-1536x1025.jpg 1536w, https:\/\/educationsuisse.ch\/wp-content\/uploads\/2025\/12\/Laternenfest-ESB_18.11.2025-2-18x12.jpg 18w, https:\/\/educationsuisse.ch\/wp-content\/uploads\/2025\/12\/Laternenfest-ESB_18.11.2025-2.jpg 2048w\" sizes=\"(max-width: 1024px) 100vw, 1024px\" \/><\/a><figcaption class=\"wp-element-caption\">Des lanternes faites maison ont illumin\u00e9 les rues de Barcelone pendant le d\u00e9fil\u00e9 aux lanternes.<\/figcaption><\/figure>\n\n\n\n<p>Au cours des semaines pr\u00e9c\u00e9dentes, les enfants de la maternelle et les \u00e9l\u00e8ves de premi\u00e8re ann\u00e9e avaient confectionn\u00e9 leurs lanternes avec beaucoup d'amour et de cr\u00e9ativit\u00e9 pendant les cours. Il\u00b7elle\u00b7s attendaient ce grand moment avec impatience et enthousiasme !<\/p>\n\n\n\n<p>Le 11 novembre, le grand jour \u00e9tait enfin arriv\u00e9 : accompagn\u00e9s de leurs enseignant\u00b7e\u00b7s, les plus jeunes de l' <a href=\"https:\/\/educationsuisse.ch\/fr\/ecoles\/ecole-suisse-a-barcelone\/\" data-type=\"schulen\" data-id=\"1512\">\u00c9cole suisse \u00e0 Barcelone<\/a> ont d\u00e9fil\u00e9 dans les rues avec leurs lanternes \u00e0 la tomb\u00e9e de la nuit, transformant celles-ci en une mer de lumi\u00e8res color\u00e9es.<\/p>\n\n\n\n<p>Avec leurs chants joyeux \u2013 des chansons de la Saint-Martin en allemand, en suisse allemand et une chanson sp\u00e9cialement adapt\u00e9e pour l'occasion en catalan \u2013, il\u00b7elle\u00b7s ont attir\u00e9 les regards admiratifs des passant\u00b7e\u00b7s et cr\u00e9\u00e9 un moment magique et plein d'ambiance.<\/p>\n\n\n\n<figure class=\"wp-block-gallery has-nested-images columns-default is-cropped wp-block-gallery-1 is-layout-flex wp-block-gallery-is-layout-flex\">\n<figure class=\"wp-block-image size-large\"><a href=\"https:\/\/educationsuisse.ch\/wp-content\/uploads\/2025\/12\/Laternenfest-ESB_18.11.2025-4.jpg\"><img decoding=\"async\" width=\"1024\" height=\"683\" data-id=\"11457\" src=\"https:\/\/educationsuisse.ch\/wp-content\/uploads\/2025\/12\/Laternenfest-ESB_18.11.2025-4-1024x683.jpg\" alt=\"Chanter lors de la f\u00eate des lanternes de l&#039;\u00e9cole suisse de Barcelone\" class=\"wp-image-11457\" srcset=\"https:\/\/educationsuisse.ch\/wp-content\/uploads\/2025\/12\/Laternenfest-ESB_18.11.2025-4-1024x683.jpg 1024w, https:\/\/educationsuisse.ch\/wp-content\/uploads\/2025\/12\/Laternenfest-ESB_18.11.2025-4-300x200.jpg 300w, https:\/\/educationsuisse.ch\/wp-content\/uploads\/2025\/12\/Laternenfest-ESB_18.11.2025-4-768x512.jpg 768w, https:\/\/educationsuisse.ch\/wp-content\/uploads\/2025\/12\/Laternenfest-ESB_18.11.2025-4-1536x1024.jpg 1536w, https:\/\/educationsuisse.ch\/wp-content\/uploads\/2025\/12\/Laternenfest-ESB_18.11.2025-4-18x12.jpg 18w, https:\/\/educationsuisse.ch\/wp-content\/uploads\/2025\/12\/Laternenfest-ESB_18.11.2025-4.jpg 2048w\" sizes=\"(max-width: 1024px) 100vw, 1024px\" \/><\/a><\/figure>\n\n\n\n<figure class=\"wp-block-image size-large\"><a href=\"https:\/\/educationsuisse.ch\/wp-content\/uploads\/2025\/12\/Laternenfest-ESB_18.11.2025-3.jpg\"><img decoding=\"async\" width=\"1024\" height=\"683\" data-id=\"11456\" src=\"https:\/\/educationsuisse.ch\/wp-content\/uploads\/2025\/12\/Laternenfest-ESB_18.11.2025-3-1024x683.jpg\" alt=\"Chanter lors de la f\u00eate des lanternes de l&#039;\u00e9cole suisse de Barcelone\" class=\"wp-image-11456\" srcset=\"https:\/\/educationsuisse.ch\/wp-content\/uploads\/2025\/12\/Laternenfest-ESB_18.11.2025-3-1024x683.jpg 1024w, https:\/\/educationsuisse.ch\/wp-content\/uploads\/2025\/12\/Laternenfest-ESB_18.11.2025-3-300x200.jpg 300w, https:\/\/educationsuisse.ch\/wp-content\/uploads\/2025\/12\/Laternenfest-ESB_18.11.2025-3-768x512.jpg 768w, https:\/\/educationsuisse.ch\/wp-content\/uploads\/2025\/12\/Laternenfest-ESB_18.11.2025-3-1536x1024.jpg 1536w, https:\/\/educationsuisse.ch\/wp-content\/uploads\/2025\/12\/Laternenfest-ESB_18.11.2025-3-18x12.jpg 18w, https:\/\/educationsuisse.ch\/wp-content\/uploads\/2025\/12\/Laternenfest-ESB_18.11.2025-3.jpg 2048w\" sizes=\"(max-width: 1024px) 100vw, 1024px\" \/><\/a><\/figure>\n<figcaption class=\"blocks-gallery-caption wp-element-caption\">Les plus jeunes ont apport\u00e9 de la lumi\u00e8re dans l'obscurit\u00e9 avec leurs lanternes et leurs chants.<\/figcaption><\/figure>\n\n\n\n<p>Apr\u00e8s le d\u00e9m\u00e9nagement, les enfants se sont rassembl\u00e9s dans la cour de l'\u00e9cole, o\u00f9 leurs parents les attendaient d\u00e9j\u00e0. Ensemble, il\u00b7elle\u00b7s ont entonn\u00e9 une nouvelle fois les chansons qu'il\u00b7elle\u00b7s avaient r\u00e9p\u00e9t\u00e9es, cl\u00f4turant ainsi en beaut\u00e9 cette belle soir\u00e9e.<\/p>\n\n\n\n<p>Cette ann\u00e9e encore, la lumi\u00e8re commune dans l'obscurit\u00e9 a montr\u00e9 de mani\u00e8re impressionnante \u00e0 quel point la communaut\u00e9 et la coh\u00e9sion sont pr\u00e9cieuses \u2013 pas seulement dans la vie scolaire quotidienne \u2013 et que des moments particuliers naissent lorsque l'on est ensemble.<\/p>\n\n\n\n<p>Auteur : Pascal Affolter, directeur de l'\u00e9cole suisse \u00e0 Barcelone<\/p>","protected":false},"excerpt":{"rendered":"<p>Avec leurs chants et la lumi\u00e8re de leurs lanternes, les plus jeunes ont illumin\u00e9 les rues de Barcelone...<\/p>","protected":false},"featured_media":11454,"template":"","filter-aktuelles":[193],"class_list":["post-11453","aktuelles","type-aktuelles","status-publish","has-post-thumbnail","hentry","filter-aktuelles-schulen"],"acf":[],"_links":{"self":[{"href":"https:\/\/educationsuisse.ch\/fr\/wp-json\/wp\/v2\/aktuelles\/11453","targetHints":{"allow":["GET"]}}],"collection":[{"href":"https:\/\/educationsuisse.ch\/fr\/wp-json\/wp\/v2\/aktuelles"}],"about":[{"href":"https:\/\/educationsuisse.ch\/fr\/wp-json\/wp\/v2\/types\/aktuelles"}],"wp:featuredmedia":[{"embeddable":true,"href":"https:\/\/educationsuisse.ch\/fr\/wp-json\/wp\/v2\/media\/11454"}],"wp:attachment":[{"href":"https:\/\/educationsuisse.ch\/fr\/wp-json\/wp\/v2\/media?parent=11453"}],"wp:term":[{"taxonomy":"filter-aktuelles","embeddable":true,"href":"https:\/\/educationsuisse.ch\/fr\/wp-json\/wp\/v2\/filter-aktuelles?post=11453"}],"curies":[{"name":"wp","href":"https:\/\/api.w.org\/{rel}","templated":true}]}}