{"id":10688,"date":"2025-03-24T15:03:39","date_gmt":"2025-03-24T14:03:39","guid":{"rendered":"https:\/\/educationsuisse.ch\/?post_type=aktuelles&#038;p=10688"},"modified":"2025-03-24T15:03:40","modified_gmt":"2025-03-24T14:03:40","slug":"etudes-en-suisse-grace-a-educationsuisse","status":"publish","type":"aktuelles","link":"https:\/\/educationsuisse.ch\/fr\/aktuelles\/studium-schweiz-dank-educationsuisse\/","title":{"rendered":"Aline et Lea du Costa Rica : \u00e9tudier en Suisse aussi gr\u00e2ce \u00e0 educationsuisse"},"content":{"rendered":"<p><strong>Aline et Lea, deux s\u0153urs costariciennes de parents suisses ont v\u00e9cu un choc culturel invers\u00e9 en arrivant en Suisse pour leurs \u00e9tudes. Gr\u00e2ce \u00e0 l'aide d'educationsuisse, elles ont obtenu des bourses d\u2019\u00e9tudes de leur canton d\u2019origine pour achever un bachelor en biologie et bient\u00f4t un master en biologie et en neurosciences.<\/strong><\/p>\n\n\n\n<p>\u00abSalut ! Nous sommes Aline et Lea, deux s\u0153urs n\u00e9es au Costa Rica d\u2019un p\u00e8re hispano-suisse et d\u2019une m\u00e8re \u00abSchwiizerd\u00fctsch\u00bb. \u00c0 part nous quatre, aucun autre membre de notre famille ne vivait l\u00e0-bas. <\/p>\n\n\n\n<p>Nos parents nous parlaient principalement en espagnol, et nous avons suivi toute notre scolarit\u00e9 dans des \u00e9coles costariciennes. Nous avons fait les \u00e9tudes secondaires dans une \u00e9cole publique nouvellement accr\u00e9dit\u00e9e pour le programme du Baccalaur\u00e9at International (IB). <\/p>\n\n\n\n<h2 class=\"wp-block-heading\">Du semestre \u00e0 l'\u00e9tranger aux \u00e9tudes<\/h2>\n\n\n\n<p>M\u00eame si nous savions que nous \u00e9tions suisses, cela nous semblait plus \u00eatre un fait amusant \u00e0 propos de nos parents qu\u2019\u00e0 propos de nous-m\u00eames. Nous sommes all\u00e9es en Suisse deux fois quand nous \u00e9tions petites et une fois quand nous \u00e9tions pr\u00e9adolescentes.<\/p>\n\n\n\n<figure class=\"wp-block-image size-large\"><img fetchpriority=\"high\" decoding=\"async\" width=\"1024\" height=\"768\" src=\"https:\/\/educationsuisse.ch\/wp-content\/uploads\/2025\/03\/aline_lea_cousin-1-1024x768.jpg\" alt=\"\" class=\"wp-image-10691\" srcset=\"https:\/\/educationsuisse.ch\/wp-content\/uploads\/2025\/03\/aline_lea_cousin-1-1024x768.jpg 1024w, https:\/\/educationsuisse.ch\/wp-content\/uploads\/2025\/03\/aline_lea_cousin-1-300x225.jpg 300w, https:\/\/educationsuisse.ch\/wp-content\/uploads\/2025\/03\/aline_lea_cousin-1-768x576.jpg 768w, https:\/\/educationsuisse.ch\/wp-content\/uploads\/2025\/03\/aline_lea_cousin-1-1536x1152.jpg 1536w, https:\/\/educationsuisse.ch\/wp-content\/uploads\/2025\/03\/aline_lea_cousin-1-2048x1536.jpg 2048w, https:\/\/educationsuisse.ch\/wp-content\/uploads\/2025\/03\/aline_lea_cousin-1-16x12.jpg 16w\" sizes=\"(max-width: 1024px) 100vw, 1024px\" \/><figcaption class=\"wp-element-caption\">Les Suissesses de l'\u00e9tranger Aline (\u00e0 gauche) et Lea (\u00e0 droite), originaires du Costa Rica, aiment passer leur temps libre en Suisse avec des membres de leur famille comme leur cousine (au milieu). <\/figcaption><\/figure>\n\n\n\n<p>Apr\u00e8s avoir termin\u00e9 l\u2019\u00e9quivalent du gymnase, nos parents nous ont offert un semestre de cours de fran\u00e7ais en Suisse. Nous avons pris l\u2019avion pour l\u2019Europe le 31 d\u00e9cembre, c\u00e9l\u00e9br\u00e9 le compte \u00e0 rebours du Nouvel An au-dessus de l'oc\u00e9an et atterri le 1er janvier 2019. C'est ce qu'on appelle un nouveau d\u00e9part !<\/p>\n\n\n\n<p>Nous avons ressenti une sorte de choc culturel invers\u00e9. Soudainement, nos pr\u00e9noms n\u2019\u00e9taient plus impronon\u00e7ables. Plus personne ne nous demandait d\u2019o\u00f9 nous venions \u00ab vraiment \u00bb. <\/p>\n\n\n\n<p>La beaut\u00e9 de la Suisse r\u00e9side aussi dans sa diversit\u00e9. Il n\u2019est pas rare que les gens viennent d\u2019autres horizons. Vous pouvez avoir un accent, mais qu\u2019importe, avec quatre langues nationales, beaucoup de personnes ont un accent !<\/p>\n\n\n\n<h2 class=\"wp-block-heading\">educationsuisse soutient<\/h2>\n\n\n\n<p>Nous avons s\u00e9journ\u00e9 chez notre tante pendant ce semestre. En voyant \u00e0 quel point nous aimions la Suisse, elle nous a demand\u00e9 si nous aimerions y faire nos \u00e9tudes. Nous n\u2019avions m\u00eame pas envisag\u00e9 cette possibilit\u00e9 ! Apr\u00e8s tout, le co\u00fbt de la vie \u00e9tait bien plus \u00e9lev\u00e9 qu\u2019au Costa Rica, ce qui nous semblait une difficult\u00e9 insurmontable.<\/p>\n\n\n\n<p>Notre tante avait entendu parler d\u2019educationsuisse. Sans trop savoir \u00e0 quoi nous attendre, nous avons pris rendez-vous avec eux. Une fois dans leurs bureaux \u00e0 Berne, nous avons rapidement d\u00e9couvert \u00e0 quel point l'\u00e9quipe \u00e9tait gentile et serviable. Il\u00b7elle\u00b7s nous ont expliqu\u00e9 nos options et les \u00e9tapes \u00e0 suivre.<\/p>\n\n\n\n<p>Quelques mois plus tard, nous avons commenc\u00e9 notre bachelor en biologie \u00e0 l\u2019Universit\u00e9 de Neuch\u00e2tel. Gr\u00e2ce \u00e0 l\u2019aide d\u2019educationsuisse, nous avons obtenu une bourse d\u2019\u00e9tudes de notre canton d\u2019origine Nidwald. <\/p>\n\n\n\n<p>Nos \u00e9tudes \u00e9taient aussi enrichissantes que difficiles. Combler le foss\u00e9 des connaissances a \u00e9t\u00e9 un d\u00e9fi. Nous avons consacr\u00e9 beaucoup d'heures d'\u00e9tude pour rattraper ce que nos camarades de classe avaient d\u00e9j\u00e0 appris au gymnase.<\/p>\n\n\n\n<figure class=\"wp-block-gallery has-nested-images columns-default is-cropped wp-block-gallery-1 is-layout-flex wp-block-gallery-is-layout-flex\">\n<figure class=\"wp-block-image size-large\"><img decoding=\"async\" width=\"1024\" height=\"768\" data-id=\"10692\" src=\"https:\/\/educationsuisse.ch\/wp-content\/uploads\/2025\/03\/aline_cervin-1024x768.jpg\" alt=\"\" class=\"wp-image-10692\" srcset=\"https:\/\/educationsuisse.ch\/wp-content\/uploads\/2025\/03\/aline_cervin-1024x768.jpg 1024w, https:\/\/educationsuisse.ch\/wp-content\/uploads\/2025\/03\/aline_cervin-300x225.jpg 300w, https:\/\/educationsuisse.ch\/wp-content\/uploads\/2025\/03\/aline_cervin-768x576.jpg 768w, https:\/\/educationsuisse.ch\/wp-content\/uploads\/2025\/03\/aline_cervin-1536x1152.jpg 1536w, https:\/\/educationsuisse.ch\/wp-content\/uploads\/2025\/03\/aline_cervin-2048x1536.jpg 2048w, https:\/\/educationsuisse.ch\/wp-content\/uploads\/2025\/03\/aline_cervin-16x12.jpg 16w\" sizes=\"(max-width: 1024px) 100vw, 1024px\" \/><\/figure>\n\n\n\n<figure class=\"wp-block-image size-large\"><img decoding=\"async\" width=\"1024\" height=\"768\" data-id=\"10693\" src=\"https:\/\/educationsuisse.ch\/wp-content\/uploads\/2025\/03\/aline_uncle_aunt_cousin-1024x768.jpg\" alt=\"\" class=\"wp-image-10693\" srcset=\"https:\/\/educationsuisse.ch\/wp-content\/uploads\/2025\/03\/aline_uncle_aunt_cousin-1024x768.jpg 1024w, https:\/\/educationsuisse.ch\/wp-content\/uploads\/2025\/03\/aline_uncle_aunt_cousin-300x225.jpg 300w, https:\/\/educationsuisse.ch\/wp-content\/uploads\/2025\/03\/aline_uncle_aunt_cousin-768x576.jpg 768w, https:\/\/educationsuisse.ch\/wp-content\/uploads\/2025\/03\/aline_uncle_aunt_cousin-1536x1152.jpg 1536w, https:\/\/educationsuisse.ch\/wp-content\/uploads\/2025\/03\/aline_uncle_aunt_cousin-2048x1536.jpg 2048w, https:\/\/educationsuisse.ch\/wp-content\/uploads\/2025\/03\/aline_uncle_aunt_cousin-16x12.jpg 16w\" sizes=\"(max-width: 1024px) 100vw, 1024px\" \/><\/figure>\n\n\n\n<figure class=\"wp-block-image size-large\"><img loading=\"lazy\" decoding=\"async\" width=\"1024\" height=\"768\" data-id=\"10694\" src=\"https:\/\/educationsuisse.ch\/wp-content\/uploads\/2025\/03\/first_christmas_cousins_grandma-1024x768.jpg\" alt=\"\" class=\"wp-image-10694\" srcset=\"https:\/\/educationsuisse.ch\/wp-content\/uploads\/2025\/03\/first_christmas_cousins_grandma-1024x768.jpg 1024w, https:\/\/educationsuisse.ch\/wp-content\/uploads\/2025\/03\/first_christmas_cousins_grandma-300x225.jpg 300w, https:\/\/educationsuisse.ch\/wp-content\/uploads\/2025\/03\/first_christmas_cousins_grandma-768x576.jpg 768w, https:\/\/educationsuisse.ch\/wp-content\/uploads\/2025\/03\/first_christmas_cousins_grandma-1536x1152.jpg 1536w, https:\/\/educationsuisse.ch\/wp-content\/uploads\/2025\/03\/first_christmas_cousins_grandma-2048x1536.jpg 2048w, https:\/\/educationsuisse.ch\/wp-content\/uploads\/2025\/03\/first_christmas_cousins_grandma-16x12.jpg 16w\" sizes=\"(max-width: 1024px) 100vw, 1024px\" \/><\/figure>\n<figcaption class=\"blocks-gallery-caption wp-element-caption\">De gauche \u00e0 droite : Aline pose devant le Cervin ; Aline (2\u00e8me \u00e0 partir de la gauche) avec son oncle, sa tante et sa cousine ; et Aline et L\u00e9a (devant) lors de leur premi\u00e8re f\u00eate de No\u00ebl en Suisse avec leur grand-m\u00e8re et leurs cousins.<\/figcaption><\/figure>\n\n\n\n<p>En dehors des cours, il se passait \u00e9galement beaucoup. Nous avons beaucoup appris sur la Suisse. Nous avons rencontr\u00e9 le reste de notre famille et appris des histoires dr\u00f4les sur nos parents. <\/p>\n\n\n\n<p>C'\u00e9tait comme revenir \u00e0 un \u00ab chez-nous \u00bb dont nous ne savions pas qu'il existait. Nous avons appris \u00e0 skier dans les Alpes et \u00e0 faire de la plong\u00e9e dans les lacs. Nous avons am\u00e9lior\u00e9 notre fran\u00e7ais et apprenons actuellement l'allemand.<\/p>\n\n\n\n<h2 class=\"wp-block-heading\">Obtenir une nouvelle vie<\/h2>\n\n\n\n<p>Aujourd\u2019hui, avec un bachelor en biologie en poche, Lea suit un master en biologie mol\u00e9culaire et cellulaire \u00e0 l\u2019Universit\u00e9 de Berne tandis que Aline fait un master en neurosciences \u00e0 l\u2019Universit\u00e9 de Zurich. Prochain d\u00e9fi : trouver notre place sur le march\u00e9 du travail.<\/p>\n\n\n\n<p>Tout ceci n\u2019aurait jamais pu se r\u00e9aliser sans l\u2019aide constante d\u2019educationsuisse \u00e0 qui nous exprimons toute notre gratitude. Nous avons ainsi pu acc\u00e9der \u00e0 une vie que nous ne connaissions pas. Et nous l'adorons !\u00bb<\/p>\n\n\n\n<div class=\"wp-block-buttons is-layout-flex wp-block-buttons-is-layout-flex\">\n<div class=\"wp-block-button\"><a class=\"wp-block-button__link wp-element-button\" href=\"https:\/\/educationsuisse.ch\/wp-content\/uploads\/2023\/11\/NEU_Broschuere_Erfahrungsberichte_2022.pdf\" target=\"_blank\" rel=\"noreferrer noopener\">Plus de t\u00e9moignages<\/a><\/div>\n<\/div>\n\n\n\n<p><\/p>","protected":false},"excerpt":{"rendered":"<p>L\u00e9a et Aline, Suissesses de l'\u00e9tranger, expliquent comment elles ont re\u00e7u une nouvelle vie en Suisse.<\/p>","protected":false},"featured_media":10689,"template":"","filter-aktuelles":[195],"class_list":["post-10688","aktuelles","type-aktuelles","status-publish","has-post-thumbnail","hentry","filter-aktuelles-ausbildung"],"acf":[],"_links":{"self":[{"href":"https:\/\/educationsuisse.ch\/fr\/wp-json\/wp\/v2\/aktuelles\/10688","targetHints":{"allow":["GET"]}}],"collection":[{"href":"https:\/\/educationsuisse.ch\/fr\/wp-json\/wp\/v2\/aktuelles"}],"about":[{"href":"https:\/\/educationsuisse.ch\/fr\/wp-json\/wp\/v2\/types\/aktuelles"}],"wp:featuredmedia":[{"embeddable":true,"href":"https:\/\/educationsuisse.ch\/fr\/wp-json\/wp\/v2\/media\/10689"}],"wp:attachment":[{"href":"https:\/\/educationsuisse.ch\/fr\/wp-json\/wp\/v2\/media?parent=10688"}],"wp:term":[{"taxonomy":"filter-aktuelles","embeddable":true,"href":"https:\/\/educationsuisse.ch\/fr\/wp-json\/wp\/v2\/filter-aktuelles?post=10688"}],"curies":[{"name":"wp","href":"https:\/\/api.w.org\/{rel}","templated":true}]}}