{"id":10414,"date":"2025-11-18T12:45:42","date_gmt":"2025-11-18T11:45:42","guid":{"rendered":"https:\/\/educationsuisse.ch\/?post_type=aktuelles&#038;p=10414"},"modified":"2026-02-11T16:40:26","modified_gmt":"2026-02-11T15:40:26","slug":"video-info-evenement-enseignants","status":"publish","type":"aktuelles","link":"https:\/\/educationsuisse.ch\/fr\/aktuelles\/video-info-event-lehrpersonen\/","title":{"rendered":"Vid\u00e9o de pr\u00e9sentation : S\u00e9ance d'information pour les enseignant\u00b7e\u00b7s et les directeur\u00b7trice\u00b7s d'\u00e9cole"},"content":{"rendered":"<p><strong>D\u00e9but novembre, educationsuisse a inform\u00e9 plus d'une centaine d'enseignants et de directeurs d'\u00e9cole de Suisse al\u00e9manique et de Suisse romande sur le r\u00e9seau unique des \u00e9coles suisses \u00e0 l'\u00e9tranger. Vous avez manqu\u00e9 l'\u00e9v\u00e9nement d'information ? Lisez des extraits et regardez la vid\u00e9o de l'Info-Event 2025 ici.<\/strong><\/p>\n\n\n\n<p>En tant qu'enseignant\u00b7e\u00b7s ou directeur\u00b7trice\u00b7s d'une \u00e9cole suisse, vous avez la possibilit\u00e9 de vous immerger dans une nouvelle culture, de nouer des amiti\u00e9s et de d\u00e9couvrir un terrain inconnu. Et de combiner tout cela avec le caract\u00e8re unique de la \"suissitude\".<\/p>\n\n\n\n<h2 class=\"wp-block-heading\">\u00c9coles suisses : le meilleur de deux mondes<\/h2>\n\n\n\n<p>Les \u00e9coles suisses \u00e0 l'\u00e9tranger sont \u00e9troitement li\u00e9es \u00e0 la Suisse et activement ancr\u00e9es dans le pays d'accueil. En voici quelques exemples :<\/p>\n\n\n\n<ul class=\"wp-block-list\">\n<li>Environ un quart du financement des \u00e9coles suisses est couvert par des subventions f\u00e9d\u00e9rales. Les \u00e9coles suisses sont reconnues par la Conf\u00e9d\u00e9ration et sont l\u00e9galement tenues d'\u00eatre d'utilit\u00e9 publique.<\/li>\n\n\n\n<li>Les \u00e9coles sont neutres sur le plan confessionnel et politique.<\/li>\n\n\n\n<li>Les enseignant\u00b7e\u00b7s titulaires d'un dipl\u00f4me reconnu par la CDIP et le plan d'\u00e9tude 21 constituent le c\u0153ur de chaque \u00e9cole et garantissent un enseignement de haute qualit\u00e9.<\/li>\n\n\n\n<li>Chaque \u00e9cole est g\u00e9r\u00e9e par un ou plusieurs cantons suisses, appel\u00e9s <a href=\"https:\/\/educationsuisse.ch\/fr\/ecoles-suisses-a-letranger\/cantons-de-patronage\/\" data-type=\"page\" data-id=\"6604\">Cantons de patronage<\/a>. Les \u00e9l\u00e8ves b\u00e9n\u00e9ficient d'un encadrement et d'un soutien p\u00e9dagogiques.<\/li>\n\n\n\n<li>Les \u00e9coles contribuent \u00e0 repr\u00e9senter la Suisse dans le monde et \u00e0 nouer des contacts pour la vie.<\/li>\n<\/ul>\n\n\n\n<p>Aux <a href=\"https:\/\/educationsuisse.ch\/fr\/ecoles\/\">17 \u00e9coles suisses \u00e0 l'\u00e9tranger<\/a> dans 10 pays et sur 3 continents, la \"suissitude\" est pr\u00e9sente de multiples fa\u00e7ons. En voici quelques exemples :<\/p>\n\n\n\n<ul class=\"wp-block-list\">\n<li>Les enseignant\u00b7e\u00b7s et les directeur\u00b7trice\u00b7s d'\u00e9cole avec <a href=\"https:\/\/www.edk.ch\/de\/themen\/diplomanerkennung\" target=\"_blank\" rel=\"noreferrer noopener\">Dipl\u00f4me reconnu par la CDIP<\/a> marquent les \u00e9coles et apportent la \"suissitude\" dans le quotidien scolaire.<\/li>\n\n\n\n<li>La <a href=\"https:\/\/educationsuisse.ch\/fr\/ecoles-suisses-a-letranger\/charte-des-ecoles-suisses-a-letranger\/\" data-type=\"page\" data-id=\"4246\">Charte des \u00e9coles suisses \u00e0 l'\u00e9tranger<\/a> refl\u00e8te des valeurs suisses centrales qui sont activement v\u00e9cues et transmises dans les \u00e9coles.<\/li>\n\n\n\n<li>Gr\u00e2ce \u00e0 la p\u00e9dagogie suisse, inspir\u00e9e de la philosophie \"t\u00eate, c\u0153ur, main\" de Pestalozzi, les \u00e9coles suisses favorisent non seulement le savoir, mais aussi les comp\u00e9tences sociales et le d\u00e9veloppement personnel des \u00e9l\u00e8ves.<\/li>\n\n\n\n<li>Par le biais de projets de formation suisses, comme par exemple <a href=\"https:\/\/www.fit-4-future.ch\/de\/home.html\" target=\"_blank\" rel=\"noopener\">Fit4Future<\/a> ou les <a href=\"https:\/\/www.education-et-economie.ch\/semaines-economiques.html\" target=\"_blank\" rel=\"noopener\">Semaines \u00e9conomiques <\/a>, des contenus actuels et pratiques sont introduits dans l'enseignement avec des normes de qualit\u00e9 suisses.<\/li>\n\n\n\n<li>Outre les comp\u00e9tences linguistiques, les \u00e9coles suisses accordent une grande importance \u00e0 la participation.<\/li>\n<\/ul>\n\n\n\n<p>Les \u00e9coles suisses sont fortement ancr\u00e9es dans leur pays d'accueil : environ 80 % des 8000 \u00e9l\u00e8ves viennent du pays d'accueil ou d'un autre pays ; le fonctionnement de l'\u00e9cole est assur\u00e9 en \u00e9troite collaboration avec les collaborateurs locaux.<\/p>\n\n\n\n<h2 class=\"wp-block-heading\">T\u00e9moignage d'une enseignante en vid\u00e9o<\/h2>\n\n\n\n<p>Qu'est-ce qui caract\u00e9rise davantage un <a href=\"https:\/\/educationsuisse.ch\/fr\/un-enseignant-suisse-a-letranger\/conditions-demploi-dans-les-ecoles-suisses\/\" data-type=\"page\" data-id=\"3441\">Emploi<\/a> dans une \u00e9cole suisse \u00e0 l'\u00e9tranger ? Est-ce l'aventure, le c\u00f4t\u00e9 familier \u00e0 l'\u00e9tranger, l'exp\u00e9rience dans son ensemble ?<\/p>\n\n\n\n<p>Vous trouverez des r\u00e9ponses possibles dans la vid\u00e9o de pr\u00e8s de 30 minutes, dans laquelle une enseignante suisse partage \u00e9galement sa pr\u00e9cieuse exp\u00e9rience avec vous. De plus, le processus de recrutement, les conditions d'emploi et le champ d'action d'educationsuisse, l'association fa\u00eeti\u00e8re des \u00e9coles suisses, sont clairement expliqu\u00e9s.<\/p>\n\n\n\n<iframe class=\"tlp_webp_lazyload_fix_de\" width=\"560\" height=\"315\" src=\"https:\/\/www.youtube.com\/embed\/jLiUhUAeGCs?si=zwgGZySOkR9-4dDY\" title=\"Lecteur vid\u00e9o YouTube\" frameborder=\"0\" allow=\"accelerometer; autoplay; clipboard-write; encrypted-media; gyroscope; picture-in-picture; web-share\" referrerpolicy=\"strict-origin-when-cross-origin\" allowfullscreen><\/iframe>\n\n\n\n<iframe class=\"tlp_webp_lazyload_fix_fr\" width=\"560\" height=\"315\" src=\"https:\/\/www.youtube.com\/embed\/38SeES0nKf0?si=AWv0sDqveDDhY-M8\" title=\"Lecteur vid\u00e9o YouTube\" frameborder=\"0\" allow=\"accelerometer; autoplay; clipboard-write; encrypted-media; gyroscope; picture-in-picture; web-share\" referrerpolicy=\"strict-origin-when-cross-origin\" allowfullscreen><\/iframe>\n\n\n\n<h2 class=\"wp-block-heading\">S\u00e9minaire d'information sur l'\u00e9v\u00e9nement 2026<\/h2>\n\n\n\n<p>Le prochain webinaire sur le th\u00e8me de l'engagement dans une \u00e9cole suisse \u00e0 l'\u00e9tranger aura lieu d\u00e9but novembre 2025 via Zoom. R\u00e9servez cette date :<\/p>\n\n\n\n<ul class=\"wp-block-list\">\n<li>Mercredi 4 novembre \u00e0 18 heures en&nbsp;<strong>allemand<\/strong><\/li>\n\n\n\n<li class=\"translation-block\">Jeudi 5 novembre \u00e0 18 heures en <strong>fran\u00e7ais<\/strong><\/li>\n<\/ul>\n\n\n\n<p><\/p>","protected":false},"excerpt":{"rendered":"<p>Vous avez manqu\u00e9 l'\u00e9v\u00e9nement d'information en direct ? Regardez la vid\u00e9o ici, y compris le t\u00e9moignage....<\/p>","protected":false},"featured_media":11220,"template":"","filter-aktuelles":[197,196],"class_list":["post-10414","aktuelles","type-aktuelles","status-publish","has-post-thumbnail","hentry","filter-aktuelles-educationsuisse","filter-aktuelles-events"],"acf":[],"_links":{"self":[{"href":"https:\/\/educationsuisse.ch\/fr\/wp-json\/wp\/v2\/aktuelles\/10414","targetHints":{"allow":["GET"]}}],"collection":[{"href":"https:\/\/educationsuisse.ch\/fr\/wp-json\/wp\/v2\/aktuelles"}],"about":[{"href":"https:\/\/educationsuisse.ch\/fr\/wp-json\/wp\/v2\/types\/aktuelles"}],"wp:featuredmedia":[{"embeddable":true,"href":"https:\/\/educationsuisse.ch\/fr\/wp-json\/wp\/v2\/media\/11220"}],"wp:attachment":[{"href":"https:\/\/educationsuisse.ch\/fr\/wp-json\/wp\/v2\/media?parent=10414"}],"wp:term":[{"taxonomy":"filter-aktuelles","embeddable":true,"href":"https:\/\/educationsuisse.ch\/fr\/wp-json\/wp\/v2\/filter-aktuelles?post=10414"}],"curies":[{"name":"wp","href":"https:\/\/api.w.org\/{rel}","templated":true}]}}