{"id":10255,"date":"2024-07-16T17:10:39","date_gmt":"2024-07-16T15:10:39","guid":{"rendered":"https:\/\/educationsuisse.ch\/?post_type=aktuelles&#038;p=10255"},"modified":"2025-03-03T11:56:43","modified_gmt":"2025-03-03T10:56:43","slug":"suisse-de-letranger-formation-militaire","status":"publish","type":"aktuelles","link":"https:\/\/educationsuisse.ch\/fr\/aktuelles\/auslandschweizer-ausbildung-militaer\/","title":{"rendered":"Fabio Reyes, Suisse de l'\u00e9tranger, parle de sa formation et de son service militaire en Suisse"},"content":{"rendered":"<p><strong>Le Suisse de l'\u00e9tranger Fabio Reyes a grandi au Mexique o\u00f9 il a fr\u00e9quent\u00e9 l'\u00e9cole suisse de Cuernavaca. A l'\u00e2ge de 20 ans, il a d\u00e9cid\u00e9 d'\"\u00e9migrer\" en Suisse. Il raconte ici son exp\u00e9rience pendant sa formation, \u00e0 l'arm\u00e9e et dans son travail actuel.<\/strong><\/p>\n\n\n\n<p>\"Au Mexique, en plus des \u00e9coles publiques, il existe de nombreuses \u00e9coles priv\u00e9es qui proposent g\u00e9n\u00e9ralement une offre \u00e9ducative meilleure et plus large. J'ai eu l'immense privil\u00e8ge de pouvoir aller \u00e0 l' <a href=\"https:\/\/educationsuisse.ch\/fr\/ecoles\/ecole-suisse-a-cuernavaca\/\" data-type=\"schulen\" data-id=\"1523\">\u00c9cole suisse \u00e0 Cuernavaca<\/a> qui est aussi devenue ma deuxi\u00e8me famille.<\/p>\n\n\n\n<p>Plusieurs raisons m'ont pouss\u00e9 \u00e0 m'installer en Suisse en 2015 : La s\u00e9curit\u00e9, le service militaire, la libert\u00e9 personnelle et financi\u00e8re, de bonnes possibilit\u00e9s de formation ... et mon premier amour. Au d\u00e9but, j'ai travaill\u00e9 au service client\u00e8le d'une soci\u00e9t\u00e9 de cartes de cr\u00e9dit, puis j'ai effectu\u00e9 mon service militaire pendant dix mois, selon le mod\u00e8le du service long. Ce furent des mois intenses, au cours desquels j'ai beaucoup appris, y compris sur moi-m\u00eame.<\/p>\n\n\n\n<h2 class=\"wp-block-heading\">Bourse d'\u00e9tudes avec l'aide d'educationsuisse<\/h2>\n\n\n\n<p>J'ai ensuite opt\u00e9 pour la formation \u00e9conomique post-maturit\u00e9 (PWA) de deux ans, qui s'adresse aux bachelier\u00b7\u00e8re\u00b7s ou aux \u00e9tudiant\u00b7e\u00b7s int\u00e9ress\u00e9\u00b7e\u00b7s par l'\u00e9conomie et qui cherchent \u00e0 entrer plus rapidement dans la pratique. <\/p>\n\n\n\n<p>Le programme, pendant lequel on re\u00e7oit \u00e9galement un salaire, se compose de l'\u00e9cole et d'un long stage dans une entreprise. Pour moi, la formation a \u00e9t\u00e9 tr\u00e8s instructive, mais je voulais encore approfondir mes connaissances linguistiques.<\/p>\n\n\n\n<figure class=\"wp-block-image size-large\"><img fetchpriority=\"high\" decoding=\"async\" width=\"1024\" height=\"576\" src=\"https:\/\/educationsuisse.ch\/wp-content\/uploads\/2024\/08\/Bild-Lauftext_1200x630-1024x576.jpeg\" alt=\"Fabio Reyes Suisses de l&#039;\u00e9tranger educationsuisse\" class=\"wp-image-10257\" srcset=\"https:\/\/educationsuisse.ch\/wp-content\/uploads\/2024\/08\/Bild-Lauftext_1200x630-1024x576.jpeg 1024w, https:\/\/educationsuisse.ch\/wp-content\/uploads\/2024\/08\/Bild-Lauftext_1200x630-300x169.jpeg 300w, https:\/\/educationsuisse.ch\/wp-content\/uploads\/2024\/08\/Bild-Lauftext_1200x630-768x432.jpeg 768w, https:\/\/educationsuisse.ch\/wp-content\/uploads\/2024\/08\/Bild-Lauftext_1200x630-18x10.jpeg 18w, https:\/\/educationsuisse.ch\/wp-content\/uploads\/2024\/08\/Bild-Lauftext_1200x630.jpeg 1280w\" sizes=\"(max-width: 1024px) 100vw, 1024px\" \/><figcaption class=\"wp-element-caption\">Le Suisse de l'\u00e9tranger Fabio Reyes s'approprie le meilleur des deux mondes : la Suisse et le Mexique.<\/figcaption><\/figure>\n\n\n\n<p>C'est ainsi que je me suis inscrit \u00e0 la Haute \u00e9cole des sciences appliqu\u00e9es de Zurich (ZHAW) pour suivre le cursus de bachelor en trois ans \"Langues appliqu\u00e9es\". J'ai trouv\u00e9 que le large \u00e9ventail de modules tels que la gestion de projets et d'\u00e9v\u00e9nements, le marketing, la recherche, la communication sur les m\u00e9dias sociaux, la comp\u00e9tence interculturelle, la r\u00e9daction ainsi que la connaissance du pays et de sa culture me permettrait d'acqu\u00e9rir des bases tr\u00e8s utiles et efficaces et m'ouvrirait ainsi de nombreuses portes pour mon futur parcours professionnel. <\/p>\n\n\n\n<p>Pour pouvoir me consacrer enti\u00e8rement \u00e0 mes \u00e9tudes, j'avais fait quelques \u00e9conomies et bien calcul\u00e9 mon budget. Et gr\u00e2ce \u00e0 la bourse de mon canton d'origine, Saint-Gall, et le soutien d'educationsuisse dans le processus de candidature, mon plan a plut\u00f4t bien fonctionn\u00e9. <\/p>\n\n\n\n<h2 class=\"wp-block-heading\">Le multilinguisme dans les \u00e9tudes<\/h2>\n\n\n\n<p>Comme je ne trouvais pas non plus un master qui me convienne, l'id\u00e9e d'une \"pause dans les \u00e9tudes\" et, plus g\u00e9n\u00e9ralement, d'un changement de perspective m'a s\u00e9duite. J'ai donc postul\u00e9 pour un stage de six mois dans le domaine de la gestion de projet et de la communication \u00e0 la direction de la justice du canton de Zurich. J'ai ensuite pu continuer \u00e0 y travailler en tant que collaborateur de projet dans le cadre d'un grand projet cantonal. <\/p>\n\n\n\n<p>Je trouve ce travail de projet tr\u00e8s passionnant et stimulant, et on apprend beaucoup de choses en peu de temps. Cependant, je dois avouer que le multilinguisme et l'aspect multiculturel de mes \u00e9tudes me manquent au quotidien. <\/p>\n\n\n\n<p>N\u00e9anmoins, je peux appliquer certaines choses que j'ai apprises pendant mes \u00e9tudes dans mon travail quotidien, comme mes connaissances en gestion de projets et d'\u00e9v\u00e9nements, ma compr\u00e9hension de la communication dans une entreprise ou l'application de mes comp\u00e9tences r\u00e9dactionnelles.<\/p>\n\n\n\n<h2 class=\"wp-block-heading\">La Suisse et le Mexique sont comme le yin et le yang<\/h2>\n\n\n\n<p>On me demande souvent si le Mexique ne me manque pas. Cela fait bient\u00f4t neuf ans que je vis en Suisse et je m'y plais. Je r\u00e9alise toujours \u00e0 quel point c'est un privil\u00e8ge de pouvoir faire une formation, travailler et construire sa vie en Suisse. <\/p>\n\n\n\n<p>Pourtant, d'autres choses me manquent, qui rendent la vie un peu plus color\u00e9e. Le temps ensoleill\u00e9, les d\u00e9lices culinaires, l'ouverture d'esprit chaleureuse, la s\u00e9r\u00e9nit\u00e9 et la spontan\u00e9it\u00e9 des gens, les traditions, le go\u00fbt de la f\u00eate, non seulement la vie mais aussi la mort, et parfois aussi la musique forte et les telenovelas passionn\u00e9es me manquent.<\/p>\n\n\n\n<p>Je pense que la Suisse et le Mexique sont comme le yin et le yang ; ce sont des p\u00f4les oppos\u00e9s qui se compl\u00e8tent \u00e0 merveille. Pour \u00eatre heureux et ne pas \u00eatre envahi par la nostalgie, ma strat\u00e9gie est de tirer le meilleur des deux mondes.\"<\/p>\n\n\n\n<div class=\"wp-block-buttons is-layout-flex wp-block-buttons-is-layout-flex\">\n<div class=\"wp-block-button\"><a class=\"wp-block-button__link wp-element-button\" href=\"https:\/\/educationsuisse.ch\/wp-content\/uploads\/2023\/11\/NEU_Broschuere_Erfahrungsberichte_2022.pdf\">Plus de t\u00e9moignages<\/a><\/div>\n<\/div>","protected":false},"excerpt":{"rendered":"<p>Comment educationsuisse a-t-il soutenu Fabio Reyes, Suisse de l'\u00e9tranger, dans sa demande de bourse ?<\/p>","protected":false},"featured_media":10270,"template":"","filter-aktuelles":[195],"class_list":["post-10255","aktuelles","type-aktuelles","status-publish","has-post-thumbnail","hentry","filter-aktuelles-ausbildung"],"acf":[],"_links":{"self":[{"href":"https:\/\/educationsuisse.ch\/fr\/wp-json\/wp\/v2\/aktuelles\/10255","targetHints":{"allow":["GET"]}}],"collection":[{"href":"https:\/\/educationsuisse.ch\/fr\/wp-json\/wp\/v2\/aktuelles"}],"about":[{"href":"https:\/\/educationsuisse.ch\/fr\/wp-json\/wp\/v2\/types\/aktuelles"}],"wp:featuredmedia":[{"embeddable":true,"href":"https:\/\/educationsuisse.ch\/fr\/wp-json\/wp\/v2\/media\/10270"}],"wp:attachment":[{"href":"https:\/\/educationsuisse.ch\/fr\/wp-json\/wp\/v2\/media?parent=10255"}],"wp:term":[{"taxonomy":"filter-aktuelles","embeddable":true,"href":"https:\/\/educationsuisse.ch\/fr\/wp-json\/wp\/v2\/filter-aktuelles?post=10255"}],"curies":[{"name":"wp","href":"https:\/\/api.w.org\/{rel}","templated":true}]}}