{"id":4068,"date":"2023-04-03T12:39:34","date_gmt":"2023-04-03T10:39:34","guid":{"rendered":"https:\/\/edu-staging.millywilly.website\/?post_type=aktuelles&#038;p=4068"},"modified":"2023-11-29T21:05:00","modified_gmt":"2023-11-29T20:05:00","slug":"schweizerschule-catania-charta-workshop","status":"publish","type":"aktuelles","link":"https:\/\/educationsuisse.ch\/de\/aktuelles\/schweizerschule-catania-charta-workshop\/","title":{"rendered":"Schweizerschule Catania: Charta-Workshop"},"content":{"rendered":"\n<p><strong>Wie deuten Primarsch\u00fcler:innen den Begriff Zusammenleben? Was verstehen Sekundarsch\u00fcler:innen unter Werten wie Toleranz, Respekt und Offenheit? Und wie gelingt ein stufen\u00fcbergreifender Austausch \u00fcber diese zentralen Elemente der Charta der Schweizerschulen im Ausland?<\/strong> <\/p>\n\n\n\n<p>Mit der Gestaltung eines gemeinsamen Kunstwerks. Wie zum Beispiel jenem der Schweizerschule Catania. Daran beteiligten sich rund 80 Sch\u00fcler:innen, Lehrpersonen und Mitglieder des Schulvorstands. <\/p>\n\n\n\n<figure class=\"wp-block-image size-large\"><img fetchpriority=\"high\" decoding=\"async\" width=\"1024\" height=\"768\" src=\"https:\/\/educationsuisse.ch\/wp-content\/uploads\/2023\/10\/Charta-WS-Catania1-1024x768.jpg\" alt=\"Schweizerschule Catania - Scuola Svizzera Catania - Charta-Workshop\" class=\"wp-image-4066\" style=\"aspect-ratio:16\/9;object-fit:cover\" srcset=\"https:\/\/educationsuisse.ch\/wp-content\/uploads\/2023\/10\/Charta-WS-Catania1-1024x768.jpg 1024w, https:\/\/educationsuisse.ch\/wp-content\/uploads\/2023\/10\/Charta-WS-Catania1-300x225.jpg 300w, https:\/\/educationsuisse.ch\/wp-content\/uploads\/2023\/10\/Charta-WS-Catania1-768x576.jpg 768w, https:\/\/educationsuisse.ch\/wp-content\/uploads\/2023\/10\/Charta-WS-Catania1-1536x1152.jpg 1536w, https:\/\/educationsuisse.ch\/wp-content\/uploads\/2023\/10\/Charta-WS-Catania1-2048x1536.jpg 2048w, https:\/\/educationsuisse.ch\/wp-content\/uploads\/2023\/10\/Charta-WS-Catania1-16x12.jpg 16w\" sizes=\"(max-width: 1024px) 100vw, 1024px\" \/><figcaption class=\"wp-element-caption\">Schweizerschule Catania &#8211; Scuola Svizzera Catania &#8211; Charta-Workshop<\/figcaption><\/figure>\n\n\n\n<p>In sechs Kreativworkshops, verteilt \u00fcber zwei Tage setzten sie sich mit Symbolen und deren Bedeutung sowie den Inhalten der Charta  gestalterisch auseinander.<\/p>\n\n\n\n<h2 class=\"wp-block-heading\">Charta der Schweizerschulen im Ausland<\/h2>\n\n\n\n<p>Angeregt von\u202fBruno Boll, Grafiker und Kreativgestalter, und\u202fBarbara Sulzer Smith, Gesch\u00e4ftsf\u00fchrerin von educationsuisse, malten, zeichneten und klebten die Beteiligten ihr Verst\u00e4ndnis auf Steckkarten. <\/p>\n\n\n\n<p>So entstand in Etappen ein themen\u00fcbergreifendes Kunstwerk, das die Charta der Schweizerschulen im Ausland f\u00fcr alle Personen der <a href=\"https:\/\/educationsuisse.ch\/schulen\/schweizerschule-in-catania\/\">Schulgemeinschaft in Catania<\/a> fassbar macht.<\/p>\n\n\n\n<p><\/p>\n\n\n\n<div class=\"wp-block-buttons is-layout-flex wp-block-buttons-is-layout-flex\">\n<div class=\"wp-block-button\"><a class=\"wp-block-button__link wp-element-button\" href=\"https:\/\/educationsuisse.ch\/charta\/\">Zur Charta<\/a><\/div>\n<\/div>\n","protected":false},"excerpt":{"rendered":"<p>Wie deuten Primarsch\u00fcler:innen den Begriff Zusammenleben? Und was ist eigentlich eine Charta?<\/p>\n","protected":false},"featured_media":4065,"template":"","filter-aktuelles":[197,193],"class_list":["post-4068","aktuelles","type-aktuelles","status-publish","has-post-thumbnail","hentry","filter-aktuelles-educationsuisse","filter-aktuelles-schulen"],"acf":[],"_links":{"self":[{"href":"https:\/\/educationsuisse.ch\/de\/wp-json\/wp\/v2\/aktuelles\/4068","targetHints":{"allow":["GET"]}}],"collection":[{"href":"https:\/\/educationsuisse.ch\/de\/wp-json\/wp\/v2\/aktuelles"}],"about":[{"href":"https:\/\/educationsuisse.ch\/de\/wp-json\/wp\/v2\/types\/aktuelles"}],"wp:featuredmedia":[{"embeddable":true,"href":"https:\/\/educationsuisse.ch\/de\/wp-json\/wp\/v2\/media\/4065"}],"wp:attachment":[{"href":"https:\/\/educationsuisse.ch\/de\/wp-json\/wp\/v2\/media?parent=4068"}],"wp:term":[{"taxonomy":"filter-aktuelles","embeddable":true,"href":"https:\/\/educationsuisse.ch\/de\/wp-json\/wp\/v2\/filter-aktuelles?post=4068"}],"curies":[{"name":"wp","href":"https:\/\/api.w.org\/{rel}","templated":true}]}}